{"id":698,"date":"2021-12-08T13:02:59","date_gmt":"2021-12-08T13:02:59","guid":{"rendered":"https:\/\/sevillanism.es\/?page_id=698"},"modified":"2021-12-23T09:44:56","modified_gmt":"2021-12-23T09:44:56","slug":"laminas","status":"publish","type":"page","link":"https:\/\/sevillanism.es\/index.php\/laminas\/","title":{"rendered":"L\u00e1minas"},"content":{"rendered":"\n<p class=\"has-text-align-center\">Tienda online no disponible. Mientras tanto, tienes el muestrario de cada producto y puedes hacer tu pedido a trav\u00e9s de&nbsp;<a href=\"http:\/\/sevillanism.es\/index.php\/contacto\/\" target=\"_blank\" rel=\"noreferrer noopener\">Contacto<\/a>, mediante un&nbsp;<a rel=\"noreferrer noopener\" href=\"https:\/\/www.instagram.com\/direct\/t\/340282366841710300949128127328088305723?hl=es\" target=\"_blank\">MD<\/a>&nbsp;en&nbsp;<a rel=\"noreferrer noopener\" href=\"https:\/\/www.instagram.com\/kurkonirvanism\/?hl=es\" target=\"_blank\">Instagram<\/a>&nbsp;o un&nbsp;<a rel=\"noreferrer noopener\" href=\"https:\/\/www.facebook.com\/messages\/t\/kurko.nirvanism\" target=\"_blank\">mensaje<\/a>&nbsp;por&nbsp;<a rel=\"noreferrer noopener\" href=\"https:\/\/www.facebook.com\/kurko.nirvanism\" target=\"_blank\">Facebook<\/a>. <\/p>\n\n\n\n<hr class=\"wp-block-separator is-style-dots\"\/>\n\n\n        <div class=\"wp-block-visual-portfolio\">\n            \n<div class=\"vp-portfolio vp-uid-69a6a20c vp-id-2290fS\"\n    data-vp-layout=\"masonry\" data-vp-items-style=\"fade\" data-vp-items-click-action=\"popup_gallery\" data-vp-items-gap=\"15\" data-vp-items-gap-vertical=\"15\" data-vp-pagination=\"load-more\" data-vp-next-page-url=\"\" data-vp-masonry-columns=\"2\" >\n    <div class=\"vp-portfolio__preloader-wrap\">\n        <div class=\"vp-portfolio__preloader\">\n            <img loading=\"eager\" src=\"https:\/\/sevillanism.es\/wp-content\/plugins\/visual-portfolio\/assets\/images\/logo-dark.svg\" alt=\"Visual Portfolio, Posts &amp; Image Gallery for WordPress\" width=\"20\" height=\"20\" data-skip-lazy>\n        <\/div>\n    <\/div>\n        <div class=\"vp-portfolio__items-wrap\">\n            \n<div class=\"vp-portfolio__items vp-portfolio__items-style-fade vp-portfolio__items-show-overlay-hover\">\n\n        <div class=\"vp-portfolio__item-wrap vp-portfolio__item-uid-bad42ab2\" data-vp-filter=\"\">\n                        <div class=\"vp-portfolio__item-popup\"\n                style=\"display: none;\"\n                data-vp-popup-img=\"https:\/\/sevillanism.es\/wp-content\/uploads\/2021\/12\/informacion_laminas_fotografo_arquitectura_sevilla-1000x1000.jpg\"\n                data-vp-popup-img-srcset=\"https:\/\/sevillanism.es\/wp-content\/uploads\/2021\/12\/informacion_laminas_fotografo_arquitectura_sevilla-1000x1000.jpg 1000w, https:\/\/sevillanism.es\/wp-content\/uploads\/2021\/12\/informacion_laminas_fotografo_arquitectura_sevilla-300x300.jpg 300w, https:\/\/sevillanism.es\/wp-content\/uploads\/2021\/12\/informacion_laminas_fotografo_arquitectura_sevilla-1024x1024.jpg 1024w, https:\/\/sevillanism.es\/wp-content\/uploads\/2021\/12\/informacion_laminas_fotografo_arquitectura_sevilla-150x150.jpg 150w, https:\/\/sevillanism.es\/wp-content\/uploads\/2021\/12\/informacion_laminas_fotografo_arquitectura_sevilla-768x768.jpg 768w, https:\/\/sevillanism.es\/wp-content\/uploads\/2021\/12\/informacion_laminas_fotografo_arquitectura_sevilla-1536x1536.jpg 1536w, https:\/\/sevillanism.es\/wp-content\/uploads\/2021\/12\/informacion_laminas_fotografo_arquitectura_sevilla-500x500.jpg 500w, https:\/\/sevillanism.es\/wp-content\/uploads\/2021\/12\/informacion_laminas_fotografo_arquitectura_sevilla-800x800.jpg 800w, https:\/\/sevillanism.es\/wp-content\/uploads\/2021\/12\/informacion_laminas_fotografo_arquitectura_sevilla-1280x1280.jpg 1280w, https:\/\/sevillanism.es\/wp-content\/uploads\/2021\/12\/informacion_laminas_fotografo_arquitectura_sevilla-1920x1920.jpg 1920w, https:\/\/sevillanism.es\/wp-content\/uploads\/2021\/12\/informacion_laminas_fotografo_arquitectura_sevilla-100x100.jpg 100w, https:\/\/sevillanism.es\/wp-content\/uploads\/2021\/12\/informacion_laminas_fotografo_arquitectura_sevilla-250x250.jpg 250w, https:\/\/sevillanism.es\/wp-content\/uploads\/2021\/12\/informacion_laminas_fotografo_arquitectura_sevilla-350x350.jpg 350w, https:\/\/sevillanism.es\/wp-content\/uploads\/2021\/12\/informacion_laminas_fotografo_arquitectura_sevilla.jpg 1941w\"\n                data-vp-popup-img-size=\"1000x1000\"\n                data-vp-popup-md-img=\"https:\/\/sevillanism.es\/wp-content\/uploads\/2021\/12\/informacion_laminas_fotografo_arquitectura_sevilla-800x800.jpg\"\n                data-vp-popup-md-img-size=\"800x800\"\n                data-vp-popup-sm-img=\"https:\/\/sevillanism.es\/wp-content\/uploads\/2021\/12\/informacion_laminas_fotografo_arquitectura_sevilla-500x500.jpg\"\n                data-vp-popup-sm-img-size=\"500x500\"\n            >\n                                    <h3 class=\"vp-portfolio__item-popup-title\">Informaci\u00f3n y descripci\u00f3n l\u00e1minas. Sevilla<\/h3>\n                                        <div class=\"vp-portfolio__item-popup-description\">Informaci\u00f3n y descripci\u00f3n l\u00e1minas_Sevilla<\/div>\n                                <\/div>\n                                    <figure class=\"vp-portfolio__item\">\n                \n<div class=\"vp-portfolio__item-img-wrap\">\n    <div class=\"vp-portfolio__item-img\">\n        <a  href=\"https:\/\/sevillanism.es\/wp-content\/uploads\/2021\/12\/informacion_laminas_fotografo_arquitectura_sevilla-1000x1000.jpg\" >\n        <img width=\"1920\" height=\"1920\" src=\"https:\/\/sevillanism.es\/wp-content\/uploads\/2021\/12\/informacion_laminas_fotografo_arquitectura_sevilla-1920x1920.jpg\" class=\"wp-image-1010\" alt=\"informacion_laminas_fotografo_arquitectura_sevilla\" loading=\"lazy\" srcset=\"https:\/\/sevillanism.es\/wp-content\/uploads\/2021\/12\/informacion_laminas_fotografo_arquitectura_sevilla-1920x1920.jpg 1920w, https:\/\/sevillanism.es\/wp-content\/uploads\/2021\/12\/informacion_laminas_fotografo_arquitectura_sevilla-300x300.jpg 300w, https:\/\/sevillanism.es\/wp-content\/uploads\/2021\/12\/informacion_laminas_fotografo_arquitectura_sevilla-1024x1024.jpg 1024w, https:\/\/sevillanism.es\/wp-content\/uploads\/2021\/12\/informacion_laminas_fotografo_arquitectura_sevilla-150x150.jpg 150w, https:\/\/sevillanism.es\/wp-content\/uploads\/2021\/12\/informacion_laminas_fotografo_arquitectura_sevilla-768x768.jpg 768w, https:\/\/sevillanism.es\/wp-content\/uploads\/2021\/12\/informacion_laminas_fotografo_arquitectura_sevilla-1536x1536.jpg 1536w, https:\/\/sevillanism.es\/wp-content\/uploads\/2021\/12\/informacion_laminas_fotografo_arquitectura_sevilla-500x500.jpg 500w, https:\/\/sevillanism.es\/wp-content\/uploads\/2021\/12\/informacion_laminas_fotografo_arquitectura_sevilla-800x800.jpg 800w, https:\/\/sevillanism.es\/wp-content\/uploads\/2021\/12\/informacion_laminas_fotografo_arquitectura_sevilla-1280x1280.jpg 1280w, https:\/\/sevillanism.es\/wp-content\/uploads\/2021\/12\/informacion_laminas_fotografo_arquitectura_sevilla-1000x1000.jpg 1000w, https:\/\/sevillanism.es\/wp-content\/uploads\/2021\/12\/informacion_laminas_fotografo_arquitectura_sevilla-100x100.jpg 100w, https:\/\/sevillanism.es\/wp-content\/uploads\/2021\/12\/informacion_laminas_fotografo_arquitectura_sevilla-250x250.jpg 250w, https:\/\/sevillanism.es\/wp-content\/uploads\/2021\/12\/informacion_laminas_fotografo_arquitectura_sevilla-350x350.jpg 350w, https:\/\/sevillanism.es\/wp-content\/uploads\/2021\/12\/informacion_laminas_fotografo_arquitectura_sevilla.jpg 1941w\" sizes=\"100vw\" \/>\n        <\/a>    <\/div>\n<\/div>\n\n<figcaption class=\"vp-portfolio__item-overlay vp-portfolio__item-align-center\">\n    <div class=\"vp-portfolio__item-meta-wrap vp-portfolio__custom-scrollbar\">\n        <a  href=\"https:\/\/sevillanism.es\/wp-content\/uploads\/2021\/12\/informacion_laminas_fotografo_arquitectura_sevilla-1000x1000.jpg\" tabindex=\"-1\" class=\"vp-portfolio__item-meta\" >\n        \n<h2 class=\"vp-portfolio__item-meta-title\">\n    Informaci\u00f3n y descripci\u00f3n l\u00e1minas. Sevilla<\/h2>\n\n        <\/a>    <\/div>\n<\/figcaption>\n            <\/figure>\n                    <\/div>\n        \n        <div class=\"vp-portfolio__item-wrap vp-portfolio__item-uid-99c2f65a\" data-vp-filter=\"\">\n                        <div class=\"vp-portfolio__item-popup\"\n                style=\"display: none;\"\n                data-vp-popup-img=\"https:\/\/sevillanism.es\/wp-content\/uploads\/2021\/12\/giraldillo_laminas_fotografo_arquitectura_sevilla.jpg\"\n                data-vp-popup-img-srcset=\"https:\/\/sevillanism.es\/wp-content\/uploads\/2021\/12\/giraldillo_laminas_fotografo_arquitectura_sevilla.jpg 1000w, https:\/\/sevillanism.es\/wp-content\/uploads\/2021\/12\/giraldillo_laminas_fotografo_arquitectura_sevilla-300x287.jpg 300w, https:\/\/sevillanism.es\/wp-content\/uploads\/2021\/12\/giraldillo_laminas_fotografo_arquitectura_sevilla-768x735.jpg 768w, https:\/\/sevillanism.es\/wp-content\/uploads\/2021\/12\/giraldillo_laminas_fotografo_arquitectura_sevilla-500x479.jpg 500w, https:\/\/sevillanism.es\/wp-content\/uploads\/2021\/12\/giraldillo_laminas_fotografo_arquitectura_sevilla-800x766.jpg 800w, https:\/\/sevillanism.es\/wp-content\/uploads\/2021\/12\/giraldillo_laminas_fotografo_arquitectura_sevilla-350x335.jpg 350w\"\n                data-vp-popup-img-size=\"1000x957\"\n                data-vp-popup-md-img=\"https:\/\/sevillanism.es\/wp-content\/uploads\/2021\/12\/giraldillo_laminas_fotografo_arquitectura_sevilla-800x766.jpg\"\n                data-vp-popup-md-img-size=\"800x766\"\n                data-vp-popup-sm-img=\"https:\/\/sevillanism.es\/wp-content\/uploads\/2021\/12\/giraldillo_laminas_fotografo_arquitectura_sevilla-500x479.jpg\"\n                data-vp-popup-sm-img-size=\"500x479\"\n            >\n                                    <h3 class=\"vp-portfolio__item-popup-title\">Giraldillo. Sevilla<\/h3>\n                                        <div class=\"vp-portfolio__item-popup-description\">Giraldillo_Sevilla<\/div>\n                                <\/div>\n                                    <figure class=\"vp-portfolio__item\">\n                \n<div class=\"vp-portfolio__item-img-wrap\">\n    <div class=\"vp-portfolio__item-img\">\n        <a  href=\"https:\/\/sevillanism.es\/wp-content\/uploads\/2021\/12\/giraldillo_laminas_fotografo_arquitectura_sevilla.jpg\" >\n        <img width=\"1000\" height=\"957\" src=\"https:\/\/sevillanism.es\/wp-content\/uploads\/2021\/12\/giraldillo_laminas_fotografo_arquitectura_sevilla.jpg\" class=\"wp-image-1004\" alt=\"giraldillo_laminas_fotografo_arquitectura_sevilla\" loading=\"lazy\" srcset=\"https:\/\/sevillanism.es\/wp-content\/uploads\/2021\/12\/giraldillo_laminas_fotografo_arquitectura_sevilla.jpg 1000w, https:\/\/sevillanism.es\/wp-content\/uploads\/2021\/12\/giraldillo_laminas_fotografo_arquitectura_sevilla-300x287.jpg 300w, https:\/\/sevillanism.es\/wp-content\/uploads\/2021\/12\/giraldillo_laminas_fotografo_arquitectura_sevilla-768x735.jpg 768w, https:\/\/sevillanism.es\/wp-content\/uploads\/2021\/12\/giraldillo_laminas_fotografo_arquitectura_sevilla-500x479.jpg 500w, https:\/\/sevillanism.es\/wp-content\/uploads\/2021\/12\/giraldillo_laminas_fotografo_arquitectura_sevilla-800x766.jpg 800w, https:\/\/sevillanism.es\/wp-content\/uploads\/2021\/12\/giraldillo_laminas_fotografo_arquitectura_sevilla-350x335.jpg 350w\" sizes=\"100vw\" \/>\n        <\/a>    <\/div>\n<\/div>\n\n<figcaption class=\"vp-portfolio__item-overlay vp-portfolio__item-align-center\">\n    <div class=\"vp-portfolio__item-meta-wrap vp-portfolio__custom-scrollbar\">\n        <a  href=\"https:\/\/sevillanism.es\/wp-content\/uploads\/2021\/12\/giraldillo_laminas_fotografo_arquitectura_sevilla.jpg\" tabindex=\"-1\" class=\"vp-portfolio__item-meta\" >\n        \n<h2 class=\"vp-portfolio__item-meta-title\">\n    Giraldillo. Sevilla<\/h2>\n\n        <\/a>    <\/div>\n<\/figcaption>\n            <\/figure>\n                    <\/div>\n        \n        <div class=\"vp-portfolio__item-wrap vp-portfolio__item-uid-a965bc1c\" data-vp-filter=\"\">\n                        <div class=\"vp-portfolio__item-popup\"\n                style=\"display: none;\"\n                data-vp-popup-img=\"https:\/\/sevillanism.es\/wp-content\/uploads\/2021\/12\/giralda_reflejo_laminas_fotografo_arquitectura_sevilla.jpg\"\n                data-vp-popup-img-srcset=\"https:\/\/sevillanism.es\/wp-content\/uploads\/2021\/12\/giralda_reflejo_laminas_fotografo_arquitectura_sevilla.jpg 1000w, https:\/\/sevillanism.es\/wp-content\/uploads\/2021\/12\/giralda_reflejo_laminas_fotografo_arquitectura_sevilla-300x287.jpg 300w, https:\/\/sevillanism.es\/wp-content\/uploads\/2021\/12\/giralda_reflejo_laminas_fotografo_arquitectura_sevilla-768x735.jpg 768w, https:\/\/sevillanism.es\/wp-content\/uploads\/2021\/12\/giralda_reflejo_laminas_fotografo_arquitectura_sevilla-500x479.jpg 500w, https:\/\/sevillanism.es\/wp-content\/uploads\/2021\/12\/giralda_reflejo_laminas_fotografo_arquitectura_sevilla-800x766.jpg 800w, https:\/\/sevillanism.es\/wp-content\/uploads\/2021\/12\/giralda_reflejo_laminas_fotografo_arquitectura_sevilla-350x335.jpg 350w\"\n                data-vp-popup-img-size=\"1000x957\"\n                data-vp-popup-md-img=\"https:\/\/sevillanism.es\/wp-content\/uploads\/2021\/12\/giralda_reflejo_laminas_fotografo_arquitectura_sevilla-800x766.jpg\"\n                data-vp-popup-md-img-size=\"800x766\"\n                data-vp-popup-sm-img=\"https:\/\/sevillanism.es\/wp-content\/uploads\/2021\/12\/giralda_reflejo_laminas_fotografo_arquitectura_sevilla-500x479.jpg\"\n                data-vp-popup-sm-img-size=\"500x479\"\n            >\n                                    <h3 class=\"vp-portfolio__item-popup-title\">Giralda reflejo. Sevilla<\/h3>\n                                        <div class=\"vp-portfolio__item-popup-description\">Giralda reflejo_Sevilla<\/div>\n                                <\/div>\n                                    <figure class=\"vp-portfolio__item\">\n                \n<div class=\"vp-portfolio__item-img-wrap\">\n    <div class=\"vp-portfolio__item-img\">\n        <a  href=\"https:\/\/sevillanism.es\/wp-content\/uploads\/2021\/12\/giralda_reflejo_laminas_fotografo_arquitectura_sevilla.jpg\" >\n        <img width=\"1000\" height=\"957\" src=\"https:\/\/sevillanism.es\/wp-content\/uploads\/2021\/12\/giralda_reflejo_laminas_fotografo_arquitectura_sevilla.jpg\" class=\"wp-image-1005\" alt=\"giralda_reflejo_laminas_fotografo_arquitectura_sevilla\" loading=\"lazy\" srcset=\"https:\/\/sevillanism.es\/wp-content\/uploads\/2021\/12\/giralda_reflejo_laminas_fotografo_arquitectura_sevilla.jpg 1000w, https:\/\/sevillanism.es\/wp-content\/uploads\/2021\/12\/giralda_reflejo_laminas_fotografo_arquitectura_sevilla-300x287.jpg 300w, https:\/\/sevillanism.es\/wp-content\/uploads\/2021\/12\/giralda_reflejo_laminas_fotografo_arquitectura_sevilla-768x735.jpg 768w, https:\/\/sevillanism.es\/wp-content\/uploads\/2021\/12\/giralda_reflejo_laminas_fotografo_arquitectura_sevilla-500x479.jpg 500w, https:\/\/sevillanism.es\/wp-content\/uploads\/2021\/12\/giralda_reflejo_laminas_fotografo_arquitectura_sevilla-800x766.jpg 800w, https:\/\/sevillanism.es\/wp-content\/uploads\/2021\/12\/giralda_reflejo_laminas_fotografo_arquitectura_sevilla-350x335.jpg 350w\" sizes=\"100vw\" \/>\n        <\/a>    <\/div>\n<\/div>\n\n<figcaption class=\"vp-portfolio__item-overlay vp-portfolio__item-align-center\">\n    <div class=\"vp-portfolio__item-meta-wrap vp-portfolio__custom-scrollbar\">\n        <a  href=\"https:\/\/sevillanism.es\/wp-content\/uploads\/2021\/12\/giralda_reflejo_laminas_fotografo_arquitectura_sevilla.jpg\" tabindex=\"-1\" class=\"vp-portfolio__item-meta\" >\n        \n<h2 class=\"vp-portfolio__item-meta-title\">\n    Giralda reflejo. Sevilla<\/h2>\n\n        <\/a>    <\/div>\n<\/figcaption>\n            <\/figure>\n                    <\/div>\n        \n        <div class=\"vp-portfolio__item-wrap vp-portfolio__item-uid-b6787672\" data-vp-filter=\"\">\n                        <div class=\"vp-portfolio__item-popup\"\n                style=\"display: none;\"\n                data-vp-popup-img=\"https:\/\/sevillanism.es\/wp-content\/uploads\/2021\/12\/flores_giralda_laminas_fotografo_arquitectura_sevilla.jpg\"\n                data-vp-popup-img-srcset=\"https:\/\/sevillanism.es\/wp-content\/uploads\/2021\/12\/flores_giralda_laminas_fotografo_arquitectura_sevilla.jpg 1000w, https:\/\/sevillanism.es\/wp-content\/uploads\/2021\/12\/flores_giralda_laminas_fotografo_arquitectura_sevilla-300x287.jpg 300w, https:\/\/sevillanism.es\/wp-content\/uploads\/2021\/12\/flores_giralda_laminas_fotografo_arquitectura_sevilla-768x735.jpg 768w, https:\/\/sevillanism.es\/wp-content\/uploads\/2021\/12\/flores_giralda_laminas_fotografo_arquitectura_sevilla-500x479.jpg 500w, https:\/\/sevillanism.es\/wp-content\/uploads\/2021\/12\/flores_giralda_laminas_fotografo_arquitectura_sevilla-800x766.jpg 800w, https:\/\/sevillanism.es\/wp-content\/uploads\/2021\/12\/flores_giralda_laminas_fotografo_arquitectura_sevilla-350x335.jpg 350w\"\n                data-vp-popup-img-size=\"1000x957\"\n                data-vp-popup-md-img=\"https:\/\/sevillanism.es\/wp-content\/uploads\/2021\/12\/flores_giralda_laminas_fotografo_arquitectura_sevilla-800x766.jpg\"\n                data-vp-popup-md-img-size=\"800x766\"\n                data-vp-popup-sm-img=\"https:\/\/sevillanism.es\/wp-content\/uploads\/2021\/12\/flores_giralda_laminas_fotografo_arquitectura_sevilla-500x479.jpg\"\n                data-vp-popup-sm-img-size=\"500x479\"\n            >\n                                    <h3 class=\"vp-portfolio__item-popup-title\">Flores y Giralda. Sevilla<\/h3>\n                                        <div class=\"vp-portfolio__item-popup-description\">Flores y Giralda_Sevilla<\/div>\n                                <\/div>\n                                    <figure class=\"vp-portfolio__item\">\n                \n<div class=\"vp-portfolio__item-img-wrap\">\n    <div class=\"vp-portfolio__item-img\">\n        <a  href=\"https:\/\/sevillanism.es\/wp-content\/uploads\/2021\/12\/flores_giralda_laminas_fotografo_arquitectura_sevilla.jpg\" >\n        <img width=\"1000\" height=\"957\" src=\"https:\/\/sevillanism.es\/wp-content\/uploads\/2021\/12\/flores_giralda_laminas_fotografo_arquitectura_sevilla.jpg\" class=\"wp-image-994\" alt=\"flores_giralda_laminas_fotografo_arquitectura_sevilla\" loading=\"lazy\" srcset=\"https:\/\/sevillanism.es\/wp-content\/uploads\/2021\/12\/flores_giralda_laminas_fotografo_arquitectura_sevilla.jpg 1000w, https:\/\/sevillanism.es\/wp-content\/uploads\/2021\/12\/flores_giralda_laminas_fotografo_arquitectura_sevilla-300x287.jpg 300w, https:\/\/sevillanism.es\/wp-content\/uploads\/2021\/12\/flores_giralda_laminas_fotografo_arquitectura_sevilla-768x735.jpg 768w, https:\/\/sevillanism.es\/wp-content\/uploads\/2021\/12\/flores_giralda_laminas_fotografo_arquitectura_sevilla-500x479.jpg 500w, https:\/\/sevillanism.es\/wp-content\/uploads\/2021\/12\/flores_giralda_laminas_fotografo_arquitectura_sevilla-800x766.jpg 800w, https:\/\/sevillanism.es\/wp-content\/uploads\/2021\/12\/flores_giralda_laminas_fotografo_arquitectura_sevilla-350x335.jpg 350w\" sizes=\"100vw\" \/>\n        <\/a>    <\/div>\n<\/div>\n\n<figcaption class=\"vp-portfolio__item-overlay vp-portfolio__item-align-center\">\n    <div class=\"vp-portfolio__item-meta-wrap vp-portfolio__custom-scrollbar\">\n        <a  href=\"https:\/\/sevillanism.es\/wp-content\/uploads\/2021\/12\/flores_giralda_laminas_fotografo_arquitectura_sevilla.jpg\" tabindex=\"-1\" class=\"vp-portfolio__item-meta\" >\n        \n<h2 class=\"vp-portfolio__item-meta-title\">\n    Flores y Giralda. Sevilla<\/h2>\n\n        <\/a>    <\/div>\n<\/figcaption>\n            <\/figure>\n                    <\/div>\n        \n        <div class=\"vp-portfolio__item-wrap vp-portfolio__item-uid-c5a12fe7\" data-vp-filter=\"\">\n                        <div class=\"vp-portfolio__item-popup\"\n                style=\"display: none;\"\n                data-vp-popup-img=\"https:\/\/sevillanism.es\/wp-content\/uploads\/2021\/12\/patos_puente_triana_laminas_fotografo_arquitectura_sevilla.jpg\"\n                data-vp-popup-img-srcset=\"https:\/\/sevillanism.es\/wp-content\/uploads\/2021\/12\/patos_puente_triana_laminas_fotografo_arquitectura_sevilla.jpg 1000w, https:\/\/sevillanism.es\/wp-content\/uploads\/2021\/12\/patos_puente_triana_laminas_fotografo_arquitectura_sevilla-300x287.jpg 300w, https:\/\/sevillanism.es\/wp-content\/uploads\/2021\/12\/patos_puente_triana_laminas_fotografo_arquitectura_sevilla-768x735.jpg 768w, https:\/\/sevillanism.es\/wp-content\/uploads\/2021\/12\/patos_puente_triana_laminas_fotografo_arquitectura_sevilla-500x479.jpg 500w, https:\/\/sevillanism.es\/wp-content\/uploads\/2021\/12\/patos_puente_triana_laminas_fotografo_arquitectura_sevilla-800x766.jpg 800w, https:\/\/sevillanism.es\/wp-content\/uploads\/2021\/12\/patos_puente_triana_laminas_fotografo_arquitectura_sevilla-350x335.jpg 350w\"\n                data-vp-popup-img-size=\"1000x957\"\n                data-vp-popup-md-img=\"https:\/\/sevillanism.es\/wp-content\/uploads\/2021\/12\/patos_puente_triana_laminas_fotografo_arquitectura_sevilla-800x766.jpg\"\n                data-vp-popup-md-img-size=\"800x766\"\n                data-vp-popup-sm-img=\"https:\/\/sevillanism.es\/wp-content\/uploads\/2021\/12\/patos_puente_triana_laminas_fotografo_arquitectura_sevilla-500x479.jpg\"\n                data-vp-popup-sm-img-size=\"500x479\"\n            >\n                                    <h3 class=\"vp-portfolio__item-popup-title\">Patos. Sevilla<\/h3>\n                                        <div class=\"vp-portfolio__item-popup-description\">Patos bajo el puente de Triana_Sevilla<\/div>\n                                <\/div>\n                                    <figure class=\"vp-portfolio__item\">\n                \n<div class=\"vp-portfolio__item-img-wrap\">\n    <div class=\"vp-portfolio__item-img\">\n        <a  href=\"https:\/\/sevillanism.es\/wp-content\/uploads\/2021\/12\/patos_puente_triana_laminas_fotografo_arquitectura_sevilla.jpg\" >\n        <img width=\"1000\" height=\"957\" src=\"https:\/\/sevillanism.es\/wp-content\/uploads\/2021\/12\/patos_puente_triana_laminas_fotografo_arquitectura_sevilla.jpg\" class=\"wp-image-996\" alt=\"patos_puente_triana_laminas_fotografo_arquitectura_sevilla\" loading=\"lazy\" srcset=\"https:\/\/sevillanism.es\/wp-content\/uploads\/2021\/12\/patos_puente_triana_laminas_fotografo_arquitectura_sevilla.jpg 1000w, https:\/\/sevillanism.es\/wp-content\/uploads\/2021\/12\/patos_puente_triana_laminas_fotografo_arquitectura_sevilla-300x287.jpg 300w, https:\/\/sevillanism.es\/wp-content\/uploads\/2021\/12\/patos_puente_triana_laminas_fotografo_arquitectura_sevilla-768x735.jpg 768w, https:\/\/sevillanism.es\/wp-content\/uploads\/2021\/12\/patos_puente_triana_laminas_fotografo_arquitectura_sevilla-500x479.jpg 500w, https:\/\/sevillanism.es\/wp-content\/uploads\/2021\/12\/patos_puente_triana_laminas_fotografo_arquitectura_sevilla-800x766.jpg 800w, https:\/\/sevillanism.es\/wp-content\/uploads\/2021\/12\/patos_puente_triana_laminas_fotografo_arquitectura_sevilla-350x335.jpg 350w\" sizes=\"100vw\" \/>\n        <\/a>    <\/div>\n<\/div>\n\n<figcaption class=\"vp-portfolio__item-overlay vp-portfolio__item-align-center\">\n    <div class=\"vp-portfolio__item-meta-wrap vp-portfolio__custom-scrollbar\">\n        <a  href=\"https:\/\/sevillanism.es\/wp-content\/uploads\/2021\/12\/patos_puente_triana_laminas_fotografo_arquitectura_sevilla.jpg\" tabindex=\"-1\" class=\"vp-portfolio__item-meta\" >\n        \n<h2 class=\"vp-portfolio__item-meta-title\">\n    Patos. Sevilla<\/h2>\n\n        <\/a>    <\/div>\n<\/figcaption>\n            <\/figure>\n                    <\/div>\n        \n        <div class=\"vp-portfolio__item-wrap vp-portfolio__item-uid-e4141938\" data-vp-filter=\"\">\n                        <div class=\"vp-portfolio__item-popup\"\n                style=\"display: none;\"\n                data-vp-popup-img=\"https:\/\/sevillanism.es\/wp-content\/uploads\/2021\/12\/mudejar_pabellon_laminas_fotografo_arquitectura_sevilla.jpg\"\n                data-vp-popup-img-srcset=\"https:\/\/sevillanism.es\/wp-content\/uploads\/2021\/12\/mudejar_pabellon_laminas_fotografo_arquitectura_sevilla.jpg 1000w, https:\/\/sevillanism.es\/wp-content\/uploads\/2021\/12\/mudejar_pabellon_laminas_fotografo_arquitectura_sevilla-300x287.jpg 300w, https:\/\/sevillanism.es\/wp-content\/uploads\/2021\/12\/mudejar_pabellon_laminas_fotografo_arquitectura_sevilla-768x735.jpg 768w, https:\/\/sevillanism.es\/wp-content\/uploads\/2021\/12\/mudejar_pabellon_laminas_fotografo_arquitectura_sevilla-500x479.jpg 500w, https:\/\/sevillanism.es\/wp-content\/uploads\/2021\/12\/mudejar_pabellon_laminas_fotografo_arquitectura_sevilla-800x766.jpg 800w, https:\/\/sevillanism.es\/wp-content\/uploads\/2021\/12\/mudejar_pabellon_laminas_fotografo_arquitectura_sevilla-350x335.jpg 350w\"\n                data-vp-popup-img-size=\"1000x957\"\n                data-vp-popup-md-img=\"https:\/\/sevillanism.es\/wp-content\/uploads\/2021\/12\/mudejar_pabellon_laminas_fotografo_arquitectura_sevilla-800x766.jpg\"\n                data-vp-popup-md-img-size=\"800x766\"\n                data-vp-popup-sm-img=\"https:\/\/sevillanism.es\/wp-content\/uploads\/2021\/12\/mudejar_pabellon_laminas_fotografo_arquitectura_sevilla-500x479.jpg\"\n                data-vp-popup-sm-img-size=\"500x479\"\n            >\n                                    <h3 class=\"vp-portfolio__item-popup-title\">Pabell\u00f3n Mud\u00e9jar. Sevilla<\/h3>\n                                        <div class=\"vp-portfolio__item-popup-description\">Pabell\u00f3n Mud\u00e9jar. Museo de Artes y Costumbres Populares_Sevilla<\/div>\n                                <\/div>\n                                    <figure class=\"vp-portfolio__item\">\n                \n<div class=\"vp-portfolio__item-img-wrap\">\n    <div class=\"vp-portfolio__item-img\">\n        <a  href=\"https:\/\/sevillanism.es\/wp-content\/uploads\/2021\/12\/mudejar_pabellon_laminas_fotografo_arquitectura_sevilla.jpg\" >\n        <img width=\"1000\" height=\"957\" src=\"https:\/\/sevillanism.es\/wp-content\/uploads\/2021\/12\/mudejar_pabellon_laminas_fotografo_arquitectura_sevilla.jpg\" class=\"wp-image-995\" alt=\"mudejar_pabellon_laminas_fotografo_arquitectura_sevilla\" loading=\"lazy\" srcset=\"https:\/\/sevillanism.es\/wp-content\/uploads\/2021\/12\/mudejar_pabellon_laminas_fotografo_arquitectura_sevilla.jpg 1000w, https:\/\/sevillanism.es\/wp-content\/uploads\/2021\/12\/mudejar_pabellon_laminas_fotografo_arquitectura_sevilla-300x287.jpg 300w, https:\/\/sevillanism.es\/wp-content\/uploads\/2021\/12\/mudejar_pabellon_laminas_fotografo_arquitectura_sevilla-768x735.jpg 768w, https:\/\/sevillanism.es\/wp-content\/uploads\/2021\/12\/mudejar_pabellon_laminas_fotografo_arquitectura_sevilla-500x479.jpg 500w, https:\/\/sevillanism.es\/wp-content\/uploads\/2021\/12\/mudejar_pabellon_laminas_fotografo_arquitectura_sevilla-800x766.jpg 800w, https:\/\/sevillanism.es\/wp-content\/uploads\/2021\/12\/mudejar_pabellon_laminas_fotografo_arquitectura_sevilla-350x335.jpg 350w\" sizes=\"100vw\" \/>\n        <\/a>    <\/div>\n<\/div>\n\n<figcaption class=\"vp-portfolio__item-overlay vp-portfolio__item-align-center\">\n    <div class=\"vp-portfolio__item-meta-wrap vp-portfolio__custom-scrollbar\">\n        <a  href=\"https:\/\/sevillanism.es\/wp-content\/uploads\/2021\/12\/mudejar_pabellon_laminas_fotografo_arquitectura_sevilla.jpg\" tabindex=\"-1\" class=\"vp-portfolio__item-meta\" >\n        \n<h2 class=\"vp-portfolio__item-meta-title\">\n    Pabell\u00f3n Mud\u00e9jar. Sevilla<\/h2>\n\n        <\/a>    <\/div>\n<\/figcaption>\n            <\/figure>\n                    <\/div>\n        \n        <div class=\"vp-portfolio__item-wrap vp-portfolio__item-uid-8810ca6b\" data-vp-filter=\"\">\n                        <div class=\"vp-portfolio__item-popup\"\n                style=\"display: none;\"\n                data-vp-popup-img=\"https:\/\/sevillanism.es\/wp-content\/uploads\/2021\/12\/triana_colores_laminas_fotografo_arquitectura_sevilla.jpg\"\n                data-vp-popup-img-srcset=\"https:\/\/sevillanism.es\/wp-content\/uploads\/2021\/12\/triana_colores_laminas_fotografo_arquitectura_sevilla.jpg 1000w, https:\/\/sevillanism.es\/wp-content\/uploads\/2021\/12\/triana_colores_laminas_fotografo_arquitectura_sevilla-300x287.jpg 300w, https:\/\/sevillanism.es\/wp-content\/uploads\/2021\/12\/triana_colores_laminas_fotografo_arquitectura_sevilla-768x735.jpg 768w, https:\/\/sevillanism.es\/wp-content\/uploads\/2021\/12\/triana_colores_laminas_fotografo_arquitectura_sevilla-500x479.jpg 500w, https:\/\/sevillanism.es\/wp-content\/uploads\/2021\/12\/triana_colores_laminas_fotografo_arquitectura_sevilla-800x766.jpg 800w, https:\/\/sevillanism.es\/wp-content\/uploads\/2021\/12\/triana_colores_laminas_fotografo_arquitectura_sevilla-350x335.jpg 350w\"\n                data-vp-popup-img-size=\"1000x957\"\n                data-vp-popup-md-img=\"https:\/\/sevillanism.es\/wp-content\/uploads\/2021\/12\/triana_colores_laminas_fotografo_arquitectura_sevilla-800x766.jpg\"\n                data-vp-popup-md-img-size=\"800x766\"\n                data-vp-popup-sm-img=\"https:\/\/sevillanism.es\/wp-content\/uploads\/2021\/12\/triana_colores_laminas_fotografo_arquitectura_sevilla-500x479.jpg\"\n                data-vp-popup-sm-img-size=\"500x479\"\n            >\n                                    <h3 class=\"vp-portfolio__item-popup-title\">Triana Colores. Sevilla<\/h3>\n                                        <div class=\"vp-portfolio__item-popup-description\">Triana Colores_Sevilla<\/div>\n                                <\/div>\n                                    <figure class=\"vp-portfolio__item\">\n                \n<div class=\"vp-portfolio__item-img-wrap\">\n    <div class=\"vp-portfolio__item-img\">\n        <a  href=\"https:\/\/sevillanism.es\/wp-content\/uploads\/2021\/12\/triana_colores_laminas_fotografo_arquitectura_sevilla.jpg\" >\n        <img width=\"1000\" height=\"957\" src=\"https:\/\/sevillanism.es\/wp-content\/uploads\/2021\/12\/triana_colores_laminas_fotografo_arquitectura_sevilla.jpg\" class=\"wp-image-998\" alt=\"triana_colores_laminas_fotografo_arquitectura_sevilla\" loading=\"lazy\" srcset=\"https:\/\/sevillanism.es\/wp-content\/uploads\/2021\/12\/triana_colores_laminas_fotografo_arquitectura_sevilla.jpg 1000w, https:\/\/sevillanism.es\/wp-content\/uploads\/2021\/12\/triana_colores_laminas_fotografo_arquitectura_sevilla-300x287.jpg 300w, https:\/\/sevillanism.es\/wp-content\/uploads\/2021\/12\/triana_colores_laminas_fotografo_arquitectura_sevilla-768x735.jpg 768w, https:\/\/sevillanism.es\/wp-content\/uploads\/2021\/12\/triana_colores_laminas_fotografo_arquitectura_sevilla-500x479.jpg 500w, https:\/\/sevillanism.es\/wp-content\/uploads\/2021\/12\/triana_colores_laminas_fotografo_arquitectura_sevilla-800x766.jpg 800w, https:\/\/sevillanism.es\/wp-content\/uploads\/2021\/12\/triana_colores_laminas_fotografo_arquitectura_sevilla-350x335.jpg 350w\" sizes=\"100vw\" \/>\n        <\/a>    <\/div>\n<\/div>\n\n<figcaption class=\"vp-portfolio__item-overlay vp-portfolio__item-align-center\">\n    <div class=\"vp-portfolio__item-meta-wrap vp-portfolio__custom-scrollbar\">\n        <a  href=\"https:\/\/sevillanism.es\/wp-content\/uploads\/2021\/12\/triana_colores_laminas_fotografo_arquitectura_sevilla.jpg\" tabindex=\"-1\" class=\"vp-portfolio__item-meta\" >\n        \n<h2 class=\"vp-portfolio__item-meta-title\">\n    Triana Colores. Sevilla<\/h2>\n\n        <\/a>    <\/div>\n<\/figcaption>\n            <\/figure>\n                    <\/div>\n        \n        <div class=\"vp-portfolio__item-wrap vp-portfolio__item-uid-a013b09f\" data-vp-filter=\"\">\n                        <div class=\"vp-portfolio__item-popup\"\n                style=\"display: none;\"\n                data-vp-popup-img=\"https:\/\/sevillanism.es\/wp-content\/uploads\/2021\/12\/reflejo_mudejar_pabellon_laminas_fotografo_arquitectura_sevilla.jpg\"\n                data-vp-popup-img-srcset=\"https:\/\/sevillanism.es\/wp-content\/uploads\/2021\/12\/reflejo_mudejar_pabellon_laminas_fotografo_arquitectura_sevilla.jpg 1000w, https:\/\/sevillanism.es\/wp-content\/uploads\/2021\/12\/reflejo_mudejar_pabellon_laminas_fotografo_arquitectura_sevilla-300x287.jpg 300w, https:\/\/sevillanism.es\/wp-content\/uploads\/2021\/12\/reflejo_mudejar_pabellon_laminas_fotografo_arquitectura_sevilla-768x735.jpg 768w, https:\/\/sevillanism.es\/wp-content\/uploads\/2021\/12\/reflejo_mudejar_pabellon_laminas_fotografo_arquitectura_sevilla-500x479.jpg 500w, https:\/\/sevillanism.es\/wp-content\/uploads\/2021\/12\/reflejo_mudejar_pabellon_laminas_fotografo_arquitectura_sevilla-800x766.jpg 800w, https:\/\/sevillanism.es\/wp-content\/uploads\/2021\/12\/reflejo_mudejar_pabellon_laminas_fotografo_arquitectura_sevilla-350x335.jpg 350w\"\n                data-vp-popup-img-size=\"1000x957\"\n                data-vp-popup-md-img=\"https:\/\/sevillanism.es\/wp-content\/uploads\/2021\/12\/reflejo_mudejar_pabellon_laminas_fotografo_arquitectura_sevilla-800x766.jpg\"\n                data-vp-popup-md-img-size=\"800x766\"\n                data-vp-popup-sm-img=\"https:\/\/sevillanism.es\/wp-content\/uploads\/2021\/12\/reflejo_mudejar_pabellon_laminas_fotografo_arquitectura_sevilla-500x479.jpg\"\n                data-vp-popup-sm-img-size=\"500x479\"\n            >\n                                    <h3 class=\"vp-portfolio__item-popup-title\">Reflejo Mud\u00e9jar. Sevilla<\/h3>\n                                        <div class=\"vp-portfolio__item-popup-description\">Reflejo Pabell\u00f3n Mud\u00e9jar. Museo de Artes y Costumbres Populares_Sevilla<\/div>\n                                <\/div>\n                                    <figure class=\"vp-portfolio__item\">\n                \n<div class=\"vp-portfolio__item-img-wrap\">\n    <div class=\"vp-portfolio__item-img\">\n        <a  href=\"https:\/\/sevillanism.es\/wp-content\/uploads\/2021\/12\/reflejo_mudejar_pabellon_laminas_fotografo_arquitectura_sevilla.jpg\" >\n        <img width=\"1000\" height=\"957\" src=\"https:\/\/sevillanism.es\/wp-content\/uploads\/2021\/12\/reflejo_mudejar_pabellon_laminas_fotografo_arquitectura_sevilla.jpg\" class=\"wp-image-997\" alt=\"reflejo_mudejar_pabellon_laminas_fotografo_arquitectura_sevilla\" loading=\"lazy\" srcset=\"https:\/\/sevillanism.es\/wp-content\/uploads\/2021\/12\/reflejo_mudejar_pabellon_laminas_fotografo_arquitectura_sevilla.jpg 1000w, https:\/\/sevillanism.es\/wp-content\/uploads\/2021\/12\/reflejo_mudejar_pabellon_laminas_fotografo_arquitectura_sevilla-300x287.jpg 300w, https:\/\/sevillanism.es\/wp-content\/uploads\/2021\/12\/reflejo_mudejar_pabellon_laminas_fotografo_arquitectura_sevilla-768x735.jpg 768w, https:\/\/sevillanism.es\/wp-content\/uploads\/2021\/12\/reflejo_mudejar_pabellon_laminas_fotografo_arquitectura_sevilla-500x479.jpg 500w, https:\/\/sevillanism.es\/wp-content\/uploads\/2021\/12\/reflejo_mudejar_pabellon_laminas_fotografo_arquitectura_sevilla-800x766.jpg 800w, https:\/\/sevillanism.es\/wp-content\/uploads\/2021\/12\/reflejo_mudejar_pabellon_laminas_fotografo_arquitectura_sevilla-350x335.jpg 350w\" sizes=\"100vw\" \/>\n        <\/a>    <\/div>\n<\/div>\n\n<figcaption class=\"vp-portfolio__item-overlay vp-portfolio__item-align-center\">\n    <div class=\"vp-portfolio__item-meta-wrap vp-portfolio__custom-scrollbar\">\n        <a  href=\"https:\/\/sevillanism.es\/wp-content\/uploads\/2021\/12\/reflejo_mudejar_pabellon_laminas_fotografo_arquitectura_sevilla.jpg\" tabindex=\"-1\" class=\"vp-portfolio__item-meta\" >\n        \n<h2 class=\"vp-portfolio__item-meta-title\">\n    Reflejo Mud\u00e9jar. Sevilla<\/h2>\n\n        <\/a>    <\/div>\n<\/figcaption>\n            <\/figure>\n                    <\/div>\n        \n        <div class=\"vp-portfolio__item-wrap vp-portfolio__item-uid-ff1d64d0\" data-vp-filter=\"\">\n                        <div class=\"vp-portfolio__item-popup\"\n                style=\"display: none;\"\n                data-vp-popup-img=\"https:\/\/sevillanism.es\/wp-content\/uploads\/2021\/12\/cruce_catedral_laminas_fotografo_arquitectura_sevilla.jpg\"\n                data-vp-popup-img-srcset=\"https:\/\/sevillanism.es\/wp-content\/uploads\/2021\/12\/cruce_catedral_laminas_fotografo_arquitectura_sevilla.jpg 1000w, https:\/\/sevillanism.es\/wp-content\/uploads\/2021\/12\/cruce_catedral_laminas_fotografo_arquitectura_sevilla-300x287.jpg 300w, https:\/\/sevillanism.es\/wp-content\/uploads\/2021\/12\/cruce_catedral_laminas_fotografo_arquitectura_sevilla-768x735.jpg 768w, https:\/\/sevillanism.es\/wp-content\/uploads\/2021\/12\/cruce_catedral_laminas_fotografo_arquitectura_sevilla-500x479.jpg 500w, https:\/\/sevillanism.es\/wp-content\/uploads\/2021\/12\/cruce_catedral_laminas_fotografo_arquitectura_sevilla-800x766.jpg 800w, https:\/\/sevillanism.es\/wp-content\/uploads\/2021\/12\/cruce_catedral_laminas_fotografo_arquitectura_sevilla-350x335.jpg 350w\"\n                data-vp-popup-img-size=\"1000x957\"\n                data-vp-popup-md-img=\"https:\/\/sevillanism.es\/wp-content\/uploads\/2021\/12\/cruce_catedral_laminas_fotografo_arquitectura_sevilla-800x766.jpg\"\n                data-vp-popup-md-img-size=\"800x766\"\n                data-vp-popup-sm-img=\"https:\/\/sevillanism.es\/wp-content\/uploads\/2021\/12\/cruce_catedral_laminas_fotografo_arquitectura_sevilla-500x479.jpg\"\n                data-vp-popup-sm-img-size=\"500x479\"\n            >\n                                    <h3 class=\"vp-portfolio__item-popup-title\">Catedral cruce. Sevilla<\/h3>\n                                        <div class=\"vp-portfolio__item-popup-description\">Catedral cruce_Sevilla<\/div>\n                                <\/div>\n                                    <figure class=\"vp-portfolio__item\">\n                \n<div class=\"vp-portfolio__item-img-wrap\">\n    <div class=\"vp-portfolio__item-img\">\n        <a  href=\"https:\/\/sevillanism.es\/wp-content\/uploads\/2021\/12\/cruce_catedral_laminas_fotografo_arquitectura_sevilla.jpg\" >\n        <img width=\"1000\" height=\"957\" src=\"https:\/\/sevillanism.es\/wp-content\/uploads\/2021\/12\/cruce_catedral_laminas_fotografo_arquitectura_sevilla.jpg\" class=\"wp-image-993\" alt=\"cruce_catedral_laminas_fotografo_arquitectura_sevilla\" loading=\"lazy\" srcset=\"https:\/\/sevillanism.es\/wp-content\/uploads\/2021\/12\/cruce_catedral_laminas_fotografo_arquitectura_sevilla.jpg 1000w, https:\/\/sevillanism.es\/wp-content\/uploads\/2021\/12\/cruce_catedral_laminas_fotografo_arquitectura_sevilla-300x287.jpg 300w, https:\/\/sevillanism.es\/wp-content\/uploads\/2021\/12\/cruce_catedral_laminas_fotografo_arquitectura_sevilla-768x735.jpg 768w, https:\/\/sevillanism.es\/wp-content\/uploads\/2021\/12\/cruce_catedral_laminas_fotografo_arquitectura_sevilla-500x479.jpg 500w, https:\/\/sevillanism.es\/wp-content\/uploads\/2021\/12\/cruce_catedral_laminas_fotografo_arquitectura_sevilla-800x766.jpg 800w, https:\/\/sevillanism.es\/wp-content\/uploads\/2021\/12\/cruce_catedral_laminas_fotografo_arquitectura_sevilla-350x335.jpg 350w\" sizes=\"100vw\" \/>\n        <\/a>    <\/div>\n<\/div>\n\n<figcaption class=\"vp-portfolio__item-overlay vp-portfolio__item-align-center\">\n    <div class=\"vp-portfolio__item-meta-wrap vp-portfolio__custom-scrollbar\">\n        <a  href=\"https:\/\/sevillanism.es\/wp-content\/uploads\/2021\/12\/cruce_catedral_laminas_fotografo_arquitectura_sevilla.jpg\" tabindex=\"-1\" class=\"vp-portfolio__item-meta\" >\n        \n<h2 class=\"vp-portfolio__item-meta-title\">\n    Catedral cruce. Sevilla<\/h2>\n\n        <\/a>    <\/div>\n<\/figcaption>\n            <\/figure>\n                    <\/div>\n        \n        <div class=\"vp-portfolio__item-wrap vp-portfolio__item-uid-30a63323\" data-vp-filter=\"\">\n                        <div class=\"vp-portfolio__item-popup\"\n                style=\"display: none;\"\n                data-vp-popup-img=\"https:\/\/sevillanism.es\/wp-content\/uploads\/2021\/12\/cabildo_laminas_fotografo_arquitectura_sevilla.jpg\"\n                data-vp-popup-img-srcset=\"https:\/\/sevillanism.es\/wp-content\/uploads\/2021\/12\/cabildo_laminas_fotografo_arquitectura_sevilla.jpg 1000w, https:\/\/sevillanism.es\/wp-content\/uploads\/2021\/12\/cabildo_laminas_fotografo_arquitectura_sevilla-300x287.jpg 300w, https:\/\/sevillanism.es\/wp-content\/uploads\/2021\/12\/cabildo_laminas_fotografo_arquitectura_sevilla-768x735.jpg 768w, https:\/\/sevillanism.es\/wp-content\/uploads\/2021\/12\/cabildo_laminas_fotografo_arquitectura_sevilla-500x479.jpg 500w, https:\/\/sevillanism.es\/wp-content\/uploads\/2021\/12\/cabildo_laminas_fotografo_arquitectura_sevilla-800x766.jpg 800w, https:\/\/sevillanism.es\/wp-content\/uploads\/2021\/12\/cabildo_laminas_fotografo_arquitectura_sevilla-350x335.jpg 350w\"\n                data-vp-popup-img-size=\"1000x957\"\n                data-vp-popup-md-img=\"https:\/\/sevillanism.es\/wp-content\/uploads\/2021\/12\/cabildo_laminas_fotografo_arquitectura_sevilla-800x766.jpg\"\n                data-vp-popup-md-img-size=\"800x766\"\n                data-vp-popup-sm-img=\"https:\/\/sevillanism.es\/wp-content\/uploads\/2021\/12\/cabildo_laminas_fotografo_arquitectura_sevilla-500x479.jpg\"\n                data-vp-popup-sm-img-size=\"500x479\"\n            >\n                                    <h3 class=\"vp-portfolio__item-popup-title\">Cabildo. Sevilla<\/h3>\n                                <\/div>\n                                    <figure class=\"vp-portfolio__item\">\n                \n<div class=\"vp-portfolio__item-img-wrap\">\n    <div class=\"vp-portfolio__item-img\">\n        <a  href=\"https:\/\/sevillanism.es\/wp-content\/uploads\/2021\/12\/cabildo_laminas_fotografo_arquitectura_sevilla.jpg\" >\n        <img width=\"1000\" height=\"957\" src=\"https:\/\/sevillanism.es\/wp-content\/uploads\/2021\/12\/cabildo_laminas_fotografo_arquitectura_sevilla.jpg\" class=\"wp-image-992\" alt=\"cabildo_laminas_fotografo_arquitectura_sevilla\" loading=\"lazy\" srcset=\"https:\/\/sevillanism.es\/wp-content\/uploads\/2021\/12\/cabildo_laminas_fotografo_arquitectura_sevilla.jpg 1000w, https:\/\/sevillanism.es\/wp-content\/uploads\/2021\/12\/cabildo_laminas_fotografo_arquitectura_sevilla-300x287.jpg 300w, https:\/\/sevillanism.es\/wp-content\/uploads\/2021\/12\/cabildo_laminas_fotografo_arquitectura_sevilla-768x735.jpg 768w, https:\/\/sevillanism.es\/wp-content\/uploads\/2021\/12\/cabildo_laminas_fotografo_arquitectura_sevilla-500x479.jpg 500w, https:\/\/sevillanism.es\/wp-content\/uploads\/2021\/12\/cabildo_laminas_fotografo_arquitectura_sevilla-800x766.jpg 800w, https:\/\/sevillanism.es\/wp-content\/uploads\/2021\/12\/cabildo_laminas_fotografo_arquitectura_sevilla-350x335.jpg 350w\" sizes=\"100vw\" \/>\n        <\/a>    <\/div>\n<\/div>\n\n<figcaption class=\"vp-portfolio__item-overlay vp-portfolio__item-align-center\">\n    <div class=\"vp-portfolio__item-meta-wrap vp-portfolio__custom-scrollbar\">\n        <a  href=\"https:\/\/sevillanism.es\/wp-content\/uploads\/2021\/12\/cabildo_laminas_fotografo_arquitectura_sevilla.jpg\" tabindex=\"-1\" class=\"vp-portfolio__item-meta\" >\n        \n<h2 class=\"vp-portfolio__item-meta-title\">\n    Cabildo. Sevilla<\/h2>\n\n        <\/a>    <\/div>\n<\/figcaption>\n            <\/figure>\n                    <\/div>\n        \n        <div class=\"vp-portfolio__item-wrap vp-portfolio__item-uid-8f07e576\" data-vp-filter=\"\">\n                        <div class=\"vp-portfolio__item-popup\"\n                style=\"display: none;\"\n                data-vp-popup-img=\"https:\/\/sevillanism.es\/wp-content\/uploads\/2021\/12\/bancos_plaza_espana_laminas_fotografo_arquitectura_sevilla.jpg\"\n                data-vp-popup-img-srcset=\"https:\/\/sevillanism.es\/wp-content\/uploads\/2021\/12\/bancos_plaza_espana_laminas_fotografo_arquitectura_sevilla.jpg 1000w, https:\/\/sevillanism.es\/wp-content\/uploads\/2021\/12\/bancos_plaza_espana_laminas_fotografo_arquitectura_sevilla-300x287.jpg 300w, https:\/\/sevillanism.es\/wp-content\/uploads\/2021\/12\/bancos_plaza_espana_laminas_fotografo_arquitectura_sevilla-768x735.jpg 768w, https:\/\/sevillanism.es\/wp-content\/uploads\/2021\/12\/bancos_plaza_espana_laminas_fotografo_arquitectura_sevilla-500x479.jpg 500w, https:\/\/sevillanism.es\/wp-content\/uploads\/2021\/12\/bancos_plaza_espana_laminas_fotografo_arquitectura_sevilla-800x766.jpg 800w, https:\/\/sevillanism.es\/wp-content\/uploads\/2021\/12\/bancos_plaza_espana_laminas_fotografo_arquitectura_sevilla-350x335.jpg 350w\"\n                data-vp-popup-img-size=\"1000x957\"\n                data-vp-popup-md-img=\"https:\/\/sevillanism.es\/wp-content\/uploads\/2021\/12\/bancos_plaza_espana_laminas_fotografo_arquitectura_sevilla-800x766.jpg\"\n                data-vp-popup-md-img-size=\"800x766\"\n                data-vp-popup-sm-img=\"https:\/\/sevillanism.es\/wp-content\/uploads\/2021\/12\/bancos_plaza_espana_laminas_fotografo_arquitectura_sevilla-500x479.jpg\"\n                data-vp-popup-sm-img-size=\"500x479\"\n            >\n                                    <h3 class=\"vp-portfolio__item-popup-title\">Bancos. Sevilla<\/h3>\n                                        <div class=\"vp-portfolio__item-popup-description\">Bancos Plaza de Espa\u00f1a_Sevilla<\/div>\n                                <\/div>\n                                    <figure class=\"vp-portfolio__item\">\n                \n<div class=\"vp-portfolio__item-img-wrap\">\n    <div class=\"vp-portfolio__item-img\">\n        <a  href=\"https:\/\/sevillanism.es\/wp-content\/uploads\/2021\/12\/bancos_plaza_espana_laminas_fotografo_arquitectura_sevilla.jpg\" >\n        <img width=\"1000\" height=\"957\" src=\"https:\/\/sevillanism.es\/wp-content\/uploads\/2021\/12\/bancos_plaza_espana_laminas_fotografo_arquitectura_sevilla.jpg\" class=\"wp-image-991\" alt=\"bancos_plaza_espana_laminas_fotografo_arquitectura_sevilla\" loading=\"lazy\" srcset=\"https:\/\/sevillanism.es\/wp-content\/uploads\/2021\/12\/bancos_plaza_espana_laminas_fotografo_arquitectura_sevilla.jpg 1000w, https:\/\/sevillanism.es\/wp-content\/uploads\/2021\/12\/bancos_plaza_espana_laminas_fotografo_arquitectura_sevilla-300x287.jpg 300w, https:\/\/sevillanism.es\/wp-content\/uploads\/2021\/12\/bancos_plaza_espana_laminas_fotografo_arquitectura_sevilla-768x735.jpg 768w, https:\/\/sevillanism.es\/wp-content\/uploads\/2021\/12\/bancos_plaza_espana_laminas_fotografo_arquitectura_sevilla-500x479.jpg 500w, https:\/\/sevillanism.es\/wp-content\/uploads\/2021\/12\/bancos_plaza_espana_laminas_fotografo_arquitectura_sevilla-800x766.jpg 800w, https:\/\/sevillanism.es\/wp-content\/uploads\/2021\/12\/bancos_plaza_espana_laminas_fotografo_arquitectura_sevilla-350x335.jpg 350w\" sizes=\"100vw\" \/>\n        <\/a>    <\/div>\n<\/div>\n\n<figcaption class=\"vp-portfolio__item-overlay vp-portfolio__item-align-center\">\n    <div class=\"vp-portfolio__item-meta-wrap vp-portfolio__custom-scrollbar\">\n        <a  href=\"https:\/\/sevillanism.es\/wp-content\/uploads\/2021\/12\/bancos_plaza_espana_laminas_fotografo_arquitectura_sevilla.jpg\" tabindex=\"-1\" class=\"vp-portfolio__item-meta\" >\n        \n<h2 class=\"vp-portfolio__item-meta-title\">\n    Bancos. Sevilla<\/h2>\n\n        <\/a>    <\/div>\n<\/figcaption>\n            <\/figure>\n                    <\/div>\n        \n        <div class=\"vp-portfolio__item-wrap vp-portfolio__item-uid-c0aed27e\" data-vp-filter=\"\">\n                        <div class=\"vp-portfolio__item-popup\"\n                style=\"display: none;\"\n                data-vp-popup-img=\"https:\/\/sevillanism.es\/wp-content\/uploads\/2021\/12\/nao_victoria_puente_triana_laminas_fotografo_arquitectura_sevilla.jpg\"\n                data-vp-popup-img-srcset=\"https:\/\/sevillanism.es\/wp-content\/uploads\/2021\/12\/nao_victoria_puente_triana_laminas_fotografo_arquitectura_sevilla.jpg 1000w, https:\/\/sevillanism.es\/wp-content\/uploads\/2021\/12\/nao_victoria_puente_triana_laminas_fotografo_arquitectura_sevilla-300x287.jpg 300w, https:\/\/sevillanism.es\/wp-content\/uploads\/2021\/12\/nao_victoria_puente_triana_laminas_fotografo_arquitectura_sevilla-768x735.jpg 768w, https:\/\/sevillanism.es\/wp-content\/uploads\/2021\/12\/nao_victoria_puente_triana_laminas_fotografo_arquitectura_sevilla-500x479.jpg 500w, https:\/\/sevillanism.es\/wp-content\/uploads\/2021\/12\/nao_victoria_puente_triana_laminas_fotografo_arquitectura_sevilla-800x766.jpg 800w, https:\/\/sevillanism.es\/wp-content\/uploads\/2021\/12\/nao_victoria_puente_triana_laminas_fotografo_arquitectura_sevilla-350x335.jpg 350w\"\n                data-vp-popup-img-size=\"1000x957\"\n                data-vp-popup-md-img=\"https:\/\/sevillanism.es\/wp-content\/uploads\/2021\/12\/nao_victoria_puente_triana_laminas_fotografo_arquitectura_sevilla-800x766.jpg\"\n                data-vp-popup-md-img-size=\"800x766\"\n                data-vp-popup-sm-img=\"https:\/\/sevillanism.es\/wp-content\/uploads\/2021\/12\/nao_victoria_puente_triana_laminas_fotografo_arquitectura_sevilla-500x479.jpg\"\n                data-vp-popup-sm-img-size=\"500x479\"\n            >\n                                    <h3 class=\"vp-portfolio__item-popup-title\">Nao Victoria y Triana. Sevilla<\/h3>\n                                        <div class=\"vp-portfolio__item-popup-description\">Nao Victoria y puente de Triana_Sevilla<\/div>\n                                <\/div>\n                                    <figure class=\"vp-portfolio__item\">\n                \n<div class=\"vp-portfolio__item-img-wrap\">\n    <div class=\"vp-portfolio__item-img\">\n        <a  href=\"https:\/\/sevillanism.es\/wp-content\/uploads\/2021\/12\/nao_victoria_puente_triana_laminas_fotografo_arquitectura_sevilla.jpg\" >\n        <img width=\"1000\" height=\"957\" src=\"https:\/\/sevillanism.es\/wp-content\/uploads\/2021\/12\/nao_victoria_puente_triana_laminas_fotografo_arquitectura_sevilla.jpg\" class=\"wp-image-983\" alt=\"nao_victoria_puente_triana_laminas_fotografo_arquitectura_sevilla\" loading=\"lazy\" srcset=\"https:\/\/sevillanism.es\/wp-content\/uploads\/2021\/12\/nao_victoria_puente_triana_laminas_fotografo_arquitectura_sevilla.jpg 1000w, https:\/\/sevillanism.es\/wp-content\/uploads\/2021\/12\/nao_victoria_puente_triana_laminas_fotografo_arquitectura_sevilla-300x287.jpg 300w, https:\/\/sevillanism.es\/wp-content\/uploads\/2021\/12\/nao_victoria_puente_triana_laminas_fotografo_arquitectura_sevilla-768x735.jpg 768w, https:\/\/sevillanism.es\/wp-content\/uploads\/2021\/12\/nao_victoria_puente_triana_laminas_fotografo_arquitectura_sevilla-500x479.jpg 500w, https:\/\/sevillanism.es\/wp-content\/uploads\/2021\/12\/nao_victoria_puente_triana_laminas_fotografo_arquitectura_sevilla-800x766.jpg 800w, https:\/\/sevillanism.es\/wp-content\/uploads\/2021\/12\/nao_victoria_puente_triana_laminas_fotografo_arquitectura_sevilla-350x335.jpg 350w\" sizes=\"100vw\" \/>\n        <\/a>    <\/div>\n<\/div>\n\n<figcaption class=\"vp-portfolio__item-overlay vp-portfolio__item-align-center\">\n    <div class=\"vp-portfolio__item-meta-wrap vp-portfolio__custom-scrollbar\">\n        <a  href=\"https:\/\/sevillanism.es\/wp-content\/uploads\/2021\/12\/nao_victoria_puente_triana_laminas_fotografo_arquitectura_sevilla.jpg\" tabindex=\"-1\" class=\"vp-portfolio__item-meta\" >\n        \n<h2 class=\"vp-portfolio__item-meta-title\">\n    Nao Victoria y Triana. Sevilla<\/h2>\n\n        <\/a>    <\/div>\n<\/figcaption>\n            <\/figure>\n                    <\/div>\n        \n        <div class=\"vp-portfolio__item-wrap vp-portfolio__item-uid-c251b8d7\" data-vp-filter=\"\">\n                        <div class=\"vp-portfolio__item-popup\"\n                style=\"display: none;\"\n                data-vp-popup-img=\"https:\/\/sevillanism.es\/wp-content\/uploads\/2021\/12\/fama_laminas_fotografo_arquitectura_sevilla.jpg\"\n                data-vp-popup-img-srcset=\"https:\/\/sevillanism.es\/wp-content\/uploads\/2021\/12\/fama_laminas_fotografo_arquitectura_sevilla.jpg 1000w, https:\/\/sevillanism.es\/wp-content\/uploads\/2021\/12\/fama_laminas_fotografo_arquitectura_sevilla-300x287.jpg 300w, https:\/\/sevillanism.es\/wp-content\/uploads\/2021\/12\/fama_laminas_fotografo_arquitectura_sevilla-768x735.jpg 768w, https:\/\/sevillanism.es\/wp-content\/uploads\/2021\/12\/fama_laminas_fotografo_arquitectura_sevilla-500x479.jpg 500w, https:\/\/sevillanism.es\/wp-content\/uploads\/2021\/12\/fama_laminas_fotografo_arquitectura_sevilla-800x766.jpg 800w, https:\/\/sevillanism.es\/wp-content\/uploads\/2021\/12\/fama_laminas_fotografo_arquitectura_sevilla-350x335.jpg 350w\"\n                data-vp-popup-img-size=\"1000x957\"\n                data-vp-popup-md-img=\"https:\/\/sevillanism.es\/wp-content\/uploads\/2021\/12\/fama_laminas_fotografo_arquitectura_sevilla-800x766.jpg\"\n                data-vp-popup-md-img-size=\"800x766\"\n                data-vp-popup-sm-img=\"https:\/\/sevillanism.es\/wp-content\/uploads\/2021\/12\/fama_laminas_fotografo_arquitectura_sevilla-500x479.jpg\"\n                data-vp-popup-sm-img-size=\"500x479\"\n            >\n                                    <h3 class=\"vp-portfolio__item-popup-title\">Fama US. Sevilla<\/h3>\n                                        <div class=\"vp-portfolio__item-popup-description\">Fama Universidad de Sevilla<\/div>\n                                <\/div>\n                                    <figure class=\"vp-portfolio__item\">\n                \n<div class=\"vp-portfolio__item-img-wrap\">\n    <div class=\"vp-portfolio__item-img\">\n        <a  href=\"https:\/\/sevillanism.es\/wp-content\/uploads\/2021\/12\/fama_laminas_fotografo_arquitectura_sevilla.jpg\" >\n        <img width=\"1000\" height=\"957\" src=\"https:\/\/sevillanism.es\/wp-content\/uploads\/2021\/12\/fama_laminas_fotografo_arquitectura_sevilla.jpg\" class=\"wp-image-978\" alt=\"fama_laminas_fotografo_arquitectura_sevilla\" loading=\"lazy\" srcset=\"https:\/\/sevillanism.es\/wp-content\/uploads\/2021\/12\/fama_laminas_fotografo_arquitectura_sevilla.jpg 1000w, https:\/\/sevillanism.es\/wp-content\/uploads\/2021\/12\/fama_laminas_fotografo_arquitectura_sevilla-300x287.jpg 300w, https:\/\/sevillanism.es\/wp-content\/uploads\/2021\/12\/fama_laminas_fotografo_arquitectura_sevilla-768x735.jpg 768w, https:\/\/sevillanism.es\/wp-content\/uploads\/2021\/12\/fama_laminas_fotografo_arquitectura_sevilla-500x479.jpg 500w, https:\/\/sevillanism.es\/wp-content\/uploads\/2021\/12\/fama_laminas_fotografo_arquitectura_sevilla-800x766.jpg 800w, https:\/\/sevillanism.es\/wp-content\/uploads\/2021\/12\/fama_laminas_fotografo_arquitectura_sevilla-350x335.jpg 350w\" sizes=\"100vw\" \/>\n        <\/a>    <\/div>\n<\/div>\n\n<figcaption class=\"vp-portfolio__item-overlay vp-portfolio__item-align-center\">\n    <div class=\"vp-portfolio__item-meta-wrap vp-portfolio__custom-scrollbar\">\n        <a  href=\"https:\/\/sevillanism.es\/wp-content\/uploads\/2021\/12\/fama_laminas_fotografo_arquitectura_sevilla.jpg\" tabindex=\"-1\" class=\"vp-portfolio__item-meta\" >\n        \n<h2 class=\"vp-portfolio__item-meta-title\">\n    Fama US. Sevilla<\/h2>\n\n        <\/a>    <\/div>\n<\/figcaption>\n            <\/figure>\n                    <\/div>\n        \n        <div class=\"vp-portfolio__item-wrap vp-portfolio__item-uid-0deaef24\" data-vp-filter=\"\">\n                        <div class=\"vp-portfolio__item-popup\"\n                style=\"display: none;\"\n                data-vp-popup-img=\"https:\/\/sevillanism.es\/wp-content\/uploads\/2021\/12\/giralda_laminas_fotografo_arquitectura_sevilla.jpg\"\n                data-vp-popup-img-srcset=\"https:\/\/sevillanism.es\/wp-content\/uploads\/2021\/12\/giralda_laminas_fotografo_arquitectura_sevilla.jpg 1000w, https:\/\/sevillanism.es\/wp-content\/uploads\/2021\/12\/giralda_laminas_fotografo_arquitectura_sevilla-300x287.jpg 300w, https:\/\/sevillanism.es\/wp-content\/uploads\/2021\/12\/giralda_laminas_fotografo_arquitectura_sevilla-768x735.jpg 768w, https:\/\/sevillanism.es\/wp-content\/uploads\/2021\/12\/giralda_laminas_fotografo_arquitectura_sevilla-500x479.jpg 500w, https:\/\/sevillanism.es\/wp-content\/uploads\/2021\/12\/giralda_laminas_fotografo_arquitectura_sevilla-800x766.jpg 800w, https:\/\/sevillanism.es\/wp-content\/uploads\/2021\/12\/giralda_laminas_fotografo_arquitectura_sevilla-350x335.jpg 350w\"\n                data-vp-popup-img-size=\"1000x957\"\n                data-vp-popup-md-img=\"https:\/\/sevillanism.es\/wp-content\/uploads\/2021\/12\/giralda_laminas_fotografo_arquitectura_sevilla-800x766.jpg\"\n                data-vp-popup-md-img-size=\"800x766\"\n                data-vp-popup-sm-img=\"https:\/\/sevillanism.es\/wp-content\/uploads\/2021\/12\/giralda_laminas_fotografo_arquitectura_sevilla-500x479.jpg\"\n                data-vp-popup-sm-img-size=\"500x479\"\n            >\n                                    <h3 class=\"vp-portfolio__item-popup-title\">Giralda. Sevilla<\/h3>\n                                        <div class=\"vp-portfolio__item-popup-description\">Giralda detalle_ Sevilla<\/div>\n                                <\/div>\n                                    <figure class=\"vp-portfolio__item\">\n                \n<div class=\"vp-portfolio__item-img-wrap\">\n    <div class=\"vp-portfolio__item-img\">\n        <a  href=\"https:\/\/sevillanism.es\/wp-content\/uploads\/2021\/12\/giralda_laminas_fotografo_arquitectura_sevilla.jpg\" >\n        <img width=\"1000\" height=\"957\" src=\"https:\/\/sevillanism.es\/wp-content\/uploads\/2021\/12\/giralda_laminas_fotografo_arquitectura_sevilla.jpg\" class=\"wp-image-979\" alt=\"giralda_laminas_fotografo_arquitectura_sevilla\" loading=\"lazy\" srcset=\"https:\/\/sevillanism.es\/wp-content\/uploads\/2021\/12\/giralda_laminas_fotografo_arquitectura_sevilla.jpg 1000w, https:\/\/sevillanism.es\/wp-content\/uploads\/2021\/12\/giralda_laminas_fotografo_arquitectura_sevilla-300x287.jpg 300w, https:\/\/sevillanism.es\/wp-content\/uploads\/2021\/12\/giralda_laminas_fotografo_arquitectura_sevilla-768x735.jpg 768w, https:\/\/sevillanism.es\/wp-content\/uploads\/2021\/12\/giralda_laminas_fotografo_arquitectura_sevilla-500x479.jpg 500w, https:\/\/sevillanism.es\/wp-content\/uploads\/2021\/12\/giralda_laminas_fotografo_arquitectura_sevilla-800x766.jpg 800w, https:\/\/sevillanism.es\/wp-content\/uploads\/2021\/12\/giralda_laminas_fotografo_arquitectura_sevilla-350x335.jpg 350w\" sizes=\"100vw\" \/>\n        <\/a>    <\/div>\n<\/div>\n\n<figcaption class=\"vp-portfolio__item-overlay vp-portfolio__item-align-center\">\n    <div class=\"vp-portfolio__item-meta-wrap vp-portfolio__custom-scrollbar\">\n        <a  href=\"https:\/\/sevillanism.es\/wp-content\/uploads\/2021\/12\/giralda_laminas_fotografo_arquitectura_sevilla.jpg\" tabindex=\"-1\" class=\"vp-portfolio__item-meta\" >\n        \n<h2 class=\"vp-portfolio__item-meta-title\">\n    Giralda. Sevilla<\/h2>\n\n        <\/a>    <\/div>\n<\/figcaption>\n            <\/figure>\n                    <\/div>\n        \n        <div class=\"vp-portfolio__item-wrap vp-portfolio__item-uid-f01de655\" data-vp-filter=\"\">\n                        <div class=\"vp-portfolio__item-popup\"\n                style=\"display: none;\"\n                data-vp-popup-img=\"https:\/\/sevillanism.es\/wp-content\/uploads\/2021\/12\/triana_puente_laminas_fotografo_arquitectura_sevilla.jpg\"\n                data-vp-popup-img-srcset=\"https:\/\/sevillanism.es\/wp-content\/uploads\/2021\/12\/triana_puente_laminas_fotografo_arquitectura_sevilla.jpg 1000w, https:\/\/sevillanism.es\/wp-content\/uploads\/2021\/12\/triana_puente_laminas_fotografo_arquitectura_sevilla-300x287.jpg 300w, https:\/\/sevillanism.es\/wp-content\/uploads\/2021\/12\/triana_puente_laminas_fotografo_arquitectura_sevilla-768x735.jpg 768w, https:\/\/sevillanism.es\/wp-content\/uploads\/2021\/12\/triana_puente_laminas_fotografo_arquitectura_sevilla-500x479.jpg 500w, https:\/\/sevillanism.es\/wp-content\/uploads\/2021\/12\/triana_puente_laminas_fotografo_arquitectura_sevilla-800x766.jpg 800w, https:\/\/sevillanism.es\/wp-content\/uploads\/2021\/12\/triana_puente_laminas_fotografo_arquitectura_sevilla-350x335.jpg 350w\"\n                data-vp-popup-img-size=\"1000x957\"\n                data-vp-popup-md-img=\"https:\/\/sevillanism.es\/wp-content\/uploads\/2021\/12\/triana_puente_laminas_fotografo_arquitectura_sevilla-800x766.jpg\"\n                data-vp-popup-md-img-size=\"800x766\"\n                data-vp-popup-sm-img=\"https:\/\/sevillanism.es\/wp-content\/uploads\/2021\/12\/triana_puente_laminas_fotografo_arquitectura_sevilla-500x479.jpg\"\n                data-vp-popup-sm-img-size=\"500x479\"\n            >\n                                    <h3 class=\"vp-portfolio__item-popup-title\">Triana. Sevilla<\/h3>\n                                        <div class=\"vp-portfolio__item-popup-description\">Puente de Triana_Sevilla<\/div>\n                                <\/div>\n                                    <figure class=\"vp-portfolio__item\">\n                \n<div class=\"vp-portfolio__item-img-wrap\">\n    <div class=\"vp-portfolio__item-img\">\n        <a  href=\"https:\/\/sevillanism.es\/wp-content\/uploads\/2021\/12\/triana_puente_laminas_fotografo_arquitectura_sevilla.jpg\" >\n        <img width=\"1000\" height=\"957\" src=\"https:\/\/sevillanism.es\/wp-content\/uploads\/2021\/12\/triana_puente_laminas_fotografo_arquitectura_sevilla.jpg\" class=\"wp-image-987\" alt=\"triana_puente_laminas_fotografo_arquitectura_sevilla\" loading=\"lazy\" srcset=\"https:\/\/sevillanism.es\/wp-content\/uploads\/2021\/12\/triana_puente_laminas_fotografo_arquitectura_sevilla.jpg 1000w, https:\/\/sevillanism.es\/wp-content\/uploads\/2021\/12\/triana_puente_laminas_fotografo_arquitectura_sevilla-300x287.jpg 300w, https:\/\/sevillanism.es\/wp-content\/uploads\/2021\/12\/triana_puente_laminas_fotografo_arquitectura_sevilla-768x735.jpg 768w, https:\/\/sevillanism.es\/wp-content\/uploads\/2021\/12\/triana_puente_laminas_fotografo_arquitectura_sevilla-500x479.jpg 500w, https:\/\/sevillanism.es\/wp-content\/uploads\/2021\/12\/triana_puente_laminas_fotografo_arquitectura_sevilla-800x766.jpg 800w, https:\/\/sevillanism.es\/wp-content\/uploads\/2021\/12\/triana_puente_laminas_fotografo_arquitectura_sevilla-350x335.jpg 350w\" sizes=\"100vw\" \/>\n        <\/a>    <\/div>\n<\/div>\n\n<figcaption class=\"vp-portfolio__item-overlay vp-portfolio__item-align-center\">\n    <div class=\"vp-portfolio__item-meta-wrap vp-portfolio__custom-scrollbar\">\n        <a  href=\"https:\/\/sevillanism.es\/wp-content\/uploads\/2021\/12\/triana_puente_laminas_fotografo_arquitectura_sevilla.jpg\" tabindex=\"-1\" class=\"vp-portfolio__item-meta\" >\n        \n<h2 class=\"vp-portfolio__item-meta-title\">\n    Triana. Sevilla<\/h2>\n\n        <\/a>    <\/div>\n<\/figcaption>\n            <\/figure>\n                    <\/div>\n        \n        <div class=\"vp-portfolio__item-wrap vp-portfolio__item-uid-d6c51493\" data-vp-filter=\"\">\n                        <div class=\"vp-portfolio__item-popup\"\n                style=\"display: none;\"\n                data-vp-popup-img=\"https:\/\/sevillanism.es\/wp-content\/uploads\/2021\/12\/gran_poder_basilica_laminas_fotografo_arquitectura_sevilla.jpg\"\n                data-vp-popup-img-srcset=\"https:\/\/sevillanism.es\/wp-content\/uploads\/2021\/12\/gran_poder_basilica_laminas_fotografo_arquitectura_sevilla.jpg 1000w, https:\/\/sevillanism.es\/wp-content\/uploads\/2021\/12\/gran_poder_basilica_laminas_fotografo_arquitectura_sevilla-300x287.jpg 300w, https:\/\/sevillanism.es\/wp-content\/uploads\/2021\/12\/gran_poder_basilica_laminas_fotografo_arquitectura_sevilla-768x735.jpg 768w, https:\/\/sevillanism.es\/wp-content\/uploads\/2021\/12\/gran_poder_basilica_laminas_fotografo_arquitectura_sevilla-500x479.jpg 500w, https:\/\/sevillanism.es\/wp-content\/uploads\/2021\/12\/gran_poder_basilica_laminas_fotografo_arquitectura_sevilla-800x766.jpg 800w, https:\/\/sevillanism.es\/wp-content\/uploads\/2021\/12\/gran_poder_basilica_laminas_fotografo_arquitectura_sevilla-350x335.jpg 350w\"\n                data-vp-popup-img-size=\"1000x957\"\n                data-vp-popup-md-img=\"https:\/\/sevillanism.es\/wp-content\/uploads\/2021\/12\/gran_poder_basilica_laminas_fotografo_arquitectura_sevilla-800x766.jpg\"\n                data-vp-popup-md-img-size=\"800x766\"\n                data-vp-popup-sm-img=\"https:\/\/sevillanism.es\/wp-content\/uploads\/2021\/12\/gran_poder_basilica_laminas_fotografo_arquitectura_sevilla-500x479.jpg\"\n                data-vp-popup-sm-img-size=\"500x479\"\n            >\n                                    <h3 class=\"vp-portfolio__item-popup-title\">Bas\u00edlica del Gran Poder. Sevilla<\/h3>\n                                        <div class=\"vp-portfolio__item-popup-description\">Bas\u00edlica del Gran Poder_Sevilla<\/div>\n                                <\/div>\n                                    <figure class=\"vp-portfolio__item\">\n                \n<div class=\"vp-portfolio__item-img-wrap\">\n    <div class=\"vp-portfolio__item-img\">\n        <a  href=\"https:\/\/sevillanism.es\/wp-content\/uploads\/2021\/12\/gran_poder_basilica_laminas_fotografo_arquitectura_sevilla.jpg\" >\n        <img width=\"1000\" height=\"957\" src=\"https:\/\/sevillanism.es\/wp-content\/uploads\/2021\/12\/gran_poder_basilica_laminas_fotografo_arquitectura_sevilla.jpg\" class=\"wp-image-980\" alt=\"gran_poder_basilica_laminas_fotografo_arquitectura_sevilla\" loading=\"lazy\" srcset=\"https:\/\/sevillanism.es\/wp-content\/uploads\/2021\/12\/gran_poder_basilica_laminas_fotografo_arquitectura_sevilla.jpg 1000w, https:\/\/sevillanism.es\/wp-content\/uploads\/2021\/12\/gran_poder_basilica_laminas_fotografo_arquitectura_sevilla-300x287.jpg 300w, https:\/\/sevillanism.es\/wp-content\/uploads\/2021\/12\/gran_poder_basilica_laminas_fotografo_arquitectura_sevilla-768x735.jpg 768w, https:\/\/sevillanism.es\/wp-content\/uploads\/2021\/12\/gran_poder_basilica_laminas_fotografo_arquitectura_sevilla-500x479.jpg 500w, https:\/\/sevillanism.es\/wp-content\/uploads\/2021\/12\/gran_poder_basilica_laminas_fotografo_arquitectura_sevilla-800x766.jpg 800w, https:\/\/sevillanism.es\/wp-content\/uploads\/2021\/12\/gran_poder_basilica_laminas_fotografo_arquitectura_sevilla-350x335.jpg 350w\" sizes=\"100vw\" \/>\n        <\/a>    <\/div>\n<\/div>\n\n<figcaption class=\"vp-portfolio__item-overlay vp-portfolio__item-align-center\">\n    <div class=\"vp-portfolio__item-meta-wrap vp-portfolio__custom-scrollbar\">\n        <a  href=\"https:\/\/sevillanism.es\/wp-content\/uploads\/2021\/12\/gran_poder_basilica_laminas_fotografo_arquitectura_sevilla.jpg\" tabindex=\"-1\" class=\"vp-portfolio__item-meta\" >\n        \n<h2 class=\"vp-portfolio__item-meta-title\">\n    Bas\u00edlica del Gran Poder. Sevilla<\/h2>\n\n        <\/a>    <\/div>\n<\/figcaption>\n            <\/figure>\n                    <\/div>\n        \n        <div class=\"vp-portfolio__item-wrap vp-portfolio__item-uid-b3778beb\" data-vp-filter=\"\">\n                        <div class=\"vp-portfolio__item-popup\"\n                style=\"display: none;\"\n                data-vp-popup-img=\"https:\/\/sevillanism.es\/wp-content\/uploads\/2021\/12\/hercules_laminas_fotografo_arquitectura_sevilla.jpg\"\n                data-vp-popup-img-srcset=\"https:\/\/sevillanism.es\/wp-content\/uploads\/2021\/12\/hercules_laminas_fotografo_arquitectura_sevilla.jpg 1000w, https:\/\/sevillanism.es\/wp-content\/uploads\/2021\/12\/hercules_laminas_fotografo_arquitectura_sevilla-300x287.jpg 300w, https:\/\/sevillanism.es\/wp-content\/uploads\/2021\/12\/hercules_laminas_fotografo_arquitectura_sevilla-768x735.jpg 768w, https:\/\/sevillanism.es\/wp-content\/uploads\/2021\/12\/hercules_laminas_fotografo_arquitectura_sevilla-500x479.jpg 500w, https:\/\/sevillanism.es\/wp-content\/uploads\/2021\/12\/hercules_laminas_fotografo_arquitectura_sevilla-800x766.jpg 800w, https:\/\/sevillanism.es\/wp-content\/uploads\/2021\/12\/hercules_laminas_fotografo_arquitectura_sevilla-350x335.jpg 350w\"\n                data-vp-popup-img-size=\"1000x957\"\n                data-vp-popup-md-img=\"https:\/\/sevillanism.es\/wp-content\/uploads\/2021\/12\/hercules_laminas_fotografo_arquitectura_sevilla-800x766.jpg\"\n                data-vp-popup-md-img-size=\"800x766\"\n                data-vp-popup-sm-img=\"https:\/\/sevillanism.es\/wp-content\/uploads\/2021\/12\/hercules_laminas_fotografo_arquitectura_sevilla-500x479.jpg\"\n                data-vp-popup-sm-img-size=\"500x479\"\n            >\n                                    <h3 class=\"vp-portfolio__item-popup-title\">H\u00e9rcules. Sevilla<\/h3>\n                                        <div class=\"vp-portfolio__item-popup-description\">H\u00e9rcules en el Parlamento_Sevilla<\/div>\n                                <\/div>\n                                    <figure class=\"vp-portfolio__item\">\n                \n<div class=\"vp-portfolio__item-img-wrap\">\n    <div class=\"vp-portfolio__item-img\">\n        <a  href=\"https:\/\/sevillanism.es\/wp-content\/uploads\/2021\/12\/hercules_laminas_fotografo_arquitectura_sevilla.jpg\" >\n        <img width=\"1000\" height=\"957\" src=\"https:\/\/sevillanism.es\/wp-content\/uploads\/2021\/12\/hercules_laminas_fotografo_arquitectura_sevilla.jpg\" class=\"wp-image-981\" alt=\"hercules_laminas_fotografo_arquitectura_sevilla\" loading=\"lazy\" srcset=\"https:\/\/sevillanism.es\/wp-content\/uploads\/2021\/12\/hercules_laminas_fotografo_arquitectura_sevilla.jpg 1000w, https:\/\/sevillanism.es\/wp-content\/uploads\/2021\/12\/hercules_laminas_fotografo_arquitectura_sevilla-300x287.jpg 300w, https:\/\/sevillanism.es\/wp-content\/uploads\/2021\/12\/hercules_laminas_fotografo_arquitectura_sevilla-768x735.jpg 768w, https:\/\/sevillanism.es\/wp-content\/uploads\/2021\/12\/hercules_laminas_fotografo_arquitectura_sevilla-500x479.jpg 500w, https:\/\/sevillanism.es\/wp-content\/uploads\/2021\/12\/hercules_laminas_fotografo_arquitectura_sevilla-800x766.jpg 800w, https:\/\/sevillanism.es\/wp-content\/uploads\/2021\/12\/hercules_laminas_fotografo_arquitectura_sevilla-350x335.jpg 350w\" sizes=\"100vw\" \/>\n        <\/a>    <\/div>\n<\/div>\n\n<figcaption class=\"vp-portfolio__item-overlay vp-portfolio__item-align-center\">\n    <div class=\"vp-portfolio__item-meta-wrap vp-portfolio__custom-scrollbar\">\n        <a  href=\"https:\/\/sevillanism.es\/wp-content\/uploads\/2021\/12\/hercules_laminas_fotografo_arquitectura_sevilla.jpg\" tabindex=\"-1\" class=\"vp-portfolio__item-meta\" >\n        \n<h2 class=\"vp-portfolio__item-meta-title\">\n    H\u00e9rcules. Sevilla<\/h2>\n\n        <\/a>    <\/div>\n<\/figcaption>\n            <\/figure>\n                    <\/div>\n        \n        <div class=\"vp-portfolio__item-wrap vp-portfolio__item-uid-92c2bd34\" data-vp-filter=\"\">\n                        <div class=\"vp-portfolio__item-popup\"\n                style=\"display: none;\"\n                data-vp-popup-img=\"https:\/\/sevillanism.es\/wp-content\/uploads\/2021\/12\/juderia_laminas_fotografo_arquitectura_sevilla.jpg\"\n                data-vp-popup-img-srcset=\"https:\/\/sevillanism.es\/wp-content\/uploads\/2021\/12\/juderia_laminas_fotografo_arquitectura_sevilla.jpg 1000w, https:\/\/sevillanism.es\/wp-content\/uploads\/2021\/12\/juderia_laminas_fotografo_arquitectura_sevilla-300x287.jpg 300w, https:\/\/sevillanism.es\/wp-content\/uploads\/2021\/12\/juderia_laminas_fotografo_arquitectura_sevilla-768x735.jpg 768w, https:\/\/sevillanism.es\/wp-content\/uploads\/2021\/12\/juderia_laminas_fotografo_arquitectura_sevilla-500x479.jpg 500w, https:\/\/sevillanism.es\/wp-content\/uploads\/2021\/12\/juderia_laminas_fotografo_arquitectura_sevilla-800x766.jpg 800w, https:\/\/sevillanism.es\/wp-content\/uploads\/2021\/12\/juderia_laminas_fotografo_arquitectura_sevilla-350x335.jpg 350w\"\n                data-vp-popup-img-size=\"1000x957\"\n                data-vp-popup-md-img=\"https:\/\/sevillanism.es\/wp-content\/uploads\/2021\/12\/juderia_laminas_fotografo_arquitectura_sevilla-800x766.jpg\"\n                data-vp-popup-md-img-size=\"800x766\"\n                data-vp-popup-sm-img=\"https:\/\/sevillanism.es\/wp-content\/uploads\/2021\/12\/juderia_laminas_fotografo_arquitectura_sevilla-500x479.jpg\"\n                data-vp-popup-sm-img-size=\"500x479\"\n            >\n                                    <h3 class=\"vp-portfolio__item-popup-title\">Juder\u00eda. Sevilla<\/h3>\n                                <\/div>\n                                    <figure class=\"vp-portfolio__item\">\n                \n<div class=\"vp-portfolio__item-img-wrap\">\n    <div class=\"vp-portfolio__item-img\">\n        <a  href=\"https:\/\/sevillanism.es\/wp-content\/uploads\/2021\/12\/juderia_laminas_fotografo_arquitectura_sevilla.jpg\" >\n        <img width=\"1000\" height=\"957\" src=\"https:\/\/sevillanism.es\/wp-content\/uploads\/2021\/12\/juderia_laminas_fotografo_arquitectura_sevilla.jpg\" class=\"wp-image-982\" alt=\"juderia_laminas_fotografo_arquitectura_sevilla\" loading=\"lazy\" srcset=\"https:\/\/sevillanism.es\/wp-content\/uploads\/2021\/12\/juderia_laminas_fotografo_arquitectura_sevilla.jpg 1000w, https:\/\/sevillanism.es\/wp-content\/uploads\/2021\/12\/juderia_laminas_fotografo_arquitectura_sevilla-300x287.jpg 300w, https:\/\/sevillanism.es\/wp-content\/uploads\/2021\/12\/juderia_laminas_fotografo_arquitectura_sevilla-768x735.jpg 768w, https:\/\/sevillanism.es\/wp-content\/uploads\/2021\/12\/juderia_laminas_fotografo_arquitectura_sevilla-500x479.jpg 500w, https:\/\/sevillanism.es\/wp-content\/uploads\/2021\/12\/juderia_laminas_fotografo_arquitectura_sevilla-800x766.jpg 800w, https:\/\/sevillanism.es\/wp-content\/uploads\/2021\/12\/juderia_laminas_fotografo_arquitectura_sevilla-350x335.jpg 350w\" sizes=\"100vw\" \/>\n        <\/a>    <\/div>\n<\/div>\n\n<figcaption class=\"vp-portfolio__item-overlay vp-portfolio__item-align-center\">\n    <div class=\"vp-portfolio__item-meta-wrap vp-portfolio__custom-scrollbar\">\n        <a  href=\"https:\/\/sevillanism.es\/wp-content\/uploads\/2021\/12\/juderia_laminas_fotografo_arquitectura_sevilla.jpg\" tabindex=\"-1\" class=\"vp-portfolio__item-meta\" >\n        \n<h2 class=\"vp-portfolio__item-meta-title\">\n    Juder\u00eda. Sevilla<\/h2>\n\n        <\/a>    <\/div>\n<\/figcaption>\n            <\/figure>\n                    <\/div>\n        \n        <div class=\"vp-portfolio__item-wrap vp-portfolio__item-uid-23c20857\" data-vp-filter=\"\">\n                        <div class=\"vp-portfolio__item-popup\"\n                style=\"display: none;\"\n                data-vp-popup-img=\"https:\/\/sevillanism.es\/wp-content\/uploads\/2021\/12\/plaza_espana_laminas_fotografo_arquitectura_sevilla.jpg\"\n                data-vp-popup-img-srcset=\"https:\/\/sevillanism.es\/wp-content\/uploads\/2021\/12\/plaza_espana_laminas_fotografo_arquitectura_sevilla.jpg 1000w, https:\/\/sevillanism.es\/wp-content\/uploads\/2021\/12\/plaza_espana_laminas_fotografo_arquitectura_sevilla-300x287.jpg 300w, https:\/\/sevillanism.es\/wp-content\/uploads\/2021\/12\/plaza_espana_laminas_fotografo_arquitectura_sevilla-768x735.jpg 768w, https:\/\/sevillanism.es\/wp-content\/uploads\/2021\/12\/plaza_espana_laminas_fotografo_arquitectura_sevilla-500x479.jpg 500w, https:\/\/sevillanism.es\/wp-content\/uploads\/2021\/12\/plaza_espana_laminas_fotografo_arquitectura_sevilla-800x766.jpg 800w, https:\/\/sevillanism.es\/wp-content\/uploads\/2021\/12\/plaza_espana_laminas_fotografo_arquitectura_sevilla-350x335.jpg 350w\"\n                data-vp-popup-img-size=\"1000x957\"\n                data-vp-popup-md-img=\"https:\/\/sevillanism.es\/wp-content\/uploads\/2021\/12\/plaza_espana_laminas_fotografo_arquitectura_sevilla-800x766.jpg\"\n                data-vp-popup-md-img-size=\"800x766\"\n                data-vp-popup-sm-img=\"https:\/\/sevillanism.es\/wp-content\/uploads\/2021\/12\/plaza_espana_laminas_fotografo_arquitectura_sevilla-500x479.jpg\"\n                data-vp-popup-sm-img-size=\"500x479\"\n            >\n                                    <h3 class=\"vp-portfolio__item-popup-title\">Plaza de Espa\u00f1a. Sevilla<\/h3>\n                                        <div class=\"vp-portfolio__item-popup-description\">Plaza de Espa\u00f1a_Sevilla<\/div>\n                                <\/div>\n                                    <figure class=\"vp-portfolio__item\">\n                \n<div class=\"vp-portfolio__item-img-wrap\">\n    <div class=\"vp-portfolio__item-img\">\n        <a  href=\"https:\/\/sevillanism.es\/wp-content\/uploads\/2021\/12\/plaza_espana_laminas_fotografo_arquitectura_sevilla.jpg\" >\n        <img width=\"1000\" height=\"957\" src=\"https:\/\/sevillanism.es\/wp-content\/uploads\/2021\/12\/plaza_espana_laminas_fotografo_arquitectura_sevilla.jpg\" class=\"wp-image-984\" alt=\"plaza_espana_laminas_fotografo_arquitectura_sevilla\" loading=\"lazy\" srcset=\"https:\/\/sevillanism.es\/wp-content\/uploads\/2021\/12\/plaza_espana_laminas_fotografo_arquitectura_sevilla.jpg 1000w, https:\/\/sevillanism.es\/wp-content\/uploads\/2021\/12\/plaza_espana_laminas_fotografo_arquitectura_sevilla-300x287.jpg 300w, https:\/\/sevillanism.es\/wp-content\/uploads\/2021\/12\/plaza_espana_laminas_fotografo_arquitectura_sevilla-768x735.jpg 768w, https:\/\/sevillanism.es\/wp-content\/uploads\/2021\/12\/plaza_espana_laminas_fotografo_arquitectura_sevilla-500x479.jpg 500w, https:\/\/sevillanism.es\/wp-content\/uploads\/2021\/12\/plaza_espana_laminas_fotografo_arquitectura_sevilla-800x766.jpg 800w, https:\/\/sevillanism.es\/wp-content\/uploads\/2021\/12\/plaza_espana_laminas_fotografo_arquitectura_sevilla-350x335.jpg 350w\" sizes=\"100vw\" \/>\n        <\/a>    <\/div>\n<\/div>\n\n<figcaption class=\"vp-portfolio__item-overlay vp-portfolio__item-align-center\">\n    <div class=\"vp-portfolio__item-meta-wrap vp-portfolio__custom-scrollbar\">\n        <a  href=\"https:\/\/sevillanism.es\/wp-content\/uploads\/2021\/12\/plaza_espana_laminas_fotografo_arquitectura_sevilla.jpg\" tabindex=\"-1\" class=\"vp-portfolio__item-meta\" >\n        \n<h2 class=\"vp-portfolio__item-meta-title\">\n    Plaza de Espa\u00f1a. Sevilla<\/h2>\n\n        <\/a>    <\/div>\n<\/figcaption>\n            <\/figure>\n                    <\/div>\n        \n        <div class=\"vp-portfolio__item-wrap vp-portfolio__item-uid-ec795fa4\" data-vp-filter=\"\">\n                        <div class=\"vp-portfolio__item-popup\"\n                style=\"display: none;\"\n                data-vp-popup-img=\"https:\/\/sevillanism.es\/wp-content\/uploads\/2021\/12\/san_luis_laminas_fotografo_arquitectura_sevilla.jpg\"\n                data-vp-popup-img-srcset=\"https:\/\/sevillanism.es\/wp-content\/uploads\/2021\/12\/san_luis_laminas_fotografo_arquitectura_sevilla.jpg 1000w, https:\/\/sevillanism.es\/wp-content\/uploads\/2021\/12\/san_luis_laminas_fotografo_arquitectura_sevilla-300x287.jpg 300w, https:\/\/sevillanism.es\/wp-content\/uploads\/2021\/12\/san_luis_laminas_fotografo_arquitectura_sevilla-768x735.jpg 768w, https:\/\/sevillanism.es\/wp-content\/uploads\/2021\/12\/san_luis_laminas_fotografo_arquitectura_sevilla-500x479.jpg 500w, https:\/\/sevillanism.es\/wp-content\/uploads\/2021\/12\/san_luis_laminas_fotografo_arquitectura_sevilla-800x766.jpg 800w, https:\/\/sevillanism.es\/wp-content\/uploads\/2021\/12\/san_luis_laminas_fotografo_arquitectura_sevilla-350x335.jpg 350w\"\n                data-vp-popup-img-size=\"1000x957\"\n                data-vp-popup-md-img=\"https:\/\/sevillanism.es\/wp-content\/uploads\/2021\/12\/san_luis_laminas_fotografo_arquitectura_sevilla-800x766.jpg\"\n                data-vp-popup-md-img-size=\"800x766\"\n                data-vp-popup-sm-img=\"https:\/\/sevillanism.es\/wp-content\/uploads\/2021\/12\/san_luis_laminas_fotografo_arquitectura_sevilla-500x479.jpg\"\n                data-vp-popup-sm-img-size=\"500x479\"\n            >\n                                    <h3 class=\"vp-portfolio__item-popup-title\">San Luis. Sevilla<\/h3>\n                                        <div class=\"vp-portfolio__item-popup-description\">San Luis_Sevilla<\/div>\n                                <\/div>\n                                    <figure class=\"vp-portfolio__item\">\n                \n<div class=\"vp-portfolio__item-img-wrap\">\n    <div class=\"vp-portfolio__item-img\">\n        <a  href=\"https:\/\/sevillanism.es\/wp-content\/uploads\/2021\/12\/san_luis_laminas_fotografo_arquitectura_sevilla.jpg\" >\n        <img width=\"1000\" height=\"957\" src=\"https:\/\/sevillanism.es\/wp-content\/uploads\/2021\/12\/san_luis_laminas_fotografo_arquitectura_sevilla.jpg\" class=\"wp-image-985\" alt=\"san_luis_laminas_fotografo_arquitectura_sevilla\" loading=\"lazy\" srcset=\"https:\/\/sevillanism.es\/wp-content\/uploads\/2021\/12\/san_luis_laminas_fotografo_arquitectura_sevilla.jpg 1000w, https:\/\/sevillanism.es\/wp-content\/uploads\/2021\/12\/san_luis_laminas_fotografo_arquitectura_sevilla-300x287.jpg 300w, https:\/\/sevillanism.es\/wp-content\/uploads\/2021\/12\/san_luis_laminas_fotografo_arquitectura_sevilla-768x735.jpg 768w, https:\/\/sevillanism.es\/wp-content\/uploads\/2021\/12\/san_luis_laminas_fotografo_arquitectura_sevilla-500x479.jpg 500w, https:\/\/sevillanism.es\/wp-content\/uploads\/2021\/12\/san_luis_laminas_fotografo_arquitectura_sevilla-800x766.jpg 800w, https:\/\/sevillanism.es\/wp-content\/uploads\/2021\/12\/san_luis_laminas_fotografo_arquitectura_sevilla-350x335.jpg 350w\" sizes=\"100vw\" \/>\n        <\/a>    <\/div>\n<\/div>\n\n<figcaption class=\"vp-portfolio__item-overlay vp-portfolio__item-align-center\">\n    <div class=\"vp-portfolio__item-meta-wrap vp-portfolio__custom-scrollbar\">\n        <a  href=\"https:\/\/sevillanism.es\/wp-content\/uploads\/2021\/12\/san_luis_laminas_fotografo_arquitectura_sevilla.jpg\" tabindex=\"-1\" class=\"vp-portfolio__item-meta\" >\n        \n<h2 class=\"vp-portfolio__item-meta-title\">\n    San Luis. Sevilla<\/h2>\n\n        <\/a>    <\/div>\n<\/figcaption>\n            <\/figure>\n                    <\/div>\n        \n        <div class=\"vp-portfolio__item-wrap vp-portfolio__item-uid-4fd83b44\" data-vp-filter=\"\">\n                        <div class=\"vp-portfolio__item-popup\"\n                style=\"display: none;\"\n                data-vp-popup-img=\"https:\/\/sevillanism.es\/wp-content\/uploads\/2021\/12\/skyline_laminas_fotografo_arquitectura_sevilla.jpg\"\n                data-vp-popup-img-srcset=\"https:\/\/sevillanism.es\/wp-content\/uploads\/2021\/12\/skyline_laminas_fotografo_arquitectura_sevilla.jpg 1000w, https:\/\/sevillanism.es\/wp-content\/uploads\/2021\/12\/skyline_laminas_fotografo_arquitectura_sevilla-300x287.jpg 300w, https:\/\/sevillanism.es\/wp-content\/uploads\/2021\/12\/skyline_laminas_fotografo_arquitectura_sevilla-768x735.jpg 768w, https:\/\/sevillanism.es\/wp-content\/uploads\/2021\/12\/skyline_laminas_fotografo_arquitectura_sevilla-500x479.jpg 500w, https:\/\/sevillanism.es\/wp-content\/uploads\/2021\/12\/skyline_laminas_fotografo_arquitectura_sevilla-800x766.jpg 800w, https:\/\/sevillanism.es\/wp-content\/uploads\/2021\/12\/skyline_laminas_fotografo_arquitectura_sevilla-350x335.jpg 350w\"\n                data-vp-popup-img-size=\"1000x957\"\n                data-vp-popup-md-img=\"https:\/\/sevillanism.es\/wp-content\/uploads\/2021\/12\/skyline_laminas_fotografo_arquitectura_sevilla-800x766.jpg\"\n                data-vp-popup-md-img-size=\"800x766\"\n                data-vp-popup-sm-img=\"https:\/\/sevillanism.es\/wp-content\/uploads\/2021\/12\/skyline_laminas_fotografo_arquitectura_sevilla-500x479.jpg\"\n                data-vp-popup-sm-img-size=\"500x479\"\n            >\n                                    <h3 class=\"vp-portfolio__item-popup-title\">Skyline ByN. Sevilla<\/h3>\n                                        <div class=\"vp-portfolio__item-popup-description\">Skyline en blanco y negro_Sevilla<\/div>\n                                <\/div>\n                                    <figure class=\"vp-portfolio__item\">\n                \n<div class=\"vp-portfolio__item-img-wrap\">\n    <div class=\"vp-portfolio__item-img\">\n        <a  href=\"https:\/\/sevillanism.es\/wp-content\/uploads\/2021\/12\/skyline_laminas_fotografo_arquitectura_sevilla.jpg\" >\n        <img width=\"1000\" height=\"957\" src=\"https:\/\/sevillanism.es\/wp-content\/uploads\/2021\/12\/skyline_laminas_fotografo_arquitectura_sevilla.jpg\" class=\"wp-image-986\" alt=\"skyline_laminas_fotografo_arquitectura_sevilla\" loading=\"lazy\" srcset=\"https:\/\/sevillanism.es\/wp-content\/uploads\/2021\/12\/skyline_laminas_fotografo_arquitectura_sevilla.jpg 1000w, https:\/\/sevillanism.es\/wp-content\/uploads\/2021\/12\/skyline_laminas_fotografo_arquitectura_sevilla-300x287.jpg 300w, https:\/\/sevillanism.es\/wp-content\/uploads\/2021\/12\/skyline_laminas_fotografo_arquitectura_sevilla-768x735.jpg 768w, https:\/\/sevillanism.es\/wp-content\/uploads\/2021\/12\/skyline_laminas_fotografo_arquitectura_sevilla-500x479.jpg 500w, https:\/\/sevillanism.es\/wp-content\/uploads\/2021\/12\/skyline_laminas_fotografo_arquitectura_sevilla-800x766.jpg 800w, https:\/\/sevillanism.es\/wp-content\/uploads\/2021\/12\/skyline_laminas_fotografo_arquitectura_sevilla-350x335.jpg 350w\" sizes=\"100vw\" \/>\n        <\/a>    <\/div>\n<\/div>\n\n<figcaption class=\"vp-portfolio__item-overlay vp-portfolio__item-align-center\">\n    <div class=\"vp-portfolio__item-meta-wrap vp-portfolio__custom-scrollbar\">\n        <a  href=\"https:\/\/sevillanism.es\/wp-content\/uploads\/2021\/12\/skyline_laminas_fotografo_arquitectura_sevilla.jpg\" tabindex=\"-1\" class=\"vp-portfolio__item-meta\" >\n        \n<h2 class=\"vp-portfolio__item-meta-title\">\n    Skyline ByN. Sevilla<\/h2>\n\n        <\/a>    <\/div>\n<\/figcaption>\n            <\/figure>\n                    <\/div>\n        \n        <div class=\"vp-portfolio__item-wrap vp-portfolio__item-uid-10dc7126\" data-vp-filter=\"\">\n                        <div class=\"vp-portfolio__item-popup\"\n                style=\"display: none;\"\n                data-vp-popup-img=\"https:\/\/sevillanism.es\/wp-content\/uploads\/2021\/12\/vidrieras_catedral_laminas_fotografo_arquitectura_sevilla.jpg\"\n                data-vp-popup-img-srcset=\"https:\/\/sevillanism.es\/wp-content\/uploads\/2021\/12\/vidrieras_catedral_laminas_fotografo_arquitectura_sevilla.jpg 1000w, https:\/\/sevillanism.es\/wp-content\/uploads\/2021\/12\/vidrieras_catedral_laminas_fotografo_arquitectura_sevilla-300x287.jpg 300w, https:\/\/sevillanism.es\/wp-content\/uploads\/2021\/12\/vidrieras_catedral_laminas_fotografo_arquitectura_sevilla-768x735.jpg 768w, https:\/\/sevillanism.es\/wp-content\/uploads\/2021\/12\/vidrieras_catedral_laminas_fotografo_arquitectura_sevilla-500x479.jpg 500w, https:\/\/sevillanism.es\/wp-content\/uploads\/2021\/12\/vidrieras_catedral_laminas_fotografo_arquitectura_sevilla-800x766.jpg 800w, https:\/\/sevillanism.es\/wp-content\/uploads\/2021\/12\/vidrieras_catedral_laminas_fotografo_arquitectura_sevilla-350x335.jpg 350w\"\n                data-vp-popup-img-size=\"1000x957\"\n                data-vp-popup-md-img=\"https:\/\/sevillanism.es\/wp-content\/uploads\/2021\/12\/vidrieras_catedral_laminas_fotografo_arquitectura_sevilla-800x766.jpg\"\n                data-vp-popup-md-img-size=\"800x766\"\n                data-vp-popup-sm-img=\"https:\/\/sevillanism.es\/wp-content\/uploads\/2021\/12\/vidrieras_catedral_laminas_fotografo_arquitectura_sevilla-500x479.jpg\"\n                data-vp-popup-sm-img-size=\"500x479\"\n            >\n                                    <h3 class=\"vp-portfolio__item-popup-title\">Vidrieras Catedral. Sevilla<\/h3>\n                                        <div class=\"vp-portfolio__item-popup-description\">Vidrieras Catedral_Sevilla<\/div>\n                                <\/div>\n                                    <figure class=\"vp-portfolio__item\">\n                \n<div class=\"vp-portfolio__item-img-wrap\">\n    <div class=\"vp-portfolio__item-img\">\n        <a  href=\"https:\/\/sevillanism.es\/wp-content\/uploads\/2021\/12\/vidrieras_catedral_laminas_fotografo_arquitectura_sevilla.jpg\" >\n        <img width=\"1000\" height=\"957\" src=\"https:\/\/sevillanism.es\/wp-content\/uploads\/2021\/12\/vidrieras_catedral_laminas_fotografo_arquitectura_sevilla.jpg\" class=\"wp-image-988\" alt=\"vidrieras_catedral_laminas_fotografo_arquitectura_sevilla\" loading=\"lazy\" srcset=\"https:\/\/sevillanism.es\/wp-content\/uploads\/2021\/12\/vidrieras_catedral_laminas_fotografo_arquitectura_sevilla.jpg 1000w, https:\/\/sevillanism.es\/wp-content\/uploads\/2021\/12\/vidrieras_catedral_laminas_fotografo_arquitectura_sevilla-300x287.jpg 300w, https:\/\/sevillanism.es\/wp-content\/uploads\/2021\/12\/vidrieras_catedral_laminas_fotografo_arquitectura_sevilla-768x735.jpg 768w, https:\/\/sevillanism.es\/wp-content\/uploads\/2021\/12\/vidrieras_catedral_laminas_fotografo_arquitectura_sevilla-500x479.jpg 500w, https:\/\/sevillanism.es\/wp-content\/uploads\/2021\/12\/vidrieras_catedral_laminas_fotografo_arquitectura_sevilla-800x766.jpg 800w, https:\/\/sevillanism.es\/wp-content\/uploads\/2021\/12\/vidrieras_catedral_laminas_fotografo_arquitectura_sevilla-350x335.jpg 350w\" sizes=\"100vw\" \/>\n        <\/a>    <\/div>\n<\/div>\n\n<figcaption class=\"vp-portfolio__item-overlay vp-portfolio__item-align-center\">\n    <div class=\"vp-portfolio__item-meta-wrap vp-portfolio__custom-scrollbar\">\n        <a  href=\"https:\/\/sevillanism.es\/wp-content\/uploads\/2021\/12\/vidrieras_catedral_laminas_fotografo_arquitectura_sevilla.jpg\" tabindex=\"-1\" class=\"vp-portfolio__item-meta\" >\n        \n<h2 class=\"vp-portfolio__item-meta-title\">\n    Vidrieras Catedral. Sevilla<\/h2>\n\n        <\/a>    <\/div>\n<\/figcaption>\n            <\/figure>\n                    <\/div>\n        \n        <div class=\"vp-portfolio__item-wrap vp-portfolio__item-uid-154edf96\" data-vp-filter=\"\">\n                        <div class=\"vp-portfolio__item-popup\"\n                style=\"display: none;\"\n                data-vp-popup-img=\"https:\/\/sevillanism.es\/wp-content\/uploads\/2021\/12\/amanecer_laminas_fotografo_arquitectura_sevilla.jpg\"\n                data-vp-popup-img-srcset=\"https:\/\/sevillanism.es\/wp-content\/uploads\/2021\/12\/amanecer_laminas_fotografo_arquitectura_sevilla.jpg 1000w, https:\/\/sevillanism.es\/wp-content\/uploads\/2021\/12\/amanecer_laminas_fotografo_arquitectura_sevilla-300x287.jpg 300w, https:\/\/sevillanism.es\/wp-content\/uploads\/2021\/12\/amanecer_laminas_fotografo_arquitectura_sevilla-768x735.jpg 768w, https:\/\/sevillanism.es\/wp-content\/uploads\/2021\/12\/amanecer_laminas_fotografo_arquitectura_sevilla-500x479.jpg 500w, https:\/\/sevillanism.es\/wp-content\/uploads\/2021\/12\/amanecer_laminas_fotografo_arquitectura_sevilla-800x766.jpg 800w, https:\/\/sevillanism.es\/wp-content\/uploads\/2021\/12\/amanecer_laminas_fotografo_arquitectura_sevilla-350x335.jpg 350w\"\n                data-vp-popup-img-size=\"1000x957\"\n                data-vp-popup-md-img=\"https:\/\/sevillanism.es\/wp-content\/uploads\/2021\/12\/amanecer_laminas_fotografo_arquitectura_sevilla-800x766.jpg\"\n                data-vp-popup-md-img-size=\"800x766\"\n                data-vp-popup-sm-img=\"https:\/\/sevillanism.es\/wp-content\/uploads\/2021\/12\/amanecer_laminas_fotografo_arquitectura_sevilla-500x479.jpg\"\n                data-vp-popup-sm-img-size=\"500x479\"\n            >\n                                    <h3 class=\"vp-portfolio__item-popup-title\">Amanecer. Sevilla<\/h3>\n                                        <div class=\"vp-portfolio__item-popup-description\">Amanecer_Sevilla<\/div>\n                                <\/div>\n                                    <figure class=\"vp-portfolio__item\">\n                \n<div class=\"vp-portfolio__item-img-wrap\">\n    <div class=\"vp-portfolio__item-img\">\n        <a  href=\"https:\/\/sevillanism.es\/wp-content\/uploads\/2021\/12\/amanecer_laminas_fotografo_arquitectura_sevilla.jpg\" >\n        <img width=\"1000\" height=\"957\" src=\"https:\/\/sevillanism.es\/wp-content\/uploads\/2021\/12\/amanecer_laminas_fotografo_arquitectura_sevilla.jpg\" class=\"wp-image-977\" alt=\"amanecer_laminas_fotografo_arquitectura_sevilla\" loading=\"lazy\" srcset=\"https:\/\/sevillanism.es\/wp-content\/uploads\/2021\/12\/amanecer_laminas_fotografo_arquitectura_sevilla.jpg 1000w, https:\/\/sevillanism.es\/wp-content\/uploads\/2021\/12\/amanecer_laminas_fotografo_arquitectura_sevilla-300x287.jpg 300w, https:\/\/sevillanism.es\/wp-content\/uploads\/2021\/12\/amanecer_laminas_fotografo_arquitectura_sevilla-768x735.jpg 768w, https:\/\/sevillanism.es\/wp-content\/uploads\/2021\/12\/amanecer_laminas_fotografo_arquitectura_sevilla-500x479.jpg 500w, https:\/\/sevillanism.es\/wp-content\/uploads\/2021\/12\/amanecer_laminas_fotografo_arquitectura_sevilla-800x766.jpg 800w, https:\/\/sevillanism.es\/wp-content\/uploads\/2021\/12\/amanecer_laminas_fotografo_arquitectura_sevilla-350x335.jpg 350w\" sizes=\"100vw\" \/>\n        <\/a>    <\/div>\n<\/div>\n\n<figcaption class=\"vp-portfolio__item-overlay vp-portfolio__item-align-center\">\n    <div class=\"vp-portfolio__item-meta-wrap vp-portfolio__custom-scrollbar\">\n        <a  href=\"https:\/\/sevillanism.es\/wp-content\/uploads\/2021\/12\/amanecer_laminas_fotografo_arquitectura_sevilla.jpg\" tabindex=\"-1\" class=\"vp-portfolio__item-meta\" >\n        \n<h2 class=\"vp-portfolio__item-meta-title\">\n    Amanecer. Sevilla<\/h2>\n\n        <\/a>    <\/div>\n<\/figcaption>\n            <\/figure>\n                    <\/div>\n        \n        <div class=\"vp-portfolio__item-wrap vp-portfolio__item-uid-5f782692\" data-vp-filter=\"\">\n                        <div class=\"vp-portfolio__item-popup\"\n                style=\"display: none;\"\n                data-vp-popup-img=\"https:\/\/sevillanism.es\/wp-content\/uploads\/2021\/12\/macarena_basilica_laminas_fotografo_arquitectura_sevilla.jpg\"\n                data-vp-popup-img-srcset=\"https:\/\/sevillanism.es\/wp-content\/uploads\/2021\/12\/macarena_basilica_laminas_fotografo_arquitectura_sevilla.jpg 1000w, https:\/\/sevillanism.es\/wp-content\/uploads\/2021\/12\/macarena_basilica_laminas_fotografo_arquitectura_sevilla-300x287.jpg 300w, https:\/\/sevillanism.es\/wp-content\/uploads\/2021\/12\/macarena_basilica_laminas_fotografo_arquitectura_sevilla-768x735.jpg 768w, https:\/\/sevillanism.es\/wp-content\/uploads\/2021\/12\/macarena_basilica_laminas_fotografo_arquitectura_sevilla-500x479.jpg 500w, https:\/\/sevillanism.es\/wp-content\/uploads\/2021\/12\/macarena_basilica_laminas_fotografo_arquitectura_sevilla-800x766.jpg 800w, https:\/\/sevillanism.es\/wp-content\/uploads\/2021\/12\/macarena_basilica_laminas_fotografo_arquitectura_sevilla-350x335.jpg 350w\"\n                data-vp-popup-img-size=\"1000x957\"\n                data-vp-popup-md-img=\"https:\/\/sevillanism.es\/wp-content\/uploads\/2021\/12\/macarena_basilica_laminas_fotografo_arquitectura_sevilla-800x766.jpg\"\n                data-vp-popup-md-img-size=\"800x766\"\n                data-vp-popup-sm-img=\"https:\/\/sevillanism.es\/wp-content\/uploads\/2021\/12\/macarena_basilica_laminas_fotografo_arquitectura_sevilla-500x479.jpg\"\n                data-vp-popup-sm-img-size=\"500x479\"\n            >\n                                    <h3 class=\"vp-portfolio__item-popup-title\">Bas\u00edlica Macarena. Sevilla<\/h3>\n                                        <div class=\"vp-portfolio__item-popup-description\">Bas\u00edlica Macarena_Sevilla<\/div>\n                                <\/div>\n                                    <figure class=\"vp-portfolio__item\">\n                \n<div class=\"vp-portfolio__item-img-wrap\">\n    <div class=\"vp-portfolio__item-img\">\n        <a  href=\"https:\/\/sevillanism.es\/wp-content\/uploads\/2021\/12\/macarena_basilica_laminas_fotografo_arquitectura_sevilla.jpg\" >\n        <img width=\"1000\" height=\"957\" src=\"https:\/\/sevillanism.es\/wp-content\/uploads\/2021\/12\/macarena_basilica_laminas_fotografo_arquitectura_sevilla.jpg\" class=\"wp-image-1000\" alt=\"macarena_basilica_laminas_fotografo_arquitectura_sevilla\" loading=\"lazy\" srcset=\"https:\/\/sevillanism.es\/wp-content\/uploads\/2021\/12\/macarena_basilica_laminas_fotografo_arquitectura_sevilla.jpg 1000w, https:\/\/sevillanism.es\/wp-content\/uploads\/2021\/12\/macarena_basilica_laminas_fotografo_arquitectura_sevilla-300x287.jpg 300w, https:\/\/sevillanism.es\/wp-content\/uploads\/2021\/12\/macarena_basilica_laminas_fotografo_arquitectura_sevilla-768x735.jpg 768w, https:\/\/sevillanism.es\/wp-content\/uploads\/2021\/12\/macarena_basilica_laminas_fotografo_arquitectura_sevilla-500x479.jpg 500w, https:\/\/sevillanism.es\/wp-content\/uploads\/2021\/12\/macarena_basilica_laminas_fotografo_arquitectura_sevilla-800x766.jpg 800w, https:\/\/sevillanism.es\/wp-content\/uploads\/2021\/12\/macarena_basilica_laminas_fotografo_arquitectura_sevilla-350x335.jpg 350w\" sizes=\"100vw\" \/>\n        <\/a>    <\/div>\n<\/div>\n\n<figcaption class=\"vp-portfolio__item-overlay vp-portfolio__item-align-center\">\n    <div class=\"vp-portfolio__item-meta-wrap vp-portfolio__custom-scrollbar\">\n        <a  href=\"https:\/\/sevillanism.es\/wp-content\/uploads\/2021\/12\/macarena_basilica_laminas_fotografo_arquitectura_sevilla.jpg\" tabindex=\"-1\" class=\"vp-portfolio__item-meta\" >\n        \n<h2 class=\"vp-portfolio__item-meta-title\">\n    Bas\u00edlica Macarena. Sevilla<\/h2>\n\n        <\/a>    <\/div>\n<\/figcaption>\n            <\/figure>\n                    <\/div>\n        \n        <div class=\"vp-portfolio__item-wrap vp-portfolio__item-uid-9a5fca14\" data-vp-filter=\"\">\n                        <div class=\"vp-portfolio__item-popup\"\n                style=\"display: none;\"\n                data-vp-popup-img=\"https:\/\/sevillanism.es\/wp-content\/uploads\/2021\/12\/macarena_espalda_laminas_fotografo_arquitectura_sevilla.jpg\"\n                data-vp-popup-img-srcset=\"https:\/\/sevillanism.es\/wp-content\/uploads\/2021\/12\/macarena_espalda_laminas_fotografo_arquitectura_sevilla.jpg 1000w, https:\/\/sevillanism.es\/wp-content\/uploads\/2021\/12\/macarena_espalda_laminas_fotografo_arquitectura_sevilla-300x287.jpg 300w, https:\/\/sevillanism.es\/wp-content\/uploads\/2021\/12\/macarena_espalda_laminas_fotografo_arquitectura_sevilla-768x735.jpg 768w, https:\/\/sevillanism.es\/wp-content\/uploads\/2021\/12\/macarena_espalda_laminas_fotografo_arquitectura_sevilla-500x479.jpg 500w, https:\/\/sevillanism.es\/wp-content\/uploads\/2021\/12\/macarena_espalda_laminas_fotografo_arquitectura_sevilla-800x766.jpg 800w, https:\/\/sevillanism.es\/wp-content\/uploads\/2021\/12\/macarena_espalda_laminas_fotografo_arquitectura_sevilla-350x335.jpg 350w\"\n                data-vp-popup-img-size=\"1000x957\"\n                data-vp-popup-md-img=\"https:\/\/sevillanism.es\/wp-content\/uploads\/2021\/12\/macarena_espalda_laminas_fotografo_arquitectura_sevilla-800x766.jpg\"\n                data-vp-popup-md-img-size=\"800x766\"\n                data-vp-popup-sm-img=\"https:\/\/sevillanism.es\/wp-content\/uploads\/2021\/12\/macarena_espalda_laminas_fotografo_arquitectura_sevilla-500x479.jpg\"\n                data-vp-popup-sm-img-size=\"500x479\"\n            >\n                                    <h3 class=\"vp-portfolio__item-popup-title\">Camar\u00edn Macarena. Sevilla<\/h3>\n                                        <div class=\"vp-portfolio__item-popup-description\">Camar\u00edn Macarena_Sevilla<\/div>\n                                <\/div>\n                                    <figure class=\"vp-portfolio__item\">\n                \n<div class=\"vp-portfolio__item-img-wrap\">\n    <div class=\"vp-portfolio__item-img\">\n        <a  href=\"https:\/\/sevillanism.es\/wp-content\/uploads\/2021\/12\/macarena_espalda_laminas_fotografo_arquitectura_sevilla.jpg\" >\n        <img width=\"1000\" height=\"957\" src=\"https:\/\/sevillanism.es\/wp-content\/uploads\/2021\/12\/macarena_espalda_laminas_fotografo_arquitectura_sevilla.jpg\" class=\"wp-image-1001\" alt=\"macarena_espalda_laminas_fotografo_arquitectura_sevilla\" loading=\"lazy\" srcset=\"https:\/\/sevillanism.es\/wp-content\/uploads\/2021\/12\/macarena_espalda_laminas_fotografo_arquitectura_sevilla.jpg 1000w, https:\/\/sevillanism.es\/wp-content\/uploads\/2021\/12\/macarena_espalda_laminas_fotografo_arquitectura_sevilla-300x287.jpg 300w, https:\/\/sevillanism.es\/wp-content\/uploads\/2021\/12\/macarena_espalda_laminas_fotografo_arquitectura_sevilla-768x735.jpg 768w, https:\/\/sevillanism.es\/wp-content\/uploads\/2021\/12\/macarena_espalda_laminas_fotografo_arquitectura_sevilla-500x479.jpg 500w, https:\/\/sevillanism.es\/wp-content\/uploads\/2021\/12\/macarena_espalda_laminas_fotografo_arquitectura_sevilla-800x766.jpg 800w, https:\/\/sevillanism.es\/wp-content\/uploads\/2021\/12\/macarena_espalda_laminas_fotografo_arquitectura_sevilla-350x335.jpg 350w\" sizes=\"100vw\" \/>\n        <\/a>    <\/div>\n<\/div>\n\n<figcaption class=\"vp-portfolio__item-overlay vp-portfolio__item-align-center\">\n    <div class=\"vp-portfolio__item-meta-wrap vp-portfolio__custom-scrollbar\">\n        <a  href=\"https:\/\/sevillanism.es\/wp-content\/uploads\/2021\/12\/macarena_espalda_laminas_fotografo_arquitectura_sevilla.jpg\" tabindex=\"-1\" class=\"vp-portfolio__item-meta\" >\n        \n<h2 class=\"vp-portfolio__item-meta-title\">\n    Camar\u00edn Macarena. Sevilla<\/h2>\n\n        <\/a>    <\/div>\n<\/figcaption>\n            <\/figure>\n                    <\/div>\n        \n        <div class=\"vp-portfolio__item-wrap vp-portfolio__item-uid-a9e46b96\" data-vp-filter=\"\">\n                        <div class=\"vp-portfolio__item-popup\"\n                style=\"display: none;\"\n                data-vp-popup-img=\"https:\/\/sevillanism.es\/wp-content\/uploads\/2021\/12\/muestrario3_catalogo_laminas_fotografo_arquitectura_sevilla.jpg\"\n                data-vp-popup-img-srcset=\"https:\/\/sevillanism.es\/wp-content\/uploads\/2021\/12\/muestrario3_catalogo_laminas_fotografo_arquitectura_sevilla.jpg 1000w, https:\/\/sevillanism.es\/wp-content\/uploads\/2021\/12\/muestrario3_catalogo_laminas_fotografo_arquitectura_sevilla-212x300.jpg 212w, https:\/\/sevillanism.es\/wp-content\/uploads\/2021\/12\/muestrario3_catalogo_laminas_fotografo_arquitectura_sevilla-724x1024.jpg 724w, https:\/\/sevillanism.es\/wp-content\/uploads\/2021\/12\/muestrario3_catalogo_laminas_fotografo_arquitectura_sevilla-768x1087.jpg 768w, https:\/\/sevillanism.es\/wp-content\/uploads\/2021\/12\/muestrario3_catalogo_laminas_fotografo_arquitectura_sevilla-500x708.jpg 500w, https:\/\/sevillanism.es\/wp-content\/uploads\/2021\/12\/muestrario3_catalogo_laminas_fotografo_arquitectura_sevilla-800x1132.jpg 800w, https:\/\/sevillanism.es\/wp-content\/uploads\/2021\/12\/muestrario3_catalogo_laminas_fotografo_arquitectura_sevilla-350x495.jpg 350w\"\n                data-vp-popup-img-size=\"1000x1415\"\n                data-vp-popup-md-img=\"https:\/\/sevillanism.es\/wp-content\/uploads\/2021\/12\/muestrario3_catalogo_laminas_fotografo_arquitectura_sevilla-800x1132.jpg\"\n                data-vp-popup-md-img-size=\"800x1132\"\n                data-vp-popup-sm-img=\"https:\/\/sevillanism.es\/wp-content\/uploads\/2021\/12\/muestrario3_catalogo_laminas_fotografo_arquitectura_sevilla-500x708.jpg\"\n                data-vp-popup-sm-img-size=\"500x708\"\n            >\n                                    <h3 class=\"vp-portfolio__item-popup-title\">Muestrario l\u00e1minas 3\/3. Sevilla<\/h3>\n                                        <div class=\"vp-portfolio__item-popup-description\">Muestrario cat\u00e1logo l\u00e1minas_Sevilla<\/div>\n                                <\/div>\n                                    <figure class=\"vp-portfolio__item\">\n                \n<div class=\"vp-portfolio__item-img-wrap\">\n    <div class=\"vp-portfolio__item-img\">\n        <a  href=\"https:\/\/sevillanism.es\/wp-content\/uploads\/2021\/12\/muestrario3_catalogo_laminas_fotografo_arquitectura_sevilla.jpg\" >\n        <img width=\"1000\" height=\"1415\" src=\"https:\/\/sevillanism.es\/wp-content\/uploads\/2021\/12\/muestrario3_catalogo_laminas_fotografo_arquitectura_sevilla.jpg\" class=\"wp-image-1009\" alt=\"muestrario3_catalogo_laminas_fotografo_arquitectura_sevilla\" loading=\"lazy\" srcset=\"https:\/\/sevillanism.es\/wp-content\/uploads\/2021\/12\/muestrario3_catalogo_laminas_fotografo_arquitectura_sevilla.jpg 1000w, https:\/\/sevillanism.es\/wp-content\/uploads\/2021\/12\/muestrario3_catalogo_laminas_fotografo_arquitectura_sevilla-212x300.jpg 212w, https:\/\/sevillanism.es\/wp-content\/uploads\/2021\/12\/muestrario3_catalogo_laminas_fotografo_arquitectura_sevilla-724x1024.jpg 724w, https:\/\/sevillanism.es\/wp-content\/uploads\/2021\/12\/muestrario3_catalogo_laminas_fotografo_arquitectura_sevilla-768x1087.jpg 768w, https:\/\/sevillanism.es\/wp-content\/uploads\/2021\/12\/muestrario3_catalogo_laminas_fotografo_arquitectura_sevilla-500x708.jpg 500w, https:\/\/sevillanism.es\/wp-content\/uploads\/2021\/12\/muestrario3_catalogo_laminas_fotografo_arquitectura_sevilla-800x1132.jpg 800w, https:\/\/sevillanism.es\/wp-content\/uploads\/2021\/12\/muestrario3_catalogo_laminas_fotografo_arquitectura_sevilla-350x495.jpg 350w\" sizes=\"100vw\" \/>\n        <\/a>    <\/div>\n<\/div>\n\n<figcaption class=\"vp-portfolio__item-overlay vp-portfolio__item-align-center\">\n    <div class=\"vp-portfolio__item-meta-wrap vp-portfolio__custom-scrollbar\">\n        <a  href=\"https:\/\/sevillanism.es\/wp-content\/uploads\/2021\/12\/muestrario3_catalogo_laminas_fotografo_arquitectura_sevilla.jpg\" tabindex=\"-1\" class=\"vp-portfolio__item-meta\" >\n        \n<h2 class=\"vp-portfolio__item-meta-title\">\n    Muestrario l\u00e1minas 3\/3. Sevilla<\/h2>\n\n        <\/a>    <\/div>\n<\/figcaption>\n            <\/figure>\n                    <\/div>\n        \n        <div class=\"vp-portfolio__item-wrap vp-portfolio__item-uid-09fc3c41\" data-vp-filter=\"\">\n                        <div class=\"vp-portfolio__item-popup\"\n                style=\"display: none;\"\n                data-vp-popup-img=\"https:\/\/sevillanism.es\/wp-content\/uploads\/2021\/12\/muestrario1_catalogo_laminas_fotografo_arquitectura_sevilla.jpg\"\n                data-vp-popup-img-srcset=\"https:\/\/sevillanism.es\/wp-content\/uploads\/2021\/12\/muestrario1_catalogo_laminas_fotografo_arquitectura_sevilla.jpg 1000w, https:\/\/sevillanism.es\/wp-content\/uploads\/2021\/12\/muestrario1_catalogo_laminas_fotografo_arquitectura_sevilla-212x300.jpg 212w, https:\/\/sevillanism.es\/wp-content\/uploads\/2021\/12\/muestrario1_catalogo_laminas_fotografo_arquitectura_sevilla-724x1024.jpg 724w, https:\/\/sevillanism.es\/wp-content\/uploads\/2021\/12\/muestrario1_catalogo_laminas_fotografo_arquitectura_sevilla-768x1087.jpg 768w, https:\/\/sevillanism.es\/wp-content\/uploads\/2021\/12\/muestrario1_catalogo_laminas_fotografo_arquitectura_sevilla-500x708.jpg 500w, https:\/\/sevillanism.es\/wp-content\/uploads\/2021\/12\/muestrario1_catalogo_laminas_fotografo_arquitectura_sevilla-800x1132.jpg 800w, https:\/\/sevillanism.es\/wp-content\/uploads\/2021\/12\/muestrario1_catalogo_laminas_fotografo_arquitectura_sevilla-350x495.jpg 350w\"\n                data-vp-popup-img-size=\"1000x1415\"\n                data-vp-popup-md-img=\"https:\/\/sevillanism.es\/wp-content\/uploads\/2021\/12\/muestrario1_catalogo_laminas_fotografo_arquitectura_sevilla-800x1132.jpg\"\n                data-vp-popup-md-img-size=\"800x1132\"\n                data-vp-popup-sm-img=\"https:\/\/sevillanism.es\/wp-content\/uploads\/2021\/12\/muestrario1_catalogo_laminas_fotografo_arquitectura_sevilla-500x708.jpg\"\n                data-vp-popup-sm-img-size=\"500x708\"\n            >\n                                    <h3 class=\"vp-portfolio__item-popup-title\">Muestrario l\u00e1minas 1\/3. Sevilla<\/h3>\n                                        <div class=\"vp-portfolio__item-popup-description\">Muestrario cat\u00e1logo l\u00e1minas_Sevilla<\/div>\n                                <\/div>\n                                    <figure class=\"vp-portfolio__item\">\n                \n<div class=\"vp-portfolio__item-img-wrap\">\n    <div class=\"vp-portfolio__item-img\">\n        <a  href=\"https:\/\/sevillanism.es\/wp-content\/uploads\/2021\/12\/muestrario1_catalogo_laminas_fotografo_arquitectura_sevilla.jpg\" >\n        <img width=\"1000\" height=\"1415\" src=\"https:\/\/sevillanism.es\/wp-content\/uploads\/2021\/12\/muestrario1_catalogo_laminas_fotografo_arquitectura_sevilla.jpg\" class=\"wp-image-1007\" alt=\"muestrario1_catalogo_laminas_fotografo_arquitectura_sevilla\" loading=\"lazy\" srcset=\"https:\/\/sevillanism.es\/wp-content\/uploads\/2021\/12\/muestrario1_catalogo_laminas_fotografo_arquitectura_sevilla.jpg 1000w, https:\/\/sevillanism.es\/wp-content\/uploads\/2021\/12\/muestrario1_catalogo_laminas_fotografo_arquitectura_sevilla-212x300.jpg 212w, https:\/\/sevillanism.es\/wp-content\/uploads\/2021\/12\/muestrario1_catalogo_laminas_fotografo_arquitectura_sevilla-724x1024.jpg 724w, https:\/\/sevillanism.es\/wp-content\/uploads\/2021\/12\/muestrario1_catalogo_laminas_fotografo_arquitectura_sevilla-768x1087.jpg 768w, https:\/\/sevillanism.es\/wp-content\/uploads\/2021\/12\/muestrario1_catalogo_laminas_fotografo_arquitectura_sevilla-500x708.jpg 500w, https:\/\/sevillanism.es\/wp-content\/uploads\/2021\/12\/muestrario1_catalogo_laminas_fotografo_arquitectura_sevilla-800x1132.jpg 800w, https:\/\/sevillanism.es\/wp-content\/uploads\/2021\/12\/muestrario1_catalogo_laminas_fotografo_arquitectura_sevilla-350x495.jpg 350w\" sizes=\"100vw\" \/>\n        <\/a>    <\/div>\n<\/div>\n\n<figcaption class=\"vp-portfolio__item-overlay vp-portfolio__item-align-center\">\n    <div class=\"vp-portfolio__item-meta-wrap vp-portfolio__custom-scrollbar\">\n        <a  href=\"https:\/\/sevillanism.es\/wp-content\/uploads\/2021\/12\/muestrario1_catalogo_laminas_fotografo_arquitectura_sevilla.jpg\" tabindex=\"-1\" class=\"vp-portfolio__item-meta\" >\n        \n<h2 class=\"vp-portfolio__item-meta-title\">\n    Muestrario l\u00e1minas 1\/3. Sevilla<\/h2>\n\n        <\/a>    <\/div>\n<\/figcaption>\n            <\/figure>\n                    <\/div>\n        \n        <div class=\"vp-portfolio__item-wrap vp-portfolio__item-uid-a4230860\" data-vp-filter=\"\">\n                        <div class=\"vp-portfolio__item-popup\"\n                style=\"display: none;\"\n                data-vp-popup-img=\"https:\/\/sevillanism.es\/wp-content\/uploads\/2021\/12\/muestrario2_catalogo_laminas_fotografo_arquitectura_sevilla.jpg\"\n                data-vp-popup-img-srcset=\"https:\/\/sevillanism.es\/wp-content\/uploads\/2021\/12\/muestrario2_catalogo_laminas_fotografo_arquitectura_sevilla.jpg 1000w, https:\/\/sevillanism.es\/wp-content\/uploads\/2021\/12\/muestrario2_catalogo_laminas_fotografo_arquitectura_sevilla-212x300.jpg 212w, https:\/\/sevillanism.es\/wp-content\/uploads\/2021\/12\/muestrario2_catalogo_laminas_fotografo_arquitectura_sevilla-724x1024.jpg 724w, https:\/\/sevillanism.es\/wp-content\/uploads\/2021\/12\/muestrario2_catalogo_laminas_fotografo_arquitectura_sevilla-768x1087.jpg 768w, https:\/\/sevillanism.es\/wp-content\/uploads\/2021\/12\/muestrario2_catalogo_laminas_fotografo_arquitectura_sevilla-500x708.jpg 500w, https:\/\/sevillanism.es\/wp-content\/uploads\/2021\/12\/muestrario2_catalogo_laminas_fotografo_arquitectura_sevilla-800x1132.jpg 800w, https:\/\/sevillanism.es\/wp-content\/uploads\/2021\/12\/muestrario2_catalogo_laminas_fotografo_arquitectura_sevilla-350x495.jpg 350w\"\n                data-vp-popup-img-size=\"1000x1415\"\n                data-vp-popup-md-img=\"https:\/\/sevillanism.es\/wp-content\/uploads\/2021\/12\/muestrario2_catalogo_laminas_fotografo_arquitectura_sevilla-800x1132.jpg\"\n                data-vp-popup-md-img-size=\"800x1132\"\n                data-vp-popup-sm-img=\"https:\/\/sevillanism.es\/wp-content\/uploads\/2021\/12\/muestrario2_catalogo_laminas_fotografo_arquitectura_sevilla-500x708.jpg\"\n                data-vp-popup-sm-img-size=\"500x708\"\n            >\n                                    <h3 class=\"vp-portfolio__item-popup-title\">Muestrario l\u00e1minas 2\/3. Sevilla<\/h3>\n                                        <div class=\"vp-portfolio__item-popup-description\">Muestrario cat\u00e1logo l\u00e1minas_Sevilla<\/div>\n                                <\/div>\n                                    <figure class=\"vp-portfolio__item\">\n                \n<div class=\"vp-portfolio__item-img-wrap\">\n    <div class=\"vp-portfolio__item-img\">\n        <a  href=\"https:\/\/sevillanism.es\/wp-content\/uploads\/2021\/12\/muestrario2_catalogo_laminas_fotografo_arquitectura_sevilla.jpg\" >\n        <img width=\"1000\" height=\"1415\" src=\"https:\/\/sevillanism.es\/wp-content\/uploads\/2021\/12\/muestrario2_catalogo_laminas_fotografo_arquitectura_sevilla.jpg\" class=\"wp-image-1008\" alt=\"muestrario2_catalogo_laminas_fotografo_arquitectura_sevilla\" loading=\"lazy\" srcset=\"https:\/\/sevillanism.es\/wp-content\/uploads\/2021\/12\/muestrario2_catalogo_laminas_fotografo_arquitectura_sevilla.jpg 1000w, https:\/\/sevillanism.es\/wp-content\/uploads\/2021\/12\/muestrario2_catalogo_laminas_fotografo_arquitectura_sevilla-212x300.jpg 212w, https:\/\/sevillanism.es\/wp-content\/uploads\/2021\/12\/muestrario2_catalogo_laminas_fotografo_arquitectura_sevilla-724x1024.jpg 724w, https:\/\/sevillanism.es\/wp-content\/uploads\/2021\/12\/muestrario2_catalogo_laminas_fotografo_arquitectura_sevilla-768x1087.jpg 768w, https:\/\/sevillanism.es\/wp-content\/uploads\/2021\/12\/muestrario2_catalogo_laminas_fotografo_arquitectura_sevilla-500x708.jpg 500w, https:\/\/sevillanism.es\/wp-content\/uploads\/2021\/12\/muestrario2_catalogo_laminas_fotografo_arquitectura_sevilla-800x1132.jpg 800w, https:\/\/sevillanism.es\/wp-content\/uploads\/2021\/12\/muestrario2_catalogo_laminas_fotografo_arquitectura_sevilla-350x495.jpg 350w\" sizes=\"100vw\" \/>\n        <\/a>    <\/div>\n<\/div>\n\n<figcaption class=\"vp-portfolio__item-overlay vp-portfolio__item-align-center\">\n    <div class=\"vp-portfolio__item-meta-wrap vp-portfolio__custom-scrollbar\">\n        <a  href=\"https:\/\/sevillanism.es\/wp-content\/uploads\/2021\/12\/muestrario2_catalogo_laminas_fotografo_arquitectura_sevilla.jpg\" tabindex=\"-1\" class=\"vp-portfolio__item-meta\" >\n        \n<h2 class=\"vp-portfolio__item-meta-title\">\n    Muestrario l\u00e1minas 2\/3. Sevilla<\/h2>\n\n        <\/a>    <\/div>\n<\/figcaption>\n            <\/figure>\n                    <\/div>\n        \n<\/div>\n        <\/div>\n        \n<\/div>\n        <\/div>\n        \n\n\n<h3 class=\"has-text-align-center\">Si est\u00e1 interesado en adquirir otro tama\u00f1o o imagen para la l\u00e1mina, p\u00f3ngase en <a rel=\"noreferrer noopener\" href=\"https:\/\/sevillanism.es\/index.php\/contacto\/\" target=\"_blank\">contacto<\/a> para concretar. Pedido bajo demanda.<\/h3>\n","protected":false},"excerpt":{"rendered":"<p>Tienda online no disponible. Mientras tanto, tienes el muestrario de cada producto y puedes hacer tu pedido a trav\u00e9s de&nbsp;Contacto, mediante un&nbsp;MD&nbsp;en&nbsp;Instagram&nbsp;o un&nbsp;mensaje&nbsp;por&nbsp;Facebook. Si est\u00e1 interesado en adquirir otro tama\u00f1o o imagen para la l\u00e1mina, p\u00f3ngase en contacto para concretar. Pedido bajo demanda.<\/p>\n","protected":false},"author":1,"featured_media":0,"parent":0,"menu_order":0,"comment_status":"closed","ping_status":"closed","template":"","meta":{"_vp_format_video_url":"","_vp_image_focal_point":[]},"_links":{"self":[{"href":"https:\/\/sevillanism.es\/index.php\/wp-json\/wp\/v2\/pages\/698"}],"collection":[{"href":"https:\/\/sevillanism.es\/index.php\/wp-json\/wp\/v2\/pages"}],"about":[{"href":"https:\/\/sevillanism.es\/index.php\/wp-json\/wp\/v2\/types\/page"}],"author":[{"embeddable":true,"href":"https:\/\/sevillanism.es\/index.php\/wp-json\/wp\/v2\/users\/1"}],"replies":[{"embeddable":true,"href":"https:\/\/sevillanism.es\/index.php\/wp-json\/wp\/v2\/comments?post=698"}],"version-history":[{"count":15,"href":"https:\/\/sevillanism.es\/index.php\/wp-json\/wp\/v2\/pages\/698\/revisions"}],"predecessor-version":[{"id":1011,"href":"https:\/\/sevillanism.es\/index.php\/wp-json\/wp\/v2\/pages\/698\/revisions\/1011"}],"wp:attachment":[{"href":"https:\/\/sevillanism.es\/index.php\/wp-json\/wp\/v2\/media?parent=698"}],"curies":[{"name":"wp","href":"https:\/\/api.w.org\/{rel}","templated":true}]}}