{"id":692,"date":"2021-12-08T12:41:15","date_gmt":"2021-12-08T12:41:15","guid":{"rendered":"https:\/\/sevillanism.es\/?page_id=692"},"modified":"2021-12-23T09:57:14","modified_gmt":"2021-12-23T09:57:14","slug":"marcapaginas","status":"publish","type":"page","link":"https:\/\/sevillanism.es\/index.php\/marcapaginas\/","title":{"rendered":"Marcap\u00e1ginas"},"content":{"rendered":"\n<p class=\"has-text-align-center\">Tienda online no disponible. Mientras tanto, tienes el muestrario de cada producto y puedes hacer tu pedido a trav\u00e9s de&nbsp;<a rel=\"noreferrer noopener\" href=\"https:\/\/sevillanism.es\/index.php\/contacto\/\" target=\"_blank\">Contacto<\/a>, mediante un&nbsp;<a rel=\"noreferrer noopener\" href=\"https:\/\/www.instagram.com\/direct\/t\/340282366841710300949128127328088305723?hl=es\" target=\"_blank\">MD<\/a>&nbsp;en&nbsp;<a rel=\"noreferrer noopener\" href=\"https:\/\/www.instagram.com\/kurkonirvanism\/?hl=es\" target=\"_blank\">Instagram<\/a>&nbsp;o un&nbsp;<a rel=\"noreferrer noopener\" href=\"https:\/\/www.facebook.com\/messages\/t\/kurko.nirvanism\" target=\"_blank\">mensaje<\/a>&nbsp;por&nbsp;<a rel=\"noreferrer noopener\" href=\"https:\/\/www.facebook.com\/kurko.nirvanism\" target=\"_blank\">Facebook<\/a>. <\/p>\n\n\n\n<hr class=\"wp-block-separator is-style-dots\"\/>\n\n\n\n<figure class=\"wp-block-video\"><video autoplay controls loop muted src=\"https:\/\/sevillanism.es\/wp-content\/uploads\/2021\/12\/presentacion_marcapaginas_fotografo_arquitectura_sevilla.mp4\"><\/video><figcaption>Presentaci\u00f3n marcap\u00e1ginas Sevilla<\/figcaption><\/figure>\n\n\n\n<hr class=\"wp-block-separator is-style-dots\"\/>\n\n\n        <div class=\"wp-block-visual-portfolio\">\n            \n<div class=\"vp-portfolio vp-uid-93909f7b vp-id-Z1mOLkn\"\n    data-vp-layout=\"masonry\" data-vp-items-style=\"fade\" data-vp-items-click-action=\"popup_gallery\" data-vp-items-gap=\"15\" data-vp-items-gap-vertical=\"15\" data-vp-pagination=\"load-more\" data-vp-next-page-url=\"\" data-vp-masonry-columns=\"2\" >\n    <div class=\"vp-portfolio__preloader-wrap\">\n        <div class=\"vp-portfolio__preloader\">\n            <img loading=\"eager\" src=\"https:\/\/sevillanism.es\/wp-content\/plugins\/visual-portfolio\/assets\/images\/logo-dark.svg\" alt=\"Visual Portfolio, Posts &amp; Image Gallery for WordPress\" width=\"20\" height=\"20\" data-skip-lazy>\n        <\/div>\n    <\/div>\n        <div class=\"vp-portfolio__items-wrap\">\n            \n<div class=\"vp-portfolio__items vp-portfolio__items-style-fade vp-portfolio__items-show-overlay-hover\">\n\n        <div class=\"vp-portfolio__item-wrap vp-portfolio__item-uid-b40fa280\" data-vp-filter=\"\">\n                        <div class=\"vp-portfolio__item-popup\"\n                style=\"display: none;\"\n                data-vp-popup-img=\"https:\/\/sevillanism.es\/wp-content\/uploads\/2021\/12\/catalogo_informacion_marcapaginas_fotografo_arquitectura_sevilla-1000x1000.jpg\"\n                data-vp-popup-img-srcset=\"https:\/\/sevillanism.es\/wp-content\/uploads\/2021\/12\/catalogo_informacion_marcapaginas_fotografo_arquitectura_sevilla-1000x1000.jpg 1000w, https:\/\/sevillanism.es\/wp-content\/uploads\/2021\/12\/catalogo_informacion_marcapaginas_fotografo_arquitectura_sevilla-300x300.jpg 300w, https:\/\/sevillanism.es\/wp-content\/uploads\/2021\/12\/catalogo_informacion_marcapaginas_fotografo_arquitectura_sevilla-1024x1024.jpg 1024w, https:\/\/sevillanism.es\/wp-content\/uploads\/2021\/12\/catalogo_informacion_marcapaginas_fotografo_arquitectura_sevilla-150x150.jpg 150w, https:\/\/sevillanism.es\/wp-content\/uploads\/2021\/12\/catalogo_informacion_marcapaginas_fotografo_arquitectura_sevilla-768x768.jpg 768w, https:\/\/sevillanism.es\/wp-content\/uploads\/2021\/12\/catalogo_informacion_marcapaginas_fotografo_arquitectura_sevilla-1536x1536.jpg 1536w, https:\/\/sevillanism.es\/wp-content\/uploads\/2021\/12\/catalogo_informacion_marcapaginas_fotografo_arquitectura_sevilla-500x500.jpg 500w, https:\/\/sevillanism.es\/wp-content\/uploads\/2021\/12\/catalogo_informacion_marcapaginas_fotografo_arquitectura_sevilla-800x800.jpg 800w, https:\/\/sevillanism.es\/wp-content\/uploads\/2021\/12\/catalogo_informacion_marcapaginas_fotografo_arquitectura_sevilla-1280x1280.jpg 1280w, https:\/\/sevillanism.es\/wp-content\/uploads\/2021\/12\/catalogo_informacion_marcapaginas_fotografo_arquitectura_sevilla-1920x1920.jpg 1920w, https:\/\/sevillanism.es\/wp-content\/uploads\/2021\/12\/catalogo_informacion_marcapaginas_fotografo_arquitectura_sevilla-100x100.jpg 100w, https:\/\/sevillanism.es\/wp-content\/uploads\/2021\/12\/catalogo_informacion_marcapaginas_fotografo_arquitectura_sevilla-250x250.jpg 250w, https:\/\/sevillanism.es\/wp-content\/uploads\/2021\/12\/catalogo_informacion_marcapaginas_fotografo_arquitectura_sevilla-350x350.jpg 350w, https:\/\/sevillanism.es\/wp-content\/uploads\/2021\/12\/catalogo_informacion_marcapaginas_fotografo_arquitectura_sevilla.jpg 1941w\"\n                data-vp-popup-img-size=\"1000x1000\"\n                data-vp-popup-md-img=\"https:\/\/sevillanism.es\/wp-content\/uploads\/2021\/12\/catalogo_informacion_marcapaginas_fotografo_arquitectura_sevilla-800x800.jpg\"\n                data-vp-popup-md-img-size=\"800x800\"\n                data-vp-popup-sm-img=\"https:\/\/sevillanism.es\/wp-content\/uploads\/2021\/12\/catalogo_informacion_marcapaginas_fotografo_arquitectura_sevilla-500x500.jpg\"\n                data-vp-popup-sm-img-size=\"500x500\"\n            >\n                                    <h3 class=\"vp-portfolio__item-popup-title\">Cat\u00e1logo marcap\u00e1ginas. Sevilla<\/h3>\n                                        <div class=\"vp-portfolio__item-popup-description\">Cat\u00e1logo e informaci\u00f3n marcap\u00e1ginas_Sevilla<\/div>\n                                <\/div>\n                                    <figure class=\"vp-portfolio__item\">\n                \n<div class=\"vp-portfolio__item-img-wrap\">\n    <div class=\"vp-portfolio__item-img\">\n        <a  href=\"https:\/\/sevillanism.es\/wp-content\/uploads\/2021\/12\/catalogo_informacion_marcapaginas_fotografo_arquitectura_sevilla-1000x1000.jpg\" >\n        <img width=\"1920\" height=\"1920\" src=\"https:\/\/sevillanism.es\/wp-content\/uploads\/2021\/12\/catalogo_informacion_marcapaginas_fotografo_arquitectura_sevilla-1920x1920.jpg\" class=\"wp-image-1018\" alt=\"catalogo_informacion_marcapaginas_fotografo_arquitectura_sevilla\" loading=\"lazy\" srcset=\"https:\/\/sevillanism.es\/wp-content\/uploads\/2021\/12\/catalogo_informacion_marcapaginas_fotografo_arquitectura_sevilla-1920x1920.jpg 1920w, https:\/\/sevillanism.es\/wp-content\/uploads\/2021\/12\/catalogo_informacion_marcapaginas_fotografo_arquitectura_sevilla-300x300.jpg 300w, https:\/\/sevillanism.es\/wp-content\/uploads\/2021\/12\/catalogo_informacion_marcapaginas_fotografo_arquitectura_sevilla-1024x1024.jpg 1024w, https:\/\/sevillanism.es\/wp-content\/uploads\/2021\/12\/catalogo_informacion_marcapaginas_fotografo_arquitectura_sevilla-150x150.jpg 150w, https:\/\/sevillanism.es\/wp-content\/uploads\/2021\/12\/catalogo_informacion_marcapaginas_fotografo_arquitectura_sevilla-768x768.jpg 768w, https:\/\/sevillanism.es\/wp-content\/uploads\/2021\/12\/catalogo_informacion_marcapaginas_fotografo_arquitectura_sevilla-1536x1536.jpg 1536w, https:\/\/sevillanism.es\/wp-content\/uploads\/2021\/12\/catalogo_informacion_marcapaginas_fotografo_arquitectura_sevilla-500x500.jpg 500w, https:\/\/sevillanism.es\/wp-content\/uploads\/2021\/12\/catalogo_informacion_marcapaginas_fotografo_arquitectura_sevilla-800x800.jpg 800w, https:\/\/sevillanism.es\/wp-content\/uploads\/2021\/12\/catalogo_informacion_marcapaginas_fotografo_arquitectura_sevilla-1280x1280.jpg 1280w, https:\/\/sevillanism.es\/wp-content\/uploads\/2021\/12\/catalogo_informacion_marcapaginas_fotografo_arquitectura_sevilla-1000x1000.jpg 1000w, https:\/\/sevillanism.es\/wp-content\/uploads\/2021\/12\/catalogo_informacion_marcapaginas_fotografo_arquitectura_sevilla-100x100.jpg 100w, https:\/\/sevillanism.es\/wp-content\/uploads\/2021\/12\/catalogo_informacion_marcapaginas_fotografo_arquitectura_sevilla-250x250.jpg 250w, https:\/\/sevillanism.es\/wp-content\/uploads\/2021\/12\/catalogo_informacion_marcapaginas_fotografo_arquitectura_sevilla-350x350.jpg 350w, https:\/\/sevillanism.es\/wp-content\/uploads\/2021\/12\/catalogo_informacion_marcapaginas_fotografo_arquitectura_sevilla.jpg 1941w\" sizes=\"100vw\" \/>\n        <\/a>    <\/div>\n<\/div>\n\n<figcaption class=\"vp-portfolio__item-overlay vp-portfolio__item-align-center\">\n    <div class=\"vp-portfolio__item-meta-wrap vp-portfolio__custom-scrollbar\">\n        <a  href=\"https:\/\/sevillanism.es\/wp-content\/uploads\/2021\/12\/catalogo_informacion_marcapaginas_fotografo_arquitectura_sevilla-1000x1000.jpg\" tabindex=\"-1\" class=\"vp-portfolio__item-meta\" >\n        \n<h2 class=\"vp-portfolio__item-meta-title\">\n    Cat\u00e1logo marcap\u00e1ginas. Sevilla<\/h2>\n\n        <\/a>    <\/div>\n<\/figcaption>\n            <\/figure>\n                    <\/div>\n        \n        <div class=\"vp-portfolio__item-wrap vp-portfolio__item-uid-80d9c71b\" data-vp-filter=\"\">\n                        <div class=\"vp-portfolio__item-popup\"\n                style=\"display: none;\"\n                data-vp-popup-img=\"https:\/\/sevillanism.es\/wp-content\/uploads\/2021\/12\/oferta_packs_imanes_marcapaginas_fotografo_arquitectura_sevilla-1000x1000.jpg\"\n                data-vp-popup-img-srcset=\"https:\/\/sevillanism.es\/wp-content\/uploads\/2021\/12\/oferta_packs_imanes_marcapaginas_fotografo_arquitectura_sevilla-1000x1000.jpg 1000w, https:\/\/sevillanism.es\/wp-content\/uploads\/2021\/12\/oferta_packs_imanes_marcapaginas_fotografo_arquitectura_sevilla-300x300.jpg 300w, https:\/\/sevillanism.es\/wp-content\/uploads\/2021\/12\/oferta_packs_imanes_marcapaginas_fotografo_arquitectura_sevilla-1024x1024.jpg 1024w, https:\/\/sevillanism.es\/wp-content\/uploads\/2021\/12\/oferta_packs_imanes_marcapaginas_fotografo_arquitectura_sevilla-150x150.jpg 150w, https:\/\/sevillanism.es\/wp-content\/uploads\/2021\/12\/oferta_packs_imanes_marcapaginas_fotografo_arquitectura_sevilla-768x768.jpg 768w, https:\/\/sevillanism.es\/wp-content\/uploads\/2021\/12\/oferta_packs_imanes_marcapaginas_fotografo_arquitectura_sevilla-1536x1536.jpg 1536w, https:\/\/sevillanism.es\/wp-content\/uploads\/2021\/12\/oferta_packs_imanes_marcapaginas_fotografo_arquitectura_sevilla-500x500.jpg 500w, https:\/\/sevillanism.es\/wp-content\/uploads\/2021\/12\/oferta_packs_imanes_marcapaginas_fotografo_arquitectura_sevilla-800x800.jpg 800w, https:\/\/sevillanism.es\/wp-content\/uploads\/2021\/12\/oferta_packs_imanes_marcapaginas_fotografo_arquitectura_sevilla-1280x1280.jpg 1280w, https:\/\/sevillanism.es\/wp-content\/uploads\/2021\/12\/oferta_packs_imanes_marcapaginas_fotografo_arquitectura_sevilla-1920x1920.jpg 1920w, https:\/\/sevillanism.es\/wp-content\/uploads\/2021\/12\/oferta_packs_imanes_marcapaginas_fotografo_arquitectura_sevilla-100x100.jpg 100w, https:\/\/sevillanism.es\/wp-content\/uploads\/2021\/12\/oferta_packs_imanes_marcapaginas_fotografo_arquitectura_sevilla-250x250.jpg 250w, https:\/\/sevillanism.es\/wp-content\/uploads\/2021\/12\/oferta_packs_imanes_marcapaginas_fotografo_arquitectura_sevilla-350x350.jpg 350w, https:\/\/sevillanism.es\/wp-content\/uploads\/2021\/12\/oferta_packs_imanes_marcapaginas_fotografo_arquitectura_sevilla.jpg 1941w\"\n                data-vp-popup-img-size=\"1000x1000\"\n                data-vp-popup-md-img=\"https:\/\/sevillanism.es\/wp-content\/uploads\/2021\/12\/oferta_packs_imanes_marcapaginas_fotografo_arquitectura_sevilla-800x800.jpg\"\n                data-vp-popup-md-img-size=\"800x800\"\n                data-vp-popup-sm-img=\"https:\/\/sevillanism.es\/wp-content\/uploads\/2021\/12\/oferta_packs_imanes_marcapaginas_fotografo_arquitectura_sevilla-500x500.jpg\"\n                data-vp-popup-sm-img-size=\"500x500\"\n            >\n                                    <h3 class=\"vp-portfolio__item-popup-title\">Oferta por packs. Sevilla<\/h3>\n                                        <div class=\"vp-portfolio__item-popup-description\">Oferta por packs marcap\u00e1ginas e imanes_Sevilla<\/div>\n                                <\/div>\n                                    <figure class=\"vp-portfolio__item\">\n                \n<div class=\"vp-portfolio__item-img-wrap\">\n    <div class=\"vp-portfolio__item-img\">\n        <a  href=\"https:\/\/sevillanism.es\/wp-content\/uploads\/2021\/12\/oferta_packs_imanes_marcapaginas_fotografo_arquitectura_sevilla-1000x1000.jpg\" >\n        <img width=\"1920\" height=\"1920\" src=\"https:\/\/sevillanism.es\/wp-content\/uploads\/2021\/12\/oferta_packs_imanes_marcapaginas_fotografo_arquitectura_sevilla-1920x1920.jpg\" class=\"wp-image-1014\" alt=\"oferta_packs_imanes_marcapaginas_fotografo_arquitectura_sevilla\" loading=\"lazy\" srcset=\"https:\/\/sevillanism.es\/wp-content\/uploads\/2021\/12\/oferta_packs_imanes_marcapaginas_fotografo_arquitectura_sevilla-1920x1920.jpg 1920w, https:\/\/sevillanism.es\/wp-content\/uploads\/2021\/12\/oferta_packs_imanes_marcapaginas_fotografo_arquitectura_sevilla-300x300.jpg 300w, https:\/\/sevillanism.es\/wp-content\/uploads\/2021\/12\/oferta_packs_imanes_marcapaginas_fotografo_arquitectura_sevilla-1024x1024.jpg 1024w, https:\/\/sevillanism.es\/wp-content\/uploads\/2021\/12\/oferta_packs_imanes_marcapaginas_fotografo_arquitectura_sevilla-150x150.jpg 150w, https:\/\/sevillanism.es\/wp-content\/uploads\/2021\/12\/oferta_packs_imanes_marcapaginas_fotografo_arquitectura_sevilla-768x768.jpg 768w, https:\/\/sevillanism.es\/wp-content\/uploads\/2021\/12\/oferta_packs_imanes_marcapaginas_fotografo_arquitectura_sevilla-1536x1536.jpg 1536w, https:\/\/sevillanism.es\/wp-content\/uploads\/2021\/12\/oferta_packs_imanes_marcapaginas_fotografo_arquitectura_sevilla-500x500.jpg 500w, https:\/\/sevillanism.es\/wp-content\/uploads\/2021\/12\/oferta_packs_imanes_marcapaginas_fotografo_arquitectura_sevilla-800x800.jpg 800w, https:\/\/sevillanism.es\/wp-content\/uploads\/2021\/12\/oferta_packs_imanes_marcapaginas_fotografo_arquitectura_sevilla-1280x1280.jpg 1280w, https:\/\/sevillanism.es\/wp-content\/uploads\/2021\/12\/oferta_packs_imanes_marcapaginas_fotografo_arquitectura_sevilla-1000x1000.jpg 1000w, https:\/\/sevillanism.es\/wp-content\/uploads\/2021\/12\/oferta_packs_imanes_marcapaginas_fotografo_arquitectura_sevilla-100x100.jpg 100w, https:\/\/sevillanism.es\/wp-content\/uploads\/2021\/12\/oferta_packs_imanes_marcapaginas_fotografo_arquitectura_sevilla-250x250.jpg 250w, https:\/\/sevillanism.es\/wp-content\/uploads\/2021\/12\/oferta_packs_imanes_marcapaginas_fotografo_arquitectura_sevilla-350x350.jpg 350w, https:\/\/sevillanism.es\/wp-content\/uploads\/2021\/12\/oferta_packs_imanes_marcapaginas_fotografo_arquitectura_sevilla.jpg 1941w\" sizes=\"100vw\" \/>\n        <\/a>    <\/div>\n<\/div>\n\n<figcaption class=\"vp-portfolio__item-overlay vp-portfolio__item-align-center\">\n    <div class=\"vp-portfolio__item-meta-wrap vp-portfolio__custom-scrollbar\">\n        <a  href=\"https:\/\/sevillanism.es\/wp-content\/uploads\/2021\/12\/oferta_packs_imanes_marcapaginas_fotografo_arquitectura_sevilla-1000x1000.jpg\" tabindex=\"-1\" class=\"vp-portfolio__item-meta\" >\n        \n<h2 class=\"vp-portfolio__item-meta-title\">\n    Oferta por packs. Sevilla<\/h2>\n\n        <\/a>    <\/div>\n<\/figcaption>\n            <\/figure>\n                    <\/div>\n        \n<\/div>\n        <\/div>\n        \n<\/div>\n        <\/div>\n        ","protected":false},"excerpt":{"rendered":"<p>Tienda online no disponible. Mientras tanto, tienes el muestrario de cada producto y puedes hacer tu pedido a trav\u00e9s de&nbsp;Contacto, mediante un&nbsp;MD&nbsp;en&nbsp;Instagram&nbsp;o un&nbsp;mensaje&nbsp;por&nbsp;Facebook.<\/p>\n","protected":false},"author":1,"featured_media":0,"parent":0,"menu_order":0,"comment_status":"closed","ping_status":"closed","template":"","meta":{"_vp_format_video_url":"","_vp_image_focal_point":[]},"_links":{"self":[{"href":"https:\/\/sevillanism.es\/index.php\/wp-json\/wp\/v2\/pages\/692"}],"collection":[{"href":"https:\/\/sevillanism.es\/index.php\/wp-json\/wp\/v2\/pages"}],"about":[{"href":"https:\/\/sevillanism.es\/index.php\/wp-json\/wp\/v2\/types\/page"}],"author":[{"embeddable":true,"href":"https:\/\/sevillanism.es\/index.php\/wp-json\/wp\/v2\/users\/1"}],"replies":[{"embeddable":true,"href":"https:\/\/sevillanism.es\/index.php\/wp-json\/wp\/v2\/comments?post=692"}],"version-history":[{"count":12,"href":"https:\/\/sevillanism.es\/index.php\/wp-json\/wp\/v2\/pages\/692\/revisions"}],"predecessor-version":[{"id":1019,"href":"https:\/\/sevillanism.es\/index.php\/wp-json\/wp\/v2\/pages\/692\/revisions\/1019"}],"wp:attachment":[{"href":"https:\/\/sevillanism.es\/index.php\/wp-json\/wp\/v2\/media?parent=692"}],"curies":[{"name":"wp","href":"https:\/\/api.w.org\/{rel}","templated":true}]}}