{"id":293,"date":"2020-12-04T20:17:10","date_gmt":"2020-12-04T20:17:10","guid":{"rendered":"https:\/\/sevillanism.es\/?page_id=293"},"modified":"2024-04-02T08:56:43","modified_gmt":"2024-04-02T08:56:43","slug":"edificios-singulares","status":"publish","type":"page","link":"https:\/\/sevillanism.es\/index.php\/edificios-singulares\/","title":{"rendered":"Edificios singulares"},"content":{"rendered":"\n<div class=\"wp-container-1 wp-block-buttons\">\n<div class=\"wp-block-button is-style-outline\"><a class=\"wp-block-button__link\" href=\"https:\/\/sevillanism.es\/index.php\/portafolio\/\">atr\u00e1s<\/a><\/div>\n<\/div>\n\n\n\n<div style=\"height:50px\" aria-hidden=\"true\" class=\"wp-block-spacer\"><\/div>\n\n\n        <div class=\"wp-block-visual-portfolio\">\n            \n<div class=\"vp-portfolio vp-uid-2fddcbcc vp-id-Z13mo9y\"\n    data-vp-layout=\"masonry\" data-vp-items-style=\"fade\" data-vp-items-click-action=\"popup_gallery\" data-vp-items-gap=\"15\" data-vp-items-gap-vertical=\"15\" data-vp-pagination=\"load-more\" data-vp-next-page-url=\"\" data-vp-masonry-columns=\"2\" >\n    <div class=\"vp-portfolio__preloader-wrap\">\n        <div class=\"vp-portfolio__preloader\">\n            <img loading=\"eager\" src=\"https:\/\/sevillanism.es\/wp-content\/plugins\/visual-portfolio\/assets\/images\/logo-dark.svg\" alt=\"Visual Portfolio, Posts &amp; Image Gallery for WordPress\" width=\"20\" height=\"20\" data-skip-lazy>\n        <\/div>\n    <\/div>\n        <div class=\"vp-portfolio__items-wrap\">\n            \n<div class=\"vp-portfolio__items vp-portfolio__items-style-fade vp-portfolio__items-show-overlay-hover\">\n\n        <div class=\"vp-portfolio__item-wrap vp-portfolio__item-uid-c8d1bff3\" data-vp-filter=\"\">\n                        <div class=\"vp-portfolio__item-popup\"\n                style=\"display: none;\"\n                data-vp-popup-img=\"https:\/\/sevillanism.es\/wp-content\/uploads\/2024\/04\/cupula_san_luis_edificios_singulares_sevilla-1000x600.jpg\"\n                data-vp-popup-img-srcset=\"https:\/\/sevillanism.es\/wp-content\/uploads\/2024\/04\/cupula_san_luis_edificios_singulares_sevilla-1000x600.jpg 1000w, https:\/\/sevillanism.es\/wp-content\/uploads\/2024\/04\/cupula_san_luis_edificios_singulares_sevilla-300x180.jpg 300w, https:\/\/sevillanism.es\/wp-content\/uploads\/2024\/04\/cupula_san_luis_edificios_singulares_sevilla-1024x614.jpg 1024w, https:\/\/sevillanism.es\/wp-content\/uploads\/2024\/04\/cupula_san_luis_edificios_singulares_sevilla-768x461.jpg 768w, https:\/\/sevillanism.es\/wp-content\/uploads\/2024\/04\/cupula_san_luis_edificios_singulares_sevilla-500x300.jpg 500w, https:\/\/sevillanism.es\/wp-content\/uploads\/2024\/04\/cupula_san_luis_edificios_singulares_sevilla-800x480.jpg 800w, https:\/\/sevillanism.es\/wp-content\/uploads\/2024\/04\/cupula_san_luis_edificios_singulares_sevilla-1280x768.jpg 1280w, https:\/\/sevillanism.es\/wp-content\/uploads\/2024\/04\/cupula_san_luis_edificios_singulares_sevilla-350x210.jpg 350w, https:\/\/sevillanism.es\/wp-content\/uploads\/2024\/04\/cupula_san_luis_edificios_singulares_sevilla.jpg 1417w\"\n                data-vp-popup-img-size=\"1000x600\"\n                data-vp-popup-md-img=\"https:\/\/sevillanism.es\/wp-content\/uploads\/2024\/04\/cupula_san_luis_edificios_singulares_sevilla-800x480.jpg\"\n                data-vp-popup-md-img-size=\"800x480\"\n                data-vp-popup-sm-img=\"https:\/\/sevillanism.es\/wp-content\/uploads\/2024\/04\/cupula_san_luis_edificios_singulares_sevilla-500x300.jpg\"\n                data-vp-popup-sm-img-size=\"500x300\"\n            >\n                                    <h3 class=\"vp-portfolio__item-popup-title\">C\u00fapula de San Luis. Sevilla<\/h3>\n                                        <div class=\"vp-portfolio__item-popup-description\">C\u00fapula de San Luis_Sevilla<\/div>\n                                <\/div>\n                                    <figure class=\"vp-portfolio__item\">\n                \n<div class=\"vp-portfolio__item-img-wrap\">\n    <div class=\"vp-portfolio__item-img\">\n        <a  href=\"https:\/\/sevillanism.es\/wp-content\/uploads\/2024\/04\/cupula_san_luis_edificios_singulares_sevilla-1000x600.jpg\" >\n        <img width=\"1417\" height=\"850\" src=\"https:\/\/sevillanism.es\/wp-content\/uploads\/2024\/04\/cupula_san_luis_edificios_singulares_sevilla.jpg\" class=\"wp-image-4377\" alt=\"cupula_san_luis_edificios_singulares_sevilla\" loading=\"lazy\" srcset=\"https:\/\/sevillanism.es\/wp-content\/uploads\/2024\/04\/cupula_san_luis_edificios_singulares_sevilla.jpg 1417w, https:\/\/sevillanism.es\/wp-content\/uploads\/2024\/04\/cupula_san_luis_edificios_singulares_sevilla-300x180.jpg 300w, https:\/\/sevillanism.es\/wp-content\/uploads\/2024\/04\/cupula_san_luis_edificios_singulares_sevilla-1024x614.jpg 1024w, https:\/\/sevillanism.es\/wp-content\/uploads\/2024\/04\/cupula_san_luis_edificios_singulares_sevilla-768x461.jpg 768w, https:\/\/sevillanism.es\/wp-content\/uploads\/2024\/04\/cupula_san_luis_edificios_singulares_sevilla-500x300.jpg 500w, https:\/\/sevillanism.es\/wp-content\/uploads\/2024\/04\/cupula_san_luis_edificios_singulares_sevilla-800x480.jpg 800w, https:\/\/sevillanism.es\/wp-content\/uploads\/2024\/04\/cupula_san_luis_edificios_singulares_sevilla-1280x768.jpg 1280w, https:\/\/sevillanism.es\/wp-content\/uploads\/2024\/04\/cupula_san_luis_edificios_singulares_sevilla-1000x600.jpg 1000w, https:\/\/sevillanism.es\/wp-content\/uploads\/2024\/04\/cupula_san_luis_edificios_singulares_sevilla-350x210.jpg 350w\" sizes=\"100vw\" \/>\n        <\/a>    <\/div>\n<\/div>\n\n<figcaption class=\"vp-portfolio__item-overlay vp-portfolio__item-align-center\">\n    <div class=\"vp-portfolio__item-meta-wrap vp-portfolio__custom-scrollbar\">\n        <a  href=\"https:\/\/sevillanism.es\/wp-content\/uploads\/2024\/04\/cupula_san_luis_edificios_singulares_sevilla-1000x600.jpg\" tabindex=\"-1\" class=\"vp-portfolio__item-meta\" >\n        \n<h2 class=\"vp-portfolio__item-meta-title\">\n    C\u00fapula de San Luis. Sevilla<\/h2>\n\n        <\/a>    <\/div>\n<\/figcaption>\n            <\/figure>\n                    <\/div>\n        \n        <div class=\"vp-portfolio__item-wrap vp-portfolio__item-uid-dae1f608\" data-vp-filter=\"\">\n                        <div class=\"vp-portfolio__item-popup\"\n                style=\"display: none;\"\n                data-vp-popup-img=\"https:\/\/sevillanism.es\/wp-content\/uploads\/2021\/12\/casa_laureano_montoto_anibal_gonzalez_edificios_singulares_sevilla-1920x1440.jpg\"\n                data-vp-popup-img-srcset=\"https:\/\/sevillanism.es\/wp-content\/uploads\/2021\/12\/casa_laureano_montoto_anibal_gonzalez_edificios_singulares_sevilla-1920x1440.jpg 1920w, https:\/\/sevillanism.es\/wp-content\/uploads\/2021\/12\/casa_laureano_montoto_anibal_gonzalez_edificios_singulares_sevilla-300x225.jpg 300w, https:\/\/sevillanism.es\/wp-content\/uploads\/2021\/12\/casa_laureano_montoto_anibal_gonzalez_edificios_singulares_sevilla-1024x768.jpg 1024w, https:\/\/sevillanism.es\/wp-content\/uploads\/2021\/12\/casa_laureano_montoto_anibal_gonzalez_edificios_singulares_sevilla-768x576.jpg 768w, https:\/\/sevillanism.es\/wp-content\/uploads\/2021\/12\/casa_laureano_montoto_anibal_gonzalez_edificios_singulares_sevilla-1536x1152.jpg 1536w, https:\/\/sevillanism.es\/wp-content\/uploads\/2021\/12\/casa_laureano_montoto_anibal_gonzalez_edificios_singulares_sevilla-2048x1536.jpg 2048w, https:\/\/sevillanism.es\/wp-content\/uploads\/2021\/12\/casa_laureano_montoto_anibal_gonzalez_edificios_singulares_sevilla-500x375.jpg 500w, https:\/\/sevillanism.es\/wp-content\/uploads\/2021\/12\/casa_laureano_montoto_anibal_gonzalez_edificios_singulares_sevilla-800x600.jpg 800w, https:\/\/sevillanism.es\/wp-content\/uploads\/2021\/12\/casa_laureano_montoto_anibal_gonzalez_edificios_singulares_sevilla-1280x960.jpg 1280w, https:\/\/sevillanism.es\/wp-content\/uploads\/2021\/12\/casa_laureano_montoto_anibal_gonzalez_edificios_singulares_sevilla-350x262.jpg 350w, https:\/\/sevillanism.es\/wp-content\/uploads\/2021\/12\/casa_laureano_montoto_anibal_gonzalez_edificios_singulares_sevilla-scaled-e1640192971597.jpg 1000w\"\n                data-vp-popup-img-size=\"1000x750\"\n                data-vp-popup-md-img=\"https:\/\/sevillanism.es\/wp-content\/uploads\/2021\/12\/casa_laureano_montoto_anibal_gonzalez_edificios_singulares_sevilla-800x600.jpg\"\n                data-vp-popup-md-img-size=\"800x600\"\n                data-vp-popup-sm-img=\"https:\/\/sevillanism.es\/wp-content\/uploads\/2021\/12\/casa_laureano_montoto_anibal_gonzalez_edificios_singulares_sevilla-500x375.jpg\"\n                data-vp-popup-sm-img-size=\"500x375\"\n            >\n                                    <h3 class=\"vp-portfolio__item-popup-title\">Casa Laureano Montoto. Sevilla<\/h3>\n                                        <div class=\"vp-portfolio__item-popup-description\">Casa Laureano Montoto de An\u00edbal Gonz\u00e1lez_Sevilla<\/div>\n                                <\/div>\n                                    <figure class=\"vp-portfolio__item\">\n                \n<div class=\"vp-portfolio__item-img-wrap\">\n    <div class=\"vp-portfolio__item-img\">\n        <a  href=\"https:\/\/sevillanism.es\/wp-content\/uploads\/2021\/12\/casa_laureano_montoto_anibal_gonzalez_edificios_singulares_sevilla-1920x1440.jpg\" >\n        <img width=\"1920\" height=\"1440\" src=\"https:\/\/sevillanism.es\/wp-content\/uploads\/2021\/12\/casa_laureano_montoto_anibal_gonzalez_edificios_singulares_sevilla-1920x1440.jpg\" class=\"wp-image-973\" alt=\"casa_laureano_montoto_anibal_gonzalez_edificios_singulares_sevilla\" loading=\"lazy\" srcset=\"https:\/\/sevillanism.es\/wp-content\/uploads\/2021\/12\/casa_laureano_montoto_anibal_gonzalez_edificios_singulares_sevilla-1920x1440.jpg 1920w, https:\/\/sevillanism.es\/wp-content\/uploads\/2021\/12\/casa_laureano_montoto_anibal_gonzalez_edificios_singulares_sevilla-300x225.jpg 300w, https:\/\/sevillanism.es\/wp-content\/uploads\/2021\/12\/casa_laureano_montoto_anibal_gonzalez_edificios_singulares_sevilla-1024x768.jpg 1024w, https:\/\/sevillanism.es\/wp-content\/uploads\/2021\/12\/casa_laureano_montoto_anibal_gonzalez_edificios_singulares_sevilla-768x576.jpg 768w, https:\/\/sevillanism.es\/wp-content\/uploads\/2021\/12\/casa_laureano_montoto_anibal_gonzalez_edificios_singulares_sevilla-1536x1152.jpg 1536w, https:\/\/sevillanism.es\/wp-content\/uploads\/2021\/12\/casa_laureano_montoto_anibal_gonzalez_edificios_singulares_sevilla-2048x1536.jpg 2048w, https:\/\/sevillanism.es\/wp-content\/uploads\/2021\/12\/casa_laureano_montoto_anibal_gonzalez_edificios_singulares_sevilla-500x375.jpg 500w, https:\/\/sevillanism.es\/wp-content\/uploads\/2021\/12\/casa_laureano_montoto_anibal_gonzalez_edificios_singulares_sevilla-800x600.jpg 800w, https:\/\/sevillanism.es\/wp-content\/uploads\/2021\/12\/casa_laureano_montoto_anibal_gonzalez_edificios_singulares_sevilla-1280x960.jpg 1280w, https:\/\/sevillanism.es\/wp-content\/uploads\/2021\/12\/casa_laureano_montoto_anibal_gonzalez_edificios_singulares_sevilla-350x262.jpg 350w, https:\/\/sevillanism.es\/wp-content\/uploads\/2021\/12\/casa_laureano_montoto_anibal_gonzalez_edificios_singulares_sevilla-scaled-e1640192971597.jpg 1000w\" sizes=\"100vw\" \/>\n        <\/a>    <\/div>\n<\/div>\n\n<figcaption class=\"vp-portfolio__item-overlay vp-portfolio__item-align-center\">\n    <div class=\"vp-portfolio__item-meta-wrap vp-portfolio__custom-scrollbar\">\n        <a  href=\"https:\/\/sevillanism.es\/wp-content\/uploads\/2021\/12\/casa_laureano_montoto_anibal_gonzalez_edificios_singulares_sevilla-1920x1440.jpg\" tabindex=\"-1\" class=\"vp-portfolio__item-meta\" >\n        \n<h2 class=\"vp-portfolio__item-meta-title\">\n    Casa Laureano Montoto. Sevilla<\/h2>\n\n        <\/a>    <\/div>\n<\/figcaption>\n            <\/figure>\n                    <\/div>\n        \n        <div class=\"vp-portfolio__item-wrap vp-portfolio__item-uid-cc17b4c8\" data-vp-filter=\"\">\n                        <div class=\"vp-portfolio__item-popup\"\n                style=\"display: none;\"\n                data-vp-popup-img=\"https:\/\/sevillanism.es\/wp-content\/uploads\/2021\/12\/puente_triana_patos_niebla_sevilla-1.jpg\"\n                data-vp-popup-img-srcset=\"https:\/\/sevillanism.es\/wp-content\/uploads\/2021\/12\/puente_triana_patos_niebla_sevilla-1.jpg 1379w, https:\/\/sevillanism.es\/wp-content\/uploads\/2021\/12\/puente_triana_patos_niebla_sevilla-1-300x200.jpg 300w, https:\/\/sevillanism.es\/wp-content\/uploads\/2021\/12\/puente_triana_patos_niebla_sevilla-1-1024x683.jpg 1024w, https:\/\/sevillanism.es\/wp-content\/uploads\/2021\/12\/puente_triana_patos_niebla_sevilla-1-768x512.jpg 768w, https:\/\/sevillanism.es\/wp-content\/uploads\/2021\/12\/puente_triana_patos_niebla_sevilla-1-500x334.jpg 500w, https:\/\/sevillanism.es\/wp-content\/uploads\/2021\/12\/puente_triana_patos_niebla_sevilla-1-800x534.jpg 800w, https:\/\/sevillanism.es\/wp-content\/uploads\/2021\/12\/puente_triana_patos_niebla_sevilla-1-1280x854.jpg 1280w, https:\/\/sevillanism.es\/wp-content\/uploads\/2021\/12\/puente_triana_patos_niebla_sevilla-1-350x234.jpg 350w\"\n                data-vp-popup-img-size=\"1000x667\"\n                data-vp-popup-md-img=\"https:\/\/sevillanism.es\/wp-content\/uploads\/2021\/12\/puente_triana_patos_niebla_sevilla-1-800x534.jpg\"\n                data-vp-popup-md-img-size=\"800x534\"\n                data-vp-popup-sm-img=\"https:\/\/sevillanism.es\/wp-content\/uploads\/2021\/12\/puente_triana_patos_niebla_sevilla-1-500x334.jpg\"\n                data-vp-popup-sm-img-size=\"500x334\"\n            >\n                                    <h3 class=\"vp-portfolio__item-popup-title\">Patos bajo el puente de Triana. Sevilla<\/h3>\n                                        <div class=\"vp-portfolio__item-popup-description\">Patos bajo el puente de Triana_Sevilla<\/div>\n                                <\/div>\n                                    <figure class=\"vp-portfolio__item\">\n                \n<div class=\"vp-portfolio__item-img-wrap\">\n    <div class=\"vp-portfolio__item-img\">\n        <a  href=\"https:\/\/sevillanism.es\/wp-content\/uploads\/2021\/12\/puente_triana_patos_niebla_sevilla-1.jpg\" >\n        <img width=\"1379\" height=\"920\" src=\"https:\/\/sevillanism.es\/wp-content\/uploads\/2021\/12\/puente_triana_patos_niebla_sevilla-1.jpg\" class=\"wp-image-948\" alt=\"puente_triana_patos_niebla_sevilla\" loading=\"lazy\" srcset=\"https:\/\/sevillanism.es\/wp-content\/uploads\/2021\/12\/puente_triana_patos_niebla_sevilla-1.jpg 1379w, https:\/\/sevillanism.es\/wp-content\/uploads\/2021\/12\/puente_triana_patos_niebla_sevilla-1-300x200.jpg 300w, https:\/\/sevillanism.es\/wp-content\/uploads\/2021\/12\/puente_triana_patos_niebla_sevilla-1-1024x683.jpg 1024w, https:\/\/sevillanism.es\/wp-content\/uploads\/2021\/12\/puente_triana_patos_niebla_sevilla-1-768x512.jpg 768w, https:\/\/sevillanism.es\/wp-content\/uploads\/2021\/12\/puente_triana_patos_niebla_sevilla-1-500x334.jpg 500w, https:\/\/sevillanism.es\/wp-content\/uploads\/2021\/12\/puente_triana_patos_niebla_sevilla-1-800x534.jpg 800w, https:\/\/sevillanism.es\/wp-content\/uploads\/2021\/12\/puente_triana_patos_niebla_sevilla-1-1280x854.jpg 1280w, https:\/\/sevillanism.es\/wp-content\/uploads\/2021\/12\/puente_triana_patos_niebla_sevilla-1-350x234.jpg 350w\" sizes=\"100vw\" \/>\n        <\/a>    <\/div>\n<\/div>\n\n<figcaption class=\"vp-portfolio__item-overlay vp-portfolio__item-align-center\">\n    <div class=\"vp-portfolio__item-meta-wrap vp-portfolio__custom-scrollbar\">\n        <a  href=\"https:\/\/sevillanism.es\/wp-content\/uploads\/2021\/12\/puente_triana_patos_niebla_sevilla-1.jpg\" tabindex=\"-1\" class=\"vp-portfolio__item-meta\" >\n        \n<h2 class=\"vp-portfolio__item-meta-title\">\n    Patos bajo el puente de Triana. Sevilla<\/h2>\n\n        <\/a>    <\/div>\n<\/figcaption>\n            <\/figure>\n                    <\/div>\n        \n        <div class=\"vp-portfolio__item-wrap vp-portfolio__item-uid-e414ce3c\" data-vp-filter=\"\">\n                        <div class=\"vp-portfolio__item-popup\"\n                style=\"display: none;\"\n                data-vp-popup-img=\"https:\/\/sevillanism.es\/wp-content\/uploads\/2021\/12\/puente_alamillo_sevilla-1-1920x930.jpg\"\n                data-vp-popup-img-srcset=\"https:\/\/sevillanism.es\/wp-content\/uploads\/2021\/12\/puente_alamillo_sevilla-1-1920x930.jpg 1920w, https:\/\/sevillanism.es\/wp-content\/uploads\/2021\/12\/puente_alamillo_sevilla-1-300x145.jpg 300w, https:\/\/sevillanism.es\/wp-content\/uploads\/2021\/12\/puente_alamillo_sevilla-1-1024x496.jpg 1024w, https:\/\/sevillanism.es\/wp-content\/uploads\/2021\/12\/puente_alamillo_sevilla-1-768x372.jpg 768w, https:\/\/sevillanism.es\/wp-content\/uploads\/2021\/12\/puente_alamillo_sevilla-1-1536x744.jpg 1536w, https:\/\/sevillanism.es\/wp-content\/uploads\/2021\/12\/puente_alamillo_sevilla-1-2048x992.jpg 2048w, https:\/\/sevillanism.es\/wp-content\/uploads\/2021\/12\/puente_alamillo_sevilla-1-500x242.jpg 500w, https:\/\/sevillanism.es\/wp-content\/uploads\/2021\/12\/puente_alamillo_sevilla-1-800x387.jpg 800w, https:\/\/sevillanism.es\/wp-content\/uploads\/2021\/12\/puente_alamillo_sevilla-1-1280x620.jpg 1280w, https:\/\/sevillanism.es\/wp-content\/uploads\/2021\/12\/puente_alamillo_sevilla-1-350x169.jpg 350w\"\n                data-vp-popup-img-size=\"1000x484\"\n                data-vp-popup-md-img=\"https:\/\/sevillanism.es\/wp-content\/uploads\/2021\/12\/puente_alamillo_sevilla-1-800x387.jpg\"\n                data-vp-popup-md-img-size=\"800x387\"\n                data-vp-popup-sm-img=\"https:\/\/sevillanism.es\/wp-content\/uploads\/2021\/12\/puente_alamillo_sevilla-1-500x242.jpg\"\n                data-vp-popup-sm-img-size=\"500x242\"\n            >\n                                    <h3 class=\"vp-portfolio__item-popup-title\">Bajo el puente del Alamillo. Sevilla<\/h3>\n                                        <div class=\"vp-portfolio__item-popup-description\">Bajo el puente del Alamillo_Sevilla<\/div>\n                                <\/div>\n                                    <figure class=\"vp-portfolio__item\">\n                \n<div class=\"vp-portfolio__item-img-wrap\">\n    <div class=\"vp-portfolio__item-img\">\n        <a  href=\"https:\/\/sevillanism.es\/wp-content\/uploads\/2021\/12\/puente_alamillo_sevilla-1-1920x930.jpg\" >\n        <img width=\"1920\" height=\"930\" src=\"https:\/\/sevillanism.es\/wp-content\/uploads\/2021\/12\/puente_alamillo_sevilla-1-1920x930.jpg\" class=\"wp-image-947\" alt=\"puente_alamillo_sevilla\" loading=\"lazy\" srcset=\"https:\/\/sevillanism.es\/wp-content\/uploads\/2021\/12\/puente_alamillo_sevilla-1-1920x930.jpg 1920w, https:\/\/sevillanism.es\/wp-content\/uploads\/2021\/12\/puente_alamillo_sevilla-1-300x145.jpg 300w, https:\/\/sevillanism.es\/wp-content\/uploads\/2021\/12\/puente_alamillo_sevilla-1-1024x496.jpg 1024w, https:\/\/sevillanism.es\/wp-content\/uploads\/2021\/12\/puente_alamillo_sevilla-1-768x372.jpg 768w, https:\/\/sevillanism.es\/wp-content\/uploads\/2021\/12\/puente_alamillo_sevilla-1-1536x744.jpg 1536w, https:\/\/sevillanism.es\/wp-content\/uploads\/2021\/12\/puente_alamillo_sevilla-1-2048x992.jpg 2048w, https:\/\/sevillanism.es\/wp-content\/uploads\/2021\/12\/puente_alamillo_sevilla-1-500x242.jpg 500w, https:\/\/sevillanism.es\/wp-content\/uploads\/2021\/12\/puente_alamillo_sevilla-1-800x387.jpg 800w, https:\/\/sevillanism.es\/wp-content\/uploads\/2021\/12\/puente_alamillo_sevilla-1-1280x620.jpg 1280w, https:\/\/sevillanism.es\/wp-content\/uploads\/2021\/12\/puente_alamillo_sevilla-1-350x169.jpg 350w\" sizes=\"100vw\" \/>\n        <\/a>    <\/div>\n<\/div>\n\n<figcaption class=\"vp-portfolio__item-overlay vp-portfolio__item-align-center\">\n    <div class=\"vp-portfolio__item-meta-wrap vp-portfolio__custom-scrollbar\">\n        <a  href=\"https:\/\/sevillanism.es\/wp-content\/uploads\/2021\/12\/puente_alamillo_sevilla-1-1920x930.jpg\" tabindex=\"-1\" class=\"vp-portfolio__item-meta\" >\n        \n<h2 class=\"vp-portfolio__item-meta-title\">\n    Bajo el puente del Alamillo. Sevilla<\/h2>\n\n        <\/a>    <\/div>\n<\/figcaption>\n            <\/figure>\n                    <\/div>\n        \n        <div class=\"vp-portfolio__item-wrap vp-portfolio__item-uid-e74fc2e9\" data-vp-filter=\"\">\n                        <div class=\"vp-portfolio__item-popup\"\n                style=\"display: none;\"\n                data-vp-popup-img=\"https:\/\/sevillanism.es\/wp-content\/uploads\/2021\/12\/metrosol_parasol_setas_encarnacion_edificios_singulares_sevilla-e1640184191621.jpg\"\n                data-vp-popup-img-srcset=\"\"\n                data-vp-popup-img-size=\"668x1000\"\n                data-vp-popup-md-img=\"https:\/\/sevillanism.es\/wp-content\/uploads\/2021\/12\/metrosol_parasol_setas_encarnacion_edificios_singulares_sevilla-800x1198.jpg\"\n                data-vp-popup-md-img-size=\"800x1198\"\n                data-vp-popup-sm-img=\"https:\/\/sevillanism.es\/wp-content\/uploads\/2021\/12\/metrosol_parasol_setas_encarnacion_edificios_singulares_sevilla-500x749.jpg\"\n                data-vp-popup-sm-img-size=\"500x749\"\n            >\n                                    <h3 class=\"vp-portfolio__item-popup-title\">Metrosol Parasol. Sevilla<\/h3>\n                                        <div class=\"vp-portfolio__item-popup-description\">Metrosol Parasol en las Setas de la Encarnaci\u00f3n_Sevilla<\/div>\n                                <\/div>\n                                    <figure class=\"vp-portfolio__item\">\n                \n<div class=\"vp-portfolio__item-img-wrap\">\n    <div class=\"vp-portfolio__item-img\">\n        <a  href=\"https:\/\/sevillanism.es\/wp-content\/uploads\/2021\/12\/metrosol_parasol_setas_encarnacion_edificios_singulares_sevilla-e1640184191621.jpg\" >\n        <img width=\"668\" height=\"1000\" src=\"https:\/\/sevillanism.es\/wp-content\/uploads\/2021\/12\/metrosol_parasol_setas_encarnacion_edificios_singulares_sevilla-e1640184191621.jpg\" class=\"wp-image-922\" alt=\"metrosol_parasol_setas_encarnacion_edificios_singulares_sevilla\" loading=\"lazy\" sizes=\"100vw\" \/>\n        <\/a>    <\/div>\n<\/div>\n\n<figcaption class=\"vp-portfolio__item-overlay vp-portfolio__item-align-center\">\n    <div class=\"vp-portfolio__item-meta-wrap vp-portfolio__custom-scrollbar\">\n        <a  href=\"https:\/\/sevillanism.es\/wp-content\/uploads\/2021\/12\/metrosol_parasol_setas_encarnacion_edificios_singulares_sevilla-e1640184191621.jpg\" tabindex=\"-1\" class=\"vp-portfolio__item-meta\" >\n        \n<h2 class=\"vp-portfolio__item-meta-title\">\n    Metrosol Parasol. Sevilla<\/h2>\n\n        <\/a>    <\/div>\n<\/figcaption>\n            <\/figure>\n                    <\/div>\n        \n        <div class=\"vp-portfolio__item-wrap vp-portfolio__item-uid-b1fdc4a0\" data-vp-filter=\"\">\n                        <div class=\"vp-portfolio__item-popup\"\n                style=\"display: none;\"\n                data-vp-popup-img=\"https:\/\/sevillanism.es\/wp-content\/uploads\/2021\/12\/iglesia_salvador_plaza_pan_edificios_singulares_sevilla-e1640184177587.jpg\"\n                data-vp-popup-img-srcset=\"\"\n                data-vp-popup-img-size=\"671x1000\"\n                data-vp-popup-md-img=\"https:\/\/sevillanism.es\/wp-content\/uploads\/2021\/12\/iglesia_salvador_plaza_pan_edificios_singulares_sevilla-800x1193.jpg\"\n                data-vp-popup-md-img-size=\"800x1193\"\n                data-vp-popup-sm-img=\"https:\/\/sevillanism.es\/wp-content\/uploads\/2021\/12\/iglesia_salvador_plaza_pan_edificios_singulares_sevilla-500x745.jpg\"\n                data-vp-popup-sm-img-size=\"500x745\"\n            >\n                                    <h3 class=\"vp-portfolio__item-popup-title\">Vistas Iglesia del Salvador. Sevilla<\/h3>\n                                        <div class=\"vp-portfolio__item-popup-description\">Vistas Iglesia del Salvador desde la Plaza del Pan_Sevilla<\/div>\n                                <\/div>\n                                    <figure class=\"vp-portfolio__item\">\n                \n<div class=\"vp-portfolio__item-img-wrap\">\n    <div class=\"vp-portfolio__item-img\">\n        <a  href=\"https:\/\/sevillanism.es\/wp-content\/uploads\/2021\/12\/iglesia_salvador_plaza_pan_edificios_singulares_sevilla-e1640184177587.jpg\" >\n        <img width=\"671\" height=\"1000\" src=\"https:\/\/sevillanism.es\/wp-content\/uploads\/2021\/12\/iglesia_salvador_plaza_pan_edificios_singulares_sevilla-e1640184177587.jpg\" class=\"wp-image-920\" alt=\"iglesia_salvador_plaza_pan_edificios_singulares_sevilla\" loading=\"lazy\" sizes=\"100vw\" \/>\n        <\/a>    <\/div>\n<\/div>\n\n<figcaption class=\"vp-portfolio__item-overlay vp-portfolio__item-align-center\">\n    <div class=\"vp-portfolio__item-meta-wrap vp-portfolio__custom-scrollbar\">\n        <a  href=\"https:\/\/sevillanism.es\/wp-content\/uploads\/2021\/12\/iglesia_salvador_plaza_pan_edificios_singulares_sevilla-e1640184177587.jpg\" tabindex=\"-1\" class=\"vp-portfolio__item-meta\" >\n        \n<h2 class=\"vp-portfolio__item-meta-title\">\n    Vistas Iglesia del Salvador. Sevilla<\/h2>\n\n        <\/a>    <\/div>\n<\/figcaption>\n            <\/figure>\n                    <\/div>\n        \n        <div class=\"vp-portfolio__item-wrap vp-portfolio__item-uid-86beb0bf\" data-vp-filter=\"\">\n                        <div class=\"vp-portfolio__item-popup\"\n                style=\"display: none;\"\n                data-vp-popup-img=\"https:\/\/sevillanism.es\/wp-content\/uploads\/2021\/12\/nao_victoria_puente_triana_edificios_singulares_sevilla-e1640184272852.jpg\"\n                data-vp-popup-img-srcset=\"\"\n                data-vp-popup-img-size=\"1000x632\"\n                data-vp-popup-md-img=\"https:\/\/sevillanism.es\/wp-content\/uploads\/2021\/12\/nao_victoria_puente_triana_edificios_singulares_sevilla-800x506.jpg\"\n                data-vp-popup-md-img-size=\"800x506\"\n                data-vp-popup-sm-img=\"https:\/\/sevillanism.es\/wp-content\/uploads\/2021\/12\/nao_victoria_puente_triana_edificios_singulares_sevilla-500x316.jpg\"\n                data-vp-popup-sm-img-size=\"500x316\"\n            >\n                                    <h3 class=\"vp-portfolio__item-popup-title\">Nao Victoria y Puente de Triana. Sevilla<\/h3>\n                                        <div class=\"vp-portfolio__item-popup-description\">Nao Victoria y Puente de Triana_Sevilla<\/div>\n                                <\/div>\n                                    <figure class=\"vp-portfolio__item\">\n                \n<div class=\"vp-portfolio__item-img-wrap\">\n    <div class=\"vp-portfolio__item-img\">\n        <a  href=\"https:\/\/sevillanism.es\/wp-content\/uploads\/2021\/12\/nao_victoria_puente_triana_edificios_singulares_sevilla-e1640184272852.jpg\" >\n        <img width=\"1000\" height=\"632\" src=\"https:\/\/sevillanism.es\/wp-content\/uploads\/2021\/12\/nao_victoria_puente_triana_edificios_singulares_sevilla-e1640184272852.jpg\" class=\"wp-image-918\" alt=\"nao_victoria_puente_triana_edificios_singulares_sevilla\" loading=\"lazy\" sizes=\"100vw\" \/>\n        <\/a>    <\/div>\n<\/div>\n\n<figcaption class=\"vp-portfolio__item-overlay vp-portfolio__item-align-center\">\n    <div class=\"vp-portfolio__item-meta-wrap vp-portfolio__custom-scrollbar\">\n        <a  href=\"https:\/\/sevillanism.es\/wp-content\/uploads\/2021\/12\/nao_victoria_puente_triana_edificios_singulares_sevilla-e1640184272852.jpg\" tabindex=\"-1\" class=\"vp-portfolio__item-meta\" >\n        \n<h2 class=\"vp-portfolio__item-meta-title\">\n    Nao Victoria y Puente de Triana. Sevilla<\/h2>\n\n        <\/a>    <\/div>\n<\/figcaption>\n            <\/figure>\n                    <\/div>\n        \n        <div class=\"vp-portfolio__item-wrap vp-portfolio__item-uid-d9bafadd\" data-vp-filter=\"\">\n                        <div class=\"vp-portfolio__item-popup\"\n                style=\"display: none;\"\n                data-vp-popup-img=\"https:\/\/sevillanism.es\/wp-content\/uploads\/2021\/12\/panteon_rivera_monasterio_santa_maria_cuevas_cartuja_edificios_singulares_sevilla-1920x1285.jpg\"\n                data-vp-popup-img-srcset=\"https:\/\/sevillanism.es\/wp-content\/uploads\/2021\/12\/panteon_rivera_monasterio_santa_maria_cuevas_cartuja_edificios_singulares_sevilla-1920x1285.jpg 1920w, https:\/\/sevillanism.es\/wp-content\/uploads\/2021\/12\/panteon_rivera_monasterio_santa_maria_cuevas_cartuja_edificios_singulares_sevilla-300x201.jpg 300w, https:\/\/sevillanism.es\/wp-content\/uploads\/2021\/12\/panteon_rivera_monasterio_santa_maria_cuevas_cartuja_edificios_singulares_sevilla-1024x685.jpg 1024w, https:\/\/sevillanism.es\/wp-content\/uploads\/2021\/12\/panteon_rivera_monasterio_santa_maria_cuevas_cartuja_edificios_singulares_sevilla-768x514.jpg 768w, https:\/\/sevillanism.es\/wp-content\/uploads\/2021\/12\/panteon_rivera_monasterio_santa_maria_cuevas_cartuja_edificios_singulares_sevilla-1536x1028.jpg 1536w, https:\/\/sevillanism.es\/wp-content\/uploads\/2021\/12\/panteon_rivera_monasterio_santa_maria_cuevas_cartuja_edificios_singulares_sevilla-2048x1371.jpg 2048w, https:\/\/sevillanism.es\/wp-content\/uploads\/2021\/12\/panteon_rivera_monasterio_santa_maria_cuevas_cartuja_edificios_singulares_sevilla-500x335.jpg 500w, https:\/\/sevillanism.es\/wp-content\/uploads\/2021\/12\/panteon_rivera_monasterio_santa_maria_cuevas_cartuja_edificios_singulares_sevilla-800x536.jpg 800w, https:\/\/sevillanism.es\/wp-content\/uploads\/2021\/12\/panteon_rivera_monasterio_santa_maria_cuevas_cartuja_edificios_singulares_sevilla-1280x857.jpg 1280w, https:\/\/sevillanism.es\/wp-content\/uploads\/2021\/12\/panteon_rivera_monasterio_santa_maria_cuevas_cartuja_edificios_singulares_sevilla-350x234.jpg 350w, https:\/\/sevillanism.es\/wp-content\/uploads\/2021\/12\/panteon_rivera_monasterio_santa_maria_cuevas_cartuja_edificios_singulares_sevilla-scaled-e1640184244872.jpg 1000w\"\n                data-vp-popup-img-size=\"1000x669\"\n                data-vp-popup-md-img=\"https:\/\/sevillanism.es\/wp-content\/uploads\/2021\/12\/panteon_rivera_monasterio_santa_maria_cuevas_cartuja_edificios_singulares_sevilla-800x536.jpg\"\n                data-vp-popup-md-img-size=\"800x536\"\n                data-vp-popup-sm-img=\"https:\/\/sevillanism.es\/wp-content\/uploads\/2021\/12\/panteon_rivera_monasterio_santa_maria_cuevas_cartuja_edificios_singulares_sevilla-500x335.jpg\"\n                data-vp-popup-sm-img-size=\"500x335\"\n            >\n                                    <h3 class=\"vp-portfolio__item-popup-title\">Pante\u00f3n de los Rivera, Sevilla<\/h3>\n                                        <div class=\"vp-portfolio__item-popup-description\">Pante\u00f3n de los Rivera, Monasterio de Santa Mar\u00eda de las Cuevas_Cartuja Sevilla<\/div>\n                                <\/div>\n                                    <figure class=\"vp-portfolio__item\">\n                \n<div class=\"vp-portfolio__item-img-wrap\">\n    <div class=\"vp-portfolio__item-img\">\n        <a  href=\"https:\/\/sevillanism.es\/wp-content\/uploads\/2021\/12\/panteon_rivera_monasterio_santa_maria_cuevas_cartuja_edificios_singulares_sevilla-1920x1285.jpg\" >\n        <img width=\"1920\" height=\"1285\" src=\"https:\/\/sevillanism.es\/wp-content\/uploads\/2021\/12\/panteon_rivera_monasterio_santa_maria_cuevas_cartuja_edificios_singulares_sevilla-1920x1285.jpg\" class=\"wp-image-916\" alt=\"panteon_rivera_monasterio_santa_maria_cuevas_cartuja_edificios_singulares_sevilla\" loading=\"lazy\" srcset=\"https:\/\/sevillanism.es\/wp-content\/uploads\/2021\/12\/panteon_rivera_monasterio_santa_maria_cuevas_cartuja_edificios_singulares_sevilla-1920x1285.jpg 1920w, https:\/\/sevillanism.es\/wp-content\/uploads\/2021\/12\/panteon_rivera_monasterio_santa_maria_cuevas_cartuja_edificios_singulares_sevilla-300x201.jpg 300w, https:\/\/sevillanism.es\/wp-content\/uploads\/2021\/12\/panteon_rivera_monasterio_santa_maria_cuevas_cartuja_edificios_singulares_sevilla-1024x685.jpg 1024w, https:\/\/sevillanism.es\/wp-content\/uploads\/2021\/12\/panteon_rivera_monasterio_santa_maria_cuevas_cartuja_edificios_singulares_sevilla-768x514.jpg 768w, https:\/\/sevillanism.es\/wp-content\/uploads\/2021\/12\/panteon_rivera_monasterio_santa_maria_cuevas_cartuja_edificios_singulares_sevilla-1536x1028.jpg 1536w, https:\/\/sevillanism.es\/wp-content\/uploads\/2021\/12\/panteon_rivera_monasterio_santa_maria_cuevas_cartuja_edificios_singulares_sevilla-2048x1371.jpg 2048w, https:\/\/sevillanism.es\/wp-content\/uploads\/2021\/12\/panteon_rivera_monasterio_santa_maria_cuevas_cartuja_edificios_singulares_sevilla-500x335.jpg 500w, https:\/\/sevillanism.es\/wp-content\/uploads\/2021\/12\/panteon_rivera_monasterio_santa_maria_cuevas_cartuja_edificios_singulares_sevilla-800x536.jpg 800w, https:\/\/sevillanism.es\/wp-content\/uploads\/2021\/12\/panteon_rivera_monasterio_santa_maria_cuevas_cartuja_edificios_singulares_sevilla-1280x857.jpg 1280w, https:\/\/sevillanism.es\/wp-content\/uploads\/2021\/12\/panteon_rivera_monasterio_santa_maria_cuevas_cartuja_edificios_singulares_sevilla-350x234.jpg 350w, https:\/\/sevillanism.es\/wp-content\/uploads\/2021\/12\/panteon_rivera_monasterio_santa_maria_cuevas_cartuja_edificios_singulares_sevilla-scaled-e1640184244872.jpg 1000w\" sizes=\"100vw\" \/>\n        <\/a>    <\/div>\n<\/div>\n\n<figcaption class=\"vp-portfolio__item-overlay vp-portfolio__item-align-center\">\n    <div class=\"vp-portfolio__item-meta-wrap vp-portfolio__custom-scrollbar\">\n        <a  href=\"https:\/\/sevillanism.es\/wp-content\/uploads\/2021\/12\/panteon_rivera_monasterio_santa_maria_cuevas_cartuja_edificios_singulares_sevilla-1920x1285.jpg\" tabindex=\"-1\" class=\"vp-portfolio__item-meta\" >\n        \n<h2 class=\"vp-portfolio__item-meta-title\">\n    Pante\u00f3n de los Rivera, Sevilla<\/h2>\n\n        <\/a>    <\/div>\n<\/figcaption>\n            <\/figure>\n                    <\/div>\n        \n        <div class=\"vp-portfolio__item-wrap vp-portfolio__item-uid-111c1c1e\" data-vp-filter=\"\">\n                        <div class=\"vp-portfolio__item-popup\"\n                style=\"display: none;\"\n                data-vp-popup-img=\"https:\/\/sevillanism.es\/wp-content\/uploads\/2021\/12\/suelo_techo_pabellon_marruecos_edificios_singulares_sevilla-1920x1285.jpg\"\n                data-vp-popup-img-srcset=\"https:\/\/sevillanism.es\/wp-content\/uploads\/2021\/12\/suelo_techo_pabellon_marruecos_edificios_singulares_sevilla-1920x1285.jpg 1920w, https:\/\/sevillanism.es\/wp-content\/uploads\/2021\/12\/suelo_techo_pabellon_marruecos_edificios_singulares_sevilla-300x201.jpg 300w, https:\/\/sevillanism.es\/wp-content\/uploads\/2021\/12\/suelo_techo_pabellon_marruecos_edificios_singulares_sevilla-1024x685.jpg 1024w, https:\/\/sevillanism.es\/wp-content\/uploads\/2021\/12\/suelo_techo_pabellon_marruecos_edificios_singulares_sevilla-768x514.jpg 768w, https:\/\/sevillanism.es\/wp-content\/uploads\/2021\/12\/suelo_techo_pabellon_marruecos_edificios_singulares_sevilla-1536x1028.jpg 1536w, https:\/\/sevillanism.es\/wp-content\/uploads\/2021\/12\/suelo_techo_pabellon_marruecos_edificios_singulares_sevilla-2048x1371.jpg 2048w, https:\/\/sevillanism.es\/wp-content\/uploads\/2021\/12\/suelo_techo_pabellon_marruecos_edificios_singulares_sevilla-500x335.jpg 500w, https:\/\/sevillanism.es\/wp-content\/uploads\/2021\/12\/suelo_techo_pabellon_marruecos_edificios_singulares_sevilla-800x536.jpg 800w, https:\/\/sevillanism.es\/wp-content\/uploads\/2021\/12\/suelo_techo_pabellon_marruecos_edificios_singulares_sevilla-1280x857.jpg 1280w, https:\/\/sevillanism.es\/wp-content\/uploads\/2021\/12\/suelo_techo_pabellon_marruecos_edificios_singulares_sevilla-350x234.jpg 350w, https:\/\/sevillanism.es\/wp-content\/uploads\/2021\/12\/suelo_techo_pabellon_marruecos_edificios_singulares_sevilla-scaled-e1640184311377.jpg 1000w\"\n                data-vp-popup-img-size=\"1000x669\"\n                data-vp-popup-md-img=\"https:\/\/sevillanism.es\/wp-content\/uploads\/2021\/12\/suelo_techo_pabellon_marruecos_edificios_singulares_sevilla-800x536.jpg\"\n                data-vp-popup-md-img-size=\"800x536\"\n                data-vp-popup-sm-img=\"https:\/\/sevillanism.es\/wp-content\/uploads\/2021\/12\/suelo_techo_pabellon_marruecos_edificios_singulares_sevilla-500x335.jpg\"\n                data-vp-popup-sm-img-size=\"500x335\"\n            >\n                                    <h3 class=\"vp-portfolio__item-popup-title\">Suelo-techo de cristal en el s\u00f3tano del Pabell\u00f3n de Marruecos. Sevilla<\/h3>\n                                        <div class=\"vp-portfolio__item-popup-description\">Suelo-techo de cristal en el s\u00f3tano del Pabell\u00f3n de Marruecos_Sevilla<\/div>\n                                <\/div>\n                                    <figure class=\"vp-portfolio__item\">\n                \n<div class=\"vp-portfolio__item-img-wrap\">\n    <div class=\"vp-portfolio__item-img\">\n        <a  href=\"https:\/\/sevillanism.es\/wp-content\/uploads\/2021\/12\/suelo_techo_pabellon_marruecos_edificios_singulares_sevilla-1920x1285.jpg\" >\n        <img width=\"1920\" height=\"1285\" src=\"https:\/\/sevillanism.es\/wp-content\/uploads\/2021\/12\/suelo_techo_pabellon_marruecos_edificios_singulares_sevilla-1920x1285.jpg\" class=\"wp-image-914\" alt=\"suelo_techo_pabellon_marruecos_edificios_singulares_sevilla\" loading=\"lazy\" srcset=\"https:\/\/sevillanism.es\/wp-content\/uploads\/2021\/12\/suelo_techo_pabellon_marruecos_edificios_singulares_sevilla-1920x1285.jpg 1920w, https:\/\/sevillanism.es\/wp-content\/uploads\/2021\/12\/suelo_techo_pabellon_marruecos_edificios_singulares_sevilla-300x201.jpg 300w, https:\/\/sevillanism.es\/wp-content\/uploads\/2021\/12\/suelo_techo_pabellon_marruecos_edificios_singulares_sevilla-1024x685.jpg 1024w, https:\/\/sevillanism.es\/wp-content\/uploads\/2021\/12\/suelo_techo_pabellon_marruecos_edificios_singulares_sevilla-768x514.jpg 768w, https:\/\/sevillanism.es\/wp-content\/uploads\/2021\/12\/suelo_techo_pabellon_marruecos_edificios_singulares_sevilla-1536x1028.jpg 1536w, https:\/\/sevillanism.es\/wp-content\/uploads\/2021\/12\/suelo_techo_pabellon_marruecos_edificios_singulares_sevilla-2048x1371.jpg 2048w, https:\/\/sevillanism.es\/wp-content\/uploads\/2021\/12\/suelo_techo_pabellon_marruecos_edificios_singulares_sevilla-500x335.jpg 500w, https:\/\/sevillanism.es\/wp-content\/uploads\/2021\/12\/suelo_techo_pabellon_marruecos_edificios_singulares_sevilla-800x536.jpg 800w, https:\/\/sevillanism.es\/wp-content\/uploads\/2021\/12\/suelo_techo_pabellon_marruecos_edificios_singulares_sevilla-1280x857.jpg 1280w, https:\/\/sevillanism.es\/wp-content\/uploads\/2021\/12\/suelo_techo_pabellon_marruecos_edificios_singulares_sevilla-350x234.jpg 350w, https:\/\/sevillanism.es\/wp-content\/uploads\/2021\/12\/suelo_techo_pabellon_marruecos_edificios_singulares_sevilla-scaled-e1640184311377.jpg 1000w\" sizes=\"100vw\" \/>\n        <\/a>    <\/div>\n<\/div>\n\n<figcaption class=\"vp-portfolio__item-overlay vp-portfolio__item-align-center\">\n    <div class=\"vp-portfolio__item-meta-wrap vp-portfolio__custom-scrollbar\">\n        <a  href=\"https:\/\/sevillanism.es\/wp-content\/uploads\/2021\/12\/suelo_techo_pabellon_marruecos_edificios_singulares_sevilla-1920x1285.jpg\" tabindex=\"-1\" class=\"vp-portfolio__item-meta\" >\n        \n<h2 class=\"vp-portfolio__item-meta-title\">\n    Suelo-techo de cristal en el s\u00f3tano del Pabell\u00f3n de Marruecos. Sevilla<\/h2>\n\n        <\/a>    <\/div>\n<\/figcaption>\n            <\/figure>\n                    <\/div>\n        \n        <div class=\"vp-portfolio__item-wrap vp-portfolio__item-uid-37c4eed8\" data-vp-filter=\"\">\n                        <div class=\"vp-portfolio__item-popup\"\n                style=\"display: none;\"\n                data-vp-popup-img=\"https:\/\/sevillanism.es\/wp-content\/uploads\/2021\/12\/patio_sotano_pabellon_marruecos_edificios_singulares_sevilla-1920x1285.jpg\"\n                data-vp-popup-img-srcset=\"https:\/\/sevillanism.es\/wp-content\/uploads\/2021\/12\/patio_sotano_pabellon_marruecos_edificios_singulares_sevilla-1920x1285.jpg 1920w, https:\/\/sevillanism.es\/wp-content\/uploads\/2021\/12\/patio_sotano_pabellon_marruecos_edificios_singulares_sevilla-300x201.jpg 300w, https:\/\/sevillanism.es\/wp-content\/uploads\/2021\/12\/patio_sotano_pabellon_marruecos_edificios_singulares_sevilla-1024x685.jpg 1024w, https:\/\/sevillanism.es\/wp-content\/uploads\/2021\/12\/patio_sotano_pabellon_marruecos_edificios_singulares_sevilla-768x514.jpg 768w, https:\/\/sevillanism.es\/wp-content\/uploads\/2021\/12\/patio_sotano_pabellon_marruecos_edificios_singulares_sevilla-1536x1028.jpg 1536w, https:\/\/sevillanism.es\/wp-content\/uploads\/2021\/12\/patio_sotano_pabellon_marruecos_edificios_singulares_sevilla-2048x1371.jpg 2048w, https:\/\/sevillanism.es\/wp-content\/uploads\/2021\/12\/patio_sotano_pabellon_marruecos_edificios_singulares_sevilla-500x335.jpg 500w, https:\/\/sevillanism.es\/wp-content\/uploads\/2021\/12\/patio_sotano_pabellon_marruecos_edificios_singulares_sevilla-800x536.jpg 800w, https:\/\/sevillanism.es\/wp-content\/uploads\/2021\/12\/patio_sotano_pabellon_marruecos_edificios_singulares_sevilla-1280x857.jpg 1280w, https:\/\/sevillanism.es\/wp-content\/uploads\/2021\/12\/patio_sotano_pabellon_marruecos_edificios_singulares_sevilla-350x234.jpg 350w, https:\/\/sevillanism.es\/wp-content\/uploads\/2021\/12\/patio_sotano_pabellon_marruecos_edificios_singulares_sevilla-scaled-e1640184296665.jpg 1000w\"\n                data-vp-popup-img-size=\"1000x669\"\n                data-vp-popup-md-img=\"https:\/\/sevillanism.es\/wp-content\/uploads\/2021\/12\/patio_sotano_pabellon_marruecos_edificios_singulares_sevilla-800x536.jpg\"\n                data-vp-popup-md-img-size=\"800x536\"\n                data-vp-popup-sm-img=\"https:\/\/sevillanism.es\/wp-content\/uploads\/2021\/12\/patio_sotano_pabellon_marruecos_edificios_singulares_sevilla-500x335.jpg\"\n                data-vp-popup-sm-img-size=\"500x335\"\n            >\n                                    <h3 class=\"vp-portfolio__item-popup-title\">Patio interior en el Pabell\u00f3n de Marruecos. Sevilla<\/h3>\n                                        <div class=\"vp-portfolio__item-popup-description\">Patio interior en la planta s\u00f3tano_Pabell\u00f3n de Marruecos Sevilla<\/div>\n                                <\/div>\n                                    <figure class=\"vp-portfolio__item\">\n                \n<div class=\"vp-portfolio__item-img-wrap\">\n    <div class=\"vp-portfolio__item-img\">\n        <a  href=\"https:\/\/sevillanism.es\/wp-content\/uploads\/2021\/12\/patio_sotano_pabellon_marruecos_edificios_singulares_sevilla-1920x1285.jpg\" >\n        <img width=\"1920\" height=\"1285\" src=\"https:\/\/sevillanism.es\/wp-content\/uploads\/2021\/12\/patio_sotano_pabellon_marruecos_edificios_singulares_sevilla-1920x1285.jpg\" class=\"wp-image-913\" alt=\"patio_sotano_pabellon_marruecos_edificios_singulares_sevilla\" loading=\"lazy\" srcset=\"https:\/\/sevillanism.es\/wp-content\/uploads\/2021\/12\/patio_sotano_pabellon_marruecos_edificios_singulares_sevilla-1920x1285.jpg 1920w, https:\/\/sevillanism.es\/wp-content\/uploads\/2021\/12\/patio_sotano_pabellon_marruecos_edificios_singulares_sevilla-300x201.jpg 300w, https:\/\/sevillanism.es\/wp-content\/uploads\/2021\/12\/patio_sotano_pabellon_marruecos_edificios_singulares_sevilla-1024x685.jpg 1024w, https:\/\/sevillanism.es\/wp-content\/uploads\/2021\/12\/patio_sotano_pabellon_marruecos_edificios_singulares_sevilla-768x514.jpg 768w, https:\/\/sevillanism.es\/wp-content\/uploads\/2021\/12\/patio_sotano_pabellon_marruecos_edificios_singulares_sevilla-1536x1028.jpg 1536w, https:\/\/sevillanism.es\/wp-content\/uploads\/2021\/12\/patio_sotano_pabellon_marruecos_edificios_singulares_sevilla-2048x1371.jpg 2048w, https:\/\/sevillanism.es\/wp-content\/uploads\/2021\/12\/patio_sotano_pabellon_marruecos_edificios_singulares_sevilla-500x335.jpg 500w, https:\/\/sevillanism.es\/wp-content\/uploads\/2021\/12\/patio_sotano_pabellon_marruecos_edificios_singulares_sevilla-800x536.jpg 800w, https:\/\/sevillanism.es\/wp-content\/uploads\/2021\/12\/patio_sotano_pabellon_marruecos_edificios_singulares_sevilla-1280x857.jpg 1280w, https:\/\/sevillanism.es\/wp-content\/uploads\/2021\/12\/patio_sotano_pabellon_marruecos_edificios_singulares_sevilla-350x234.jpg 350w, https:\/\/sevillanism.es\/wp-content\/uploads\/2021\/12\/patio_sotano_pabellon_marruecos_edificios_singulares_sevilla-scaled-e1640184296665.jpg 1000w\" sizes=\"100vw\" \/>\n        <\/a>    <\/div>\n<\/div>\n\n<figcaption class=\"vp-portfolio__item-overlay vp-portfolio__item-align-center\">\n    <div class=\"vp-portfolio__item-meta-wrap vp-portfolio__custom-scrollbar\">\n        <a  href=\"https:\/\/sevillanism.es\/wp-content\/uploads\/2021\/12\/patio_sotano_pabellon_marruecos_edificios_singulares_sevilla-1920x1285.jpg\" tabindex=\"-1\" class=\"vp-portfolio__item-meta\" >\n        \n<h2 class=\"vp-portfolio__item-meta-title\">\n    Patio interior en el Pabell\u00f3n de Marruecos. Sevilla<\/h2>\n\n        <\/a>    <\/div>\n<\/figcaption>\n            <\/figure>\n                    <\/div>\n        \n        <div class=\"vp-portfolio__item-wrap vp-portfolio__item-uid-81a99fa2\" data-vp-filter=\"\">\n                        <div class=\"vp-portfolio__item-popup\"\n                style=\"display: none;\"\n                data-vp-popup-img=\"https:\/\/sevillanism.es\/wp-content\/uploads\/2021\/12\/interior_pabellon_marruecos_edificios_singulares_sevilla-1920x1285.jpg\"\n                data-vp-popup-img-srcset=\"https:\/\/sevillanism.es\/wp-content\/uploads\/2021\/12\/interior_pabellon_marruecos_edificios_singulares_sevilla-1920x1285.jpg 1920w, https:\/\/sevillanism.es\/wp-content\/uploads\/2021\/12\/interior_pabellon_marruecos_edificios_singulares_sevilla-300x201.jpg 300w, https:\/\/sevillanism.es\/wp-content\/uploads\/2021\/12\/interior_pabellon_marruecos_edificios_singulares_sevilla-1024x685.jpg 1024w, https:\/\/sevillanism.es\/wp-content\/uploads\/2021\/12\/interior_pabellon_marruecos_edificios_singulares_sevilla-768x514.jpg 768w, https:\/\/sevillanism.es\/wp-content\/uploads\/2021\/12\/interior_pabellon_marruecos_edificios_singulares_sevilla-1536x1028.jpg 1536w, https:\/\/sevillanism.es\/wp-content\/uploads\/2021\/12\/interior_pabellon_marruecos_edificios_singulares_sevilla-2048x1371.jpg 2048w, https:\/\/sevillanism.es\/wp-content\/uploads\/2021\/12\/interior_pabellon_marruecos_edificios_singulares_sevilla-500x335.jpg 500w, https:\/\/sevillanism.es\/wp-content\/uploads\/2021\/12\/interior_pabellon_marruecos_edificios_singulares_sevilla-800x536.jpg 800w, https:\/\/sevillanism.es\/wp-content\/uploads\/2021\/12\/interior_pabellon_marruecos_edificios_singulares_sevilla-1280x857.jpg 1280w, https:\/\/sevillanism.es\/wp-content\/uploads\/2021\/12\/interior_pabellon_marruecos_edificios_singulares_sevilla-350x234.jpg 350w, https:\/\/sevillanism.es\/wp-content\/uploads\/2021\/12\/interior_pabellon_marruecos_edificios_singulares_sevilla-scaled-e1640184342485.jpg 1000w\"\n                data-vp-popup-img-size=\"1000x669\"\n                data-vp-popup-md-img=\"https:\/\/sevillanism.es\/wp-content\/uploads\/2021\/12\/interior_pabellon_marruecos_edificios_singulares_sevilla-800x536.jpg\"\n                data-vp-popup-md-img-size=\"800x536\"\n                data-vp-popup-sm-img=\"https:\/\/sevillanism.es\/wp-content\/uploads\/2021\/12\/interior_pabellon_marruecos_edificios_singulares_sevilla-500x335.jpg\"\n                data-vp-popup-sm-img-size=\"500x335\"\n            >\n                                    <h3 class=\"vp-portfolio__item-popup-title\">Interior del Pabell\u00f3n de Marruecos. Sevilla<\/h3>\n                                        <div class=\"vp-portfolio__item-popup-description\">Interior del Pabell\u00f3n de Marruecos_Sevilla<\/div>\n                                <\/div>\n                                    <figure class=\"vp-portfolio__item\">\n                \n<div class=\"vp-portfolio__item-img-wrap\">\n    <div class=\"vp-portfolio__item-img\">\n        <a  href=\"https:\/\/sevillanism.es\/wp-content\/uploads\/2021\/12\/interior_pabellon_marruecos_edificios_singulares_sevilla-1920x1285.jpg\" >\n        <img width=\"1920\" height=\"1285\" src=\"https:\/\/sevillanism.es\/wp-content\/uploads\/2021\/12\/interior_pabellon_marruecos_edificios_singulares_sevilla-1920x1285.jpg\" class=\"wp-image-911\" alt=\"interior_pabellon_marruecos_edificios_singulares_sevilla\" loading=\"lazy\" srcset=\"https:\/\/sevillanism.es\/wp-content\/uploads\/2021\/12\/interior_pabellon_marruecos_edificios_singulares_sevilla-1920x1285.jpg 1920w, https:\/\/sevillanism.es\/wp-content\/uploads\/2021\/12\/interior_pabellon_marruecos_edificios_singulares_sevilla-300x201.jpg 300w, https:\/\/sevillanism.es\/wp-content\/uploads\/2021\/12\/interior_pabellon_marruecos_edificios_singulares_sevilla-1024x685.jpg 1024w, https:\/\/sevillanism.es\/wp-content\/uploads\/2021\/12\/interior_pabellon_marruecos_edificios_singulares_sevilla-768x514.jpg 768w, https:\/\/sevillanism.es\/wp-content\/uploads\/2021\/12\/interior_pabellon_marruecos_edificios_singulares_sevilla-1536x1028.jpg 1536w, https:\/\/sevillanism.es\/wp-content\/uploads\/2021\/12\/interior_pabellon_marruecos_edificios_singulares_sevilla-2048x1371.jpg 2048w, https:\/\/sevillanism.es\/wp-content\/uploads\/2021\/12\/interior_pabellon_marruecos_edificios_singulares_sevilla-500x335.jpg 500w, https:\/\/sevillanism.es\/wp-content\/uploads\/2021\/12\/interior_pabellon_marruecos_edificios_singulares_sevilla-800x536.jpg 800w, https:\/\/sevillanism.es\/wp-content\/uploads\/2021\/12\/interior_pabellon_marruecos_edificios_singulares_sevilla-1280x857.jpg 1280w, https:\/\/sevillanism.es\/wp-content\/uploads\/2021\/12\/interior_pabellon_marruecos_edificios_singulares_sevilla-350x234.jpg 350w, https:\/\/sevillanism.es\/wp-content\/uploads\/2021\/12\/interior_pabellon_marruecos_edificios_singulares_sevilla-scaled-e1640184342485.jpg 1000w\" sizes=\"100vw\" \/>\n        <\/a>    <\/div>\n<\/div>\n\n<figcaption class=\"vp-portfolio__item-overlay vp-portfolio__item-align-center\">\n    <div class=\"vp-portfolio__item-meta-wrap vp-portfolio__custom-scrollbar\">\n        <a  href=\"https:\/\/sevillanism.es\/wp-content\/uploads\/2021\/12\/interior_pabellon_marruecos_edificios_singulares_sevilla-1920x1285.jpg\" tabindex=\"-1\" class=\"vp-portfolio__item-meta\" >\n        \n<h2 class=\"vp-portfolio__item-meta-title\">\n    Interior del Pabell\u00f3n de Marruecos. Sevilla<\/h2>\n\n        <\/a>    <\/div>\n<\/figcaption>\n            <\/figure>\n                    <\/div>\n        \n        <div class=\"vp-portfolio__item-wrap vp-portfolio__item-uid-4e12c851\" data-vp-filter=\"\">\n                        <div class=\"vp-portfolio__item-popup\"\n                style=\"display: none;\"\n                data-vp-popup-img=\"https:\/\/sevillanism.es\/wp-content\/uploads\/2021\/12\/azotea_pabellon_marruecos_edificios_singulares_sevilla-1920x1236.jpg\"\n                data-vp-popup-img-srcset=\"https:\/\/sevillanism.es\/wp-content\/uploads\/2021\/12\/azotea_pabellon_marruecos_edificios_singulares_sevilla-1920x1236.jpg 1920w, https:\/\/sevillanism.es\/wp-content\/uploads\/2021\/12\/azotea_pabellon_marruecos_edificios_singulares_sevilla-300x193.jpg 300w, https:\/\/sevillanism.es\/wp-content\/uploads\/2021\/12\/azotea_pabellon_marruecos_edificios_singulares_sevilla-1024x659.jpg 1024w, https:\/\/sevillanism.es\/wp-content\/uploads\/2021\/12\/azotea_pabellon_marruecos_edificios_singulares_sevilla-768x494.jpg 768w, https:\/\/sevillanism.es\/wp-content\/uploads\/2021\/12\/azotea_pabellon_marruecos_edificios_singulares_sevilla-1536x988.jpg 1536w, https:\/\/sevillanism.es\/wp-content\/uploads\/2021\/12\/azotea_pabellon_marruecos_edificios_singulares_sevilla-2048x1318.jpg 2048w, https:\/\/sevillanism.es\/wp-content\/uploads\/2021\/12\/azotea_pabellon_marruecos_edificios_singulares_sevilla-500x322.jpg 500w, https:\/\/sevillanism.es\/wp-content\/uploads\/2021\/12\/azotea_pabellon_marruecos_edificios_singulares_sevilla-800x515.jpg 800w, https:\/\/sevillanism.es\/wp-content\/uploads\/2021\/12\/azotea_pabellon_marruecos_edificios_singulares_sevilla-1280x824.jpg 1280w, https:\/\/sevillanism.es\/wp-content\/uploads\/2021\/12\/azotea_pabellon_marruecos_edificios_singulares_sevilla-350x225.jpg 350w, https:\/\/sevillanism.es\/wp-content\/uploads\/2021\/12\/azotea_pabellon_marruecos_edificios_singulares_sevilla-scaled-e1640184333683.jpg 1000w\"\n                data-vp-popup-img-size=\"1000x644\"\n                data-vp-popup-md-img=\"https:\/\/sevillanism.es\/wp-content\/uploads\/2021\/12\/azotea_pabellon_marruecos_edificios_singulares_sevilla-800x515.jpg\"\n                data-vp-popup-md-img-size=\"800x515\"\n                data-vp-popup-sm-img=\"https:\/\/sevillanism.es\/wp-content\/uploads\/2021\/12\/azotea_pabellon_marruecos_edificios_singulares_sevilla-500x322.jpg\"\n                data-vp-popup-sm-img-size=\"500x322\"\n            >\n                                    <h3 class=\"vp-portfolio__item-popup-title\">Azotea del Pabell\u00f3n de Marruecos. Sevilla<\/h3>\n                                        <div class=\"vp-portfolio__item-popup-description\">Azotea del Pabell\u00f3n de Marruecos_Sevilla<\/div>\n                                <\/div>\n                                    <figure class=\"vp-portfolio__item\">\n                \n<div class=\"vp-portfolio__item-img-wrap\">\n    <div class=\"vp-portfolio__item-img\">\n        <a  href=\"https:\/\/sevillanism.es\/wp-content\/uploads\/2021\/12\/azotea_pabellon_marruecos_edificios_singulares_sevilla-1920x1236.jpg\" >\n        <img width=\"1920\" height=\"1236\" src=\"https:\/\/sevillanism.es\/wp-content\/uploads\/2021\/12\/azotea_pabellon_marruecos_edificios_singulares_sevilla-1920x1236.jpg\" class=\"wp-image-910\" alt=\"azotea_pabellon_marruecos_edificios_singulares_sevilla\" loading=\"lazy\" srcset=\"https:\/\/sevillanism.es\/wp-content\/uploads\/2021\/12\/azotea_pabellon_marruecos_edificios_singulares_sevilla-1920x1236.jpg 1920w, https:\/\/sevillanism.es\/wp-content\/uploads\/2021\/12\/azotea_pabellon_marruecos_edificios_singulares_sevilla-300x193.jpg 300w, https:\/\/sevillanism.es\/wp-content\/uploads\/2021\/12\/azotea_pabellon_marruecos_edificios_singulares_sevilla-1024x659.jpg 1024w, https:\/\/sevillanism.es\/wp-content\/uploads\/2021\/12\/azotea_pabellon_marruecos_edificios_singulares_sevilla-768x494.jpg 768w, https:\/\/sevillanism.es\/wp-content\/uploads\/2021\/12\/azotea_pabellon_marruecos_edificios_singulares_sevilla-1536x988.jpg 1536w, https:\/\/sevillanism.es\/wp-content\/uploads\/2021\/12\/azotea_pabellon_marruecos_edificios_singulares_sevilla-2048x1318.jpg 2048w, https:\/\/sevillanism.es\/wp-content\/uploads\/2021\/12\/azotea_pabellon_marruecos_edificios_singulares_sevilla-500x322.jpg 500w, https:\/\/sevillanism.es\/wp-content\/uploads\/2021\/12\/azotea_pabellon_marruecos_edificios_singulares_sevilla-800x515.jpg 800w, https:\/\/sevillanism.es\/wp-content\/uploads\/2021\/12\/azotea_pabellon_marruecos_edificios_singulares_sevilla-1280x824.jpg 1280w, https:\/\/sevillanism.es\/wp-content\/uploads\/2021\/12\/azotea_pabellon_marruecos_edificios_singulares_sevilla-350x225.jpg 350w, https:\/\/sevillanism.es\/wp-content\/uploads\/2021\/12\/azotea_pabellon_marruecos_edificios_singulares_sevilla-scaled-e1640184333683.jpg 1000w\" sizes=\"100vw\" \/>\n        <\/a>    <\/div>\n<\/div>\n\n<figcaption class=\"vp-portfolio__item-overlay vp-portfolio__item-align-center\">\n    <div class=\"vp-portfolio__item-meta-wrap vp-portfolio__custom-scrollbar\">\n        <a  href=\"https:\/\/sevillanism.es\/wp-content\/uploads\/2021\/12\/azotea_pabellon_marruecos_edificios_singulares_sevilla-1920x1236.jpg\" tabindex=\"-1\" class=\"vp-portfolio__item-meta\" >\n        \n<h2 class=\"vp-portfolio__item-meta-title\">\n    Azotea del Pabell\u00f3n de Marruecos. Sevilla<\/h2>\n\n        <\/a>    <\/div>\n<\/figcaption>\n            <\/figure>\n                    <\/div>\n        \n        <div class=\"vp-portfolio__item-wrap vp-portfolio__item-uid-4b67decc\" data-vp-filter=\"\">\n                        <div class=\"vp-portfolio__item-popup\"\n                style=\"display: none;\"\n                data-vp-popup-img=\"https:\/\/sevillanism.es\/wp-content\/uploads\/2021\/12\/techo_cupula_movil_pabellon_marruecos_edificios_singulares_sevilla-1920x1440.jpg\"\n                data-vp-popup-img-srcset=\"https:\/\/sevillanism.es\/wp-content\/uploads\/2021\/12\/techo_cupula_movil_pabellon_marruecos_edificios_singulares_sevilla-1920x1440.jpg 1920w, https:\/\/sevillanism.es\/wp-content\/uploads\/2021\/12\/techo_cupula_movil_pabellon_marruecos_edificios_singulares_sevilla-300x225.jpg 300w, https:\/\/sevillanism.es\/wp-content\/uploads\/2021\/12\/techo_cupula_movil_pabellon_marruecos_edificios_singulares_sevilla-1024x768.jpg 1024w, https:\/\/sevillanism.es\/wp-content\/uploads\/2021\/12\/techo_cupula_movil_pabellon_marruecos_edificios_singulares_sevilla-768x576.jpg 768w, https:\/\/sevillanism.es\/wp-content\/uploads\/2021\/12\/techo_cupula_movil_pabellon_marruecos_edificios_singulares_sevilla-1536x1152.jpg 1536w, https:\/\/sevillanism.es\/wp-content\/uploads\/2021\/12\/techo_cupula_movil_pabellon_marruecos_edificios_singulares_sevilla-2048x1536.jpg 2048w, https:\/\/sevillanism.es\/wp-content\/uploads\/2021\/12\/techo_cupula_movil_pabellon_marruecos_edificios_singulares_sevilla-500x375.jpg 500w, https:\/\/sevillanism.es\/wp-content\/uploads\/2021\/12\/techo_cupula_movil_pabellon_marruecos_edificios_singulares_sevilla-800x600.jpg 800w, https:\/\/sevillanism.es\/wp-content\/uploads\/2021\/12\/techo_cupula_movil_pabellon_marruecos_edificios_singulares_sevilla-1280x960.jpg 1280w, https:\/\/sevillanism.es\/wp-content\/uploads\/2021\/12\/techo_cupula_movil_pabellon_marruecos_edificios_singulares_sevilla-350x263.jpg 350w, https:\/\/sevillanism.es\/wp-content\/uploads\/2021\/12\/techo_cupula_movil_pabellon_marruecos_edificios_singulares_sevilla-scaled-e1640184356191.jpg 1000w\"\n                data-vp-popup-img-size=\"1000x750\"\n                data-vp-popup-md-img=\"https:\/\/sevillanism.es\/wp-content\/uploads\/2021\/12\/techo_cupula_movil_pabellon_marruecos_edificios_singulares_sevilla-800x600.jpg\"\n                data-vp-popup-md-img-size=\"800x600\"\n                data-vp-popup-sm-img=\"https:\/\/sevillanism.es\/wp-content\/uploads\/2021\/12\/techo_cupula_movil_pabellon_marruecos_edificios_singulares_sevilla-500x375.jpg\"\n                data-vp-popup-sm-img-size=\"500x375\"\n            >\n                                    <h3 class=\"vp-portfolio__item-popup-title\">Techo-c\u00fapula m\u00f3vil del Pabell\u00f3n de Marruecos. Sevilla<\/h3>\n                                        <div class=\"vp-portfolio__item-popup-description\">Techo-c\u00fapula m\u00f3vil del Pabell\u00f3n de Marruecos_Sevilla<\/div>\n                                <\/div>\n                                    <figure class=\"vp-portfolio__item\">\n                \n<div class=\"vp-portfolio__item-img-wrap\">\n    <div class=\"vp-portfolio__item-img\">\n        <a  href=\"https:\/\/sevillanism.es\/wp-content\/uploads\/2021\/12\/techo_cupula_movil_pabellon_marruecos_edificios_singulares_sevilla-1920x1440.jpg\" >\n        <img width=\"1920\" height=\"1440\" src=\"https:\/\/sevillanism.es\/wp-content\/uploads\/2021\/12\/techo_cupula_movil_pabellon_marruecos_edificios_singulares_sevilla-1920x1440.jpg\" class=\"wp-image-908\" alt=\"techo_cupula_movil_pabellon_marruecos_edificios_singulares_sevilla\" loading=\"lazy\" srcset=\"https:\/\/sevillanism.es\/wp-content\/uploads\/2021\/12\/techo_cupula_movil_pabellon_marruecos_edificios_singulares_sevilla-1920x1440.jpg 1920w, https:\/\/sevillanism.es\/wp-content\/uploads\/2021\/12\/techo_cupula_movil_pabellon_marruecos_edificios_singulares_sevilla-300x225.jpg 300w, https:\/\/sevillanism.es\/wp-content\/uploads\/2021\/12\/techo_cupula_movil_pabellon_marruecos_edificios_singulares_sevilla-1024x768.jpg 1024w, https:\/\/sevillanism.es\/wp-content\/uploads\/2021\/12\/techo_cupula_movil_pabellon_marruecos_edificios_singulares_sevilla-768x576.jpg 768w, https:\/\/sevillanism.es\/wp-content\/uploads\/2021\/12\/techo_cupula_movil_pabellon_marruecos_edificios_singulares_sevilla-1536x1152.jpg 1536w, https:\/\/sevillanism.es\/wp-content\/uploads\/2021\/12\/techo_cupula_movil_pabellon_marruecos_edificios_singulares_sevilla-2048x1536.jpg 2048w, https:\/\/sevillanism.es\/wp-content\/uploads\/2021\/12\/techo_cupula_movil_pabellon_marruecos_edificios_singulares_sevilla-500x375.jpg 500w, https:\/\/sevillanism.es\/wp-content\/uploads\/2021\/12\/techo_cupula_movil_pabellon_marruecos_edificios_singulares_sevilla-800x600.jpg 800w, https:\/\/sevillanism.es\/wp-content\/uploads\/2021\/12\/techo_cupula_movil_pabellon_marruecos_edificios_singulares_sevilla-1280x960.jpg 1280w, https:\/\/sevillanism.es\/wp-content\/uploads\/2021\/12\/techo_cupula_movil_pabellon_marruecos_edificios_singulares_sevilla-350x263.jpg 350w, https:\/\/sevillanism.es\/wp-content\/uploads\/2021\/12\/techo_cupula_movil_pabellon_marruecos_edificios_singulares_sevilla-scaled-e1640184356191.jpg 1000w\" sizes=\"100vw\" \/>\n        <\/a>    <\/div>\n<\/div>\n\n<figcaption class=\"vp-portfolio__item-overlay vp-portfolio__item-align-center\">\n    <div class=\"vp-portfolio__item-meta-wrap vp-portfolio__custom-scrollbar\">\n        <a  href=\"https:\/\/sevillanism.es\/wp-content\/uploads\/2021\/12\/techo_cupula_movil_pabellon_marruecos_edificios_singulares_sevilla-1920x1440.jpg\" tabindex=\"-1\" class=\"vp-portfolio__item-meta\" >\n        \n<h2 class=\"vp-portfolio__item-meta-title\">\n    Techo-c\u00fapula m\u00f3vil del Pabell\u00f3n de Marruecos. Sevilla<\/h2>\n\n        <\/a>    <\/div>\n<\/figcaption>\n            <\/figure>\n                    <\/div>\n        \n        <div class=\"vp-portfolio__item-wrap vp-portfolio__item-uid-6364a438\" data-vp-filter=\"\">\n                        <div class=\"vp-portfolio__item-popup\"\n                style=\"display: none;\"\n                data-vp-popup-img=\"https:\/\/sevillanism.es\/wp-content\/uploads\/2021\/12\/segunda_planta_pabellon_colombia_edificios_singulares_sevilla-1920x1285.jpg\"\n                data-vp-popup-img-srcset=\"https:\/\/sevillanism.es\/wp-content\/uploads\/2021\/12\/segunda_planta_pabellon_colombia_edificios_singulares_sevilla-1920x1285.jpg 1920w, https:\/\/sevillanism.es\/wp-content\/uploads\/2021\/12\/segunda_planta_pabellon_colombia_edificios_singulares_sevilla-300x201.jpg 300w, https:\/\/sevillanism.es\/wp-content\/uploads\/2021\/12\/segunda_planta_pabellon_colombia_edificios_singulares_sevilla-1024x685.jpg 1024w, https:\/\/sevillanism.es\/wp-content\/uploads\/2021\/12\/segunda_planta_pabellon_colombia_edificios_singulares_sevilla-768x514.jpg 768w, https:\/\/sevillanism.es\/wp-content\/uploads\/2021\/12\/segunda_planta_pabellon_colombia_edificios_singulares_sevilla-1536x1028.jpg 1536w, https:\/\/sevillanism.es\/wp-content\/uploads\/2021\/12\/segunda_planta_pabellon_colombia_edificios_singulares_sevilla-2048x1371.jpg 2048w, https:\/\/sevillanism.es\/wp-content\/uploads\/2021\/12\/segunda_planta_pabellon_colombia_edificios_singulares_sevilla-500x335.jpg 500w, https:\/\/sevillanism.es\/wp-content\/uploads\/2021\/12\/segunda_planta_pabellon_colombia_edificios_singulares_sevilla-800x536.jpg 800w, https:\/\/sevillanism.es\/wp-content\/uploads\/2021\/12\/segunda_planta_pabellon_colombia_edificios_singulares_sevilla-1280x857.jpg 1280w, https:\/\/sevillanism.es\/wp-content\/uploads\/2021\/12\/segunda_planta_pabellon_colombia_edificios_singulares_sevilla-350x234.jpg 350w, https:\/\/sevillanism.es\/wp-content\/uploads\/2021\/12\/segunda_planta_pabellon_colombia_edificios_singulares_sevilla-scaled-e1640184365208.jpg 1000w\"\n                data-vp-popup-img-size=\"1000x669\"\n                data-vp-popup-md-img=\"https:\/\/sevillanism.es\/wp-content\/uploads\/2021\/12\/segunda_planta_pabellon_colombia_edificios_singulares_sevilla-800x536.jpg\"\n                data-vp-popup-md-img-size=\"800x536\"\n                data-vp-popup-sm-img=\"https:\/\/sevillanism.es\/wp-content\/uploads\/2021\/12\/segunda_planta_pabellon_colombia_edificios_singulares_sevilla-500x335.jpg\"\n                data-vp-popup-sm-img-size=\"500x335\"\n            >\n                                    <h3 class=\"vp-portfolio__item-popup-title\">Segunda planta del Pabell\u00f3n de Colombia. Sevilla<\/h3>\n                                        <div class=\"vp-portfolio__item-popup-description\">Segunda planta del Pabell\u00f3n de Colombia_Sevilla<\/div>\n                                <\/div>\n                                    <figure class=\"vp-portfolio__item\">\n                \n<div class=\"vp-portfolio__item-img-wrap\">\n    <div class=\"vp-portfolio__item-img\">\n        <a  href=\"https:\/\/sevillanism.es\/wp-content\/uploads\/2021\/12\/segunda_planta_pabellon_colombia_edificios_singulares_sevilla-1920x1285.jpg\" >\n        <img width=\"1920\" height=\"1285\" src=\"https:\/\/sevillanism.es\/wp-content\/uploads\/2021\/12\/segunda_planta_pabellon_colombia_edificios_singulares_sevilla-1920x1285.jpg\" class=\"wp-image-907\" alt=\"segunda_planta_pabellon_colombia_edificios_singulares_sevilla\" loading=\"lazy\" srcset=\"https:\/\/sevillanism.es\/wp-content\/uploads\/2021\/12\/segunda_planta_pabellon_colombia_edificios_singulares_sevilla-1920x1285.jpg 1920w, https:\/\/sevillanism.es\/wp-content\/uploads\/2021\/12\/segunda_planta_pabellon_colombia_edificios_singulares_sevilla-300x201.jpg 300w, https:\/\/sevillanism.es\/wp-content\/uploads\/2021\/12\/segunda_planta_pabellon_colombia_edificios_singulares_sevilla-1024x685.jpg 1024w, https:\/\/sevillanism.es\/wp-content\/uploads\/2021\/12\/segunda_planta_pabellon_colombia_edificios_singulares_sevilla-768x514.jpg 768w, https:\/\/sevillanism.es\/wp-content\/uploads\/2021\/12\/segunda_planta_pabellon_colombia_edificios_singulares_sevilla-1536x1028.jpg 1536w, https:\/\/sevillanism.es\/wp-content\/uploads\/2021\/12\/segunda_planta_pabellon_colombia_edificios_singulares_sevilla-2048x1371.jpg 2048w, https:\/\/sevillanism.es\/wp-content\/uploads\/2021\/12\/segunda_planta_pabellon_colombia_edificios_singulares_sevilla-500x335.jpg 500w, https:\/\/sevillanism.es\/wp-content\/uploads\/2021\/12\/segunda_planta_pabellon_colombia_edificios_singulares_sevilla-800x536.jpg 800w, https:\/\/sevillanism.es\/wp-content\/uploads\/2021\/12\/segunda_planta_pabellon_colombia_edificios_singulares_sevilla-1280x857.jpg 1280w, https:\/\/sevillanism.es\/wp-content\/uploads\/2021\/12\/segunda_planta_pabellon_colombia_edificios_singulares_sevilla-350x234.jpg 350w, https:\/\/sevillanism.es\/wp-content\/uploads\/2021\/12\/segunda_planta_pabellon_colombia_edificios_singulares_sevilla-scaled-e1640184365208.jpg 1000w\" sizes=\"100vw\" \/>\n        <\/a>    <\/div>\n<\/div>\n\n<figcaption class=\"vp-portfolio__item-overlay vp-portfolio__item-align-center\">\n    <div class=\"vp-portfolio__item-meta-wrap vp-portfolio__custom-scrollbar\">\n        <a  href=\"https:\/\/sevillanism.es\/wp-content\/uploads\/2021\/12\/segunda_planta_pabellon_colombia_edificios_singulares_sevilla-1920x1285.jpg\" tabindex=\"-1\" class=\"vp-portfolio__item-meta\" >\n        \n<h2 class=\"vp-portfolio__item-meta-title\">\n    Segunda planta del Pabell\u00f3n de Colombia. Sevilla<\/h2>\n\n        <\/a>    <\/div>\n<\/figcaption>\n            <\/figure>\n                    <\/div>\n        \n        <div class=\"vp-portfolio__item-wrap vp-portfolio__item-uid-10bdfdad\" data-vp-filter=\"\">\n                        <div class=\"vp-portfolio__item-popup\"\n                style=\"display: none;\"\n                data-vp-popup-img=\"https:\/\/sevillanism.es\/wp-content\/uploads\/2021\/12\/lucernario_pabellon_colombia_edificios_singulares_sevilla-1920x1285.jpg\"\n                data-vp-popup-img-srcset=\"https:\/\/sevillanism.es\/wp-content\/uploads\/2021\/12\/lucernario_pabellon_colombia_edificios_singulares_sevilla-1920x1285.jpg 1920w, https:\/\/sevillanism.es\/wp-content\/uploads\/2021\/12\/lucernario_pabellon_colombia_edificios_singulares_sevilla-300x201.jpg 300w, https:\/\/sevillanism.es\/wp-content\/uploads\/2021\/12\/lucernario_pabellon_colombia_edificios_singulares_sevilla-1024x685.jpg 1024w, https:\/\/sevillanism.es\/wp-content\/uploads\/2021\/12\/lucernario_pabellon_colombia_edificios_singulares_sevilla-768x514.jpg 768w, https:\/\/sevillanism.es\/wp-content\/uploads\/2021\/12\/lucernario_pabellon_colombia_edificios_singulares_sevilla-1536x1028.jpg 1536w, https:\/\/sevillanism.es\/wp-content\/uploads\/2021\/12\/lucernario_pabellon_colombia_edificios_singulares_sevilla-2048x1371.jpg 2048w, https:\/\/sevillanism.es\/wp-content\/uploads\/2021\/12\/lucernario_pabellon_colombia_edificios_singulares_sevilla-500x335.jpg 500w, https:\/\/sevillanism.es\/wp-content\/uploads\/2021\/12\/lucernario_pabellon_colombia_edificios_singulares_sevilla-800x536.jpg 800w, https:\/\/sevillanism.es\/wp-content\/uploads\/2021\/12\/lucernario_pabellon_colombia_edificios_singulares_sevilla-1280x857.jpg 1280w, https:\/\/sevillanism.es\/wp-content\/uploads\/2021\/12\/lucernario_pabellon_colombia_edificios_singulares_sevilla-350x234.jpg 350w, https:\/\/sevillanism.es\/wp-content\/uploads\/2021\/12\/lucernario_pabellon_colombia_edificios_singulares_sevilla-scaled-e1640184378984.jpg 1000w\"\n                data-vp-popup-img-size=\"1000x669\"\n                data-vp-popup-md-img=\"https:\/\/sevillanism.es\/wp-content\/uploads\/2021\/12\/lucernario_pabellon_colombia_edificios_singulares_sevilla-800x536.jpg\"\n                data-vp-popup-md-img-size=\"800x536\"\n                data-vp-popup-sm-img=\"https:\/\/sevillanism.es\/wp-content\/uploads\/2021\/12\/lucernario_pabellon_colombia_edificios_singulares_sevilla-500x335.jpg\"\n                data-vp-popup-sm-img-size=\"500x335\"\n            >\n                                    <h3 class=\"vp-portfolio__item-popup-title\">Lucernario en el Pabell\u00f3n de Colombia. Sevilla<\/h3>\n                                        <div class=\"vp-portfolio__item-popup-description\">Lucernario en el Pabell\u00f3n de Colombia_Sevilla<\/div>\n                                <\/div>\n                                    <figure class=\"vp-portfolio__item\">\n                \n<div class=\"vp-portfolio__item-img-wrap\">\n    <div class=\"vp-portfolio__item-img\">\n        <a  href=\"https:\/\/sevillanism.es\/wp-content\/uploads\/2021\/12\/lucernario_pabellon_colombia_edificios_singulares_sevilla-1920x1285.jpg\" >\n        <img width=\"1920\" height=\"1285\" src=\"https:\/\/sevillanism.es\/wp-content\/uploads\/2021\/12\/lucernario_pabellon_colombia_edificios_singulares_sevilla-1920x1285.jpg\" class=\"wp-image-905\" alt=\"lucernario_pabellon_colombia_edificios_singulares_sevilla\" loading=\"lazy\" srcset=\"https:\/\/sevillanism.es\/wp-content\/uploads\/2021\/12\/lucernario_pabellon_colombia_edificios_singulares_sevilla-1920x1285.jpg 1920w, https:\/\/sevillanism.es\/wp-content\/uploads\/2021\/12\/lucernario_pabellon_colombia_edificios_singulares_sevilla-300x201.jpg 300w, https:\/\/sevillanism.es\/wp-content\/uploads\/2021\/12\/lucernario_pabellon_colombia_edificios_singulares_sevilla-1024x685.jpg 1024w, https:\/\/sevillanism.es\/wp-content\/uploads\/2021\/12\/lucernario_pabellon_colombia_edificios_singulares_sevilla-768x514.jpg 768w, https:\/\/sevillanism.es\/wp-content\/uploads\/2021\/12\/lucernario_pabellon_colombia_edificios_singulares_sevilla-1536x1028.jpg 1536w, https:\/\/sevillanism.es\/wp-content\/uploads\/2021\/12\/lucernario_pabellon_colombia_edificios_singulares_sevilla-2048x1371.jpg 2048w, https:\/\/sevillanism.es\/wp-content\/uploads\/2021\/12\/lucernario_pabellon_colombia_edificios_singulares_sevilla-500x335.jpg 500w, https:\/\/sevillanism.es\/wp-content\/uploads\/2021\/12\/lucernario_pabellon_colombia_edificios_singulares_sevilla-800x536.jpg 800w, https:\/\/sevillanism.es\/wp-content\/uploads\/2021\/12\/lucernario_pabellon_colombia_edificios_singulares_sevilla-1280x857.jpg 1280w, https:\/\/sevillanism.es\/wp-content\/uploads\/2021\/12\/lucernario_pabellon_colombia_edificios_singulares_sevilla-350x234.jpg 350w, https:\/\/sevillanism.es\/wp-content\/uploads\/2021\/12\/lucernario_pabellon_colombia_edificios_singulares_sevilla-scaled-e1640184378984.jpg 1000w\" sizes=\"100vw\" \/>\n        <\/a>    <\/div>\n<\/div>\n\n<figcaption class=\"vp-portfolio__item-overlay vp-portfolio__item-align-center\">\n    <div class=\"vp-portfolio__item-meta-wrap vp-portfolio__custom-scrollbar\">\n        <a  href=\"https:\/\/sevillanism.es\/wp-content\/uploads\/2021\/12\/lucernario_pabellon_colombia_edificios_singulares_sevilla-1920x1285.jpg\" tabindex=\"-1\" class=\"vp-portfolio__item-meta\" >\n        \n<h2 class=\"vp-portfolio__item-meta-title\">\n    Lucernario en el Pabell\u00f3n de Colombia. Sevilla<\/h2>\n\n        <\/a>    <\/div>\n<\/figcaption>\n            <\/figure>\n                    <\/div>\n        \n        <div class=\"vp-portfolio__item-wrap vp-portfolio__item-uid-41623ffd\" data-vp-filter=\"\">\n                        <div class=\"vp-portfolio__item-popup\"\n                style=\"display: none;\"\n                data-vp-popup-img=\"https:\/\/sevillanism.es\/wp-content\/uploads\/2021\/12\/entrada_pabellon_colombia_edificios_singulares_sevilla-1920x1285.jpg\"\n                data-vp-popup-img-srcset=\"https:\/\/sevillanism.es\/wp-content\/uploads\/2021\/12\/entrada_pabellon_colombia_edificios_singulares_sevilla-1920x1285.jpg 1920w, https:\/\/sevillanism.es\/wp-content\/uploads\/2021\/12\/entrada_pabellon_colombia_edificios_singulares_sevilla-300x201.jpg 300w, https:\/\/sevillanism.es\/wp-content\/uploads\/2021\/12\/entrada_pabellon_colombia_edificios_singulares_sevilla-1024x685.jpg 1024w, https:\/\/sevillanism.es\/wp-content\/uploads\/2021\/12\/entrada_pabellon_colombia_edificios_singulares_sevilla-768x514.jpg 768w, https:\/\/sevillanism.es\/wp-content\/uploads\/2021\/12\/entrada_pabellon_colombia_edificios_singulares_sevilla-1536x1028.jpg 1536w, https:\/\/sevillanism.es\/wp-content\/uploads\/2021\/12\/entrada_pabellon_colombia_edificios_singulares_sevilla-2048x1371.jpg 2048w, https:\/\/sevillanism.es\/wp-content\/uploads\/2021\/12\/entrada_pabellon_colombia_edificios_singulares_sevilla-500x335.jpg 500w, https:\/\/sevillanism.es\/wp-content\/uploads\/2021\/12\/entrada_pabellon_colombia_edificios_singulares_sevilla-800x536.jpg 800w, https:\/\/sevillanism.es\/wp-content\/uploads\/2021\/12\/entrada_pabellon_colombia_edificios_singulares_sevilla-1280x857.jpg 1280w, https:\/\/sevillanism.es\/wp-content\/uploads\/2021\/12\/entrada_pabellon_colombia_edificios_singulares_sevilla-350x234.jpg 350w, https:\/\/sevillanism.es\/wp-content\/uploads\/2021\/12\/entrada_pabellon_colombia_edificios_singulares_sevilla-scaled-e1640193262564.jpg 900w\"\n                data-vp-popup-img-size=\"1000x669\"\n                data-vp-popup-md-img=\"https:\/\/sevillanism.es\/wp-content\/uploads\/2021\/12\/entrada_pabellon_colombia_edificios_singulares_sevilla-800x536.jpg\"\n                data-vp-popup-md-img-size=\"800x536\"\n                data-vp-popup-sm-img=\"https:\/\/sevillanism.es\/wp-content\/uploads\/2021\/12\/entrada_pabellon_colombia_edificios_singulares_sevilla-500x335.jpg\"\n                data-vp-popup-sm-img-size=\"500x335\"\n            >\n                                    <h3 class=\"vp-portfolio__item-popup-title\">Entrada del Pabell\u00f3n de Colombia. Sevilla<\/h3>\n                                        <div class=\"vp-portfolio__item-popup-description\">Entrada del Pabell\u00f3n de Colombia_Sevilla<\/div>\n                                <\/div>\n                                    <figure class=\"vp-portfolio__item\">\n                \n<div class=\"vp-portfolio__item-img-wrap\">\n    <div class=\"vp-portfolio__item-img\">\n        <a  href=\"https:\/\/sevillanism.es\/wp-content\/uploads\/2021\/12\/entrada_pabellon_colombia_edificios_singulares_sevilla-1920x1285.jpg\" >\n        <img width=\"1920\" height=\"1285\" src=\"https:\/\/sevillanism.es\/wp-content\/uploads\/2021\/12\/entrada_pabellon_colombia_edificios_singulares_sevilla-1920x1285.jpg\" class=\"wp-image-903\" alt=\"entrada_pabellon_colombia_edificios_singulares_sevilla\" loading=\"lazy\" srcset=\"https:\/\/sevillanism.es\/wp-content\/uploads\/2021\/12\/entrada_pabellon_colombia_edificios_singulares_sevilla-1920x1285.jpg 1920w, https:\/\/sevillanism.es\/wp-content\/uploads\/2021\/12\/entrada_pabellon_colombia_edificios_singulares_sevilla-300x201.jpg 300w, https:\/\/sevillanism.es\/wp-content\/uploads\/2021\/12\/entrada_pabellon_colombia_edificios_singulares_sevilla-1024x685.jpg 1024w, https:\/\/sevillanism.es\/wp-content\/uploads\/2021\/12\/entrada_pabellon_colombia_edificios_singulares_sevilla-768x514.jpg 768w, https:\/\/sevillanism.es\/wp-content\/uploads\/2021\/12\/entrada_pabellon_colombia_edificios_singulares_sevilla-1536x1028.jpg 1536w, https:\/\/sevillanism.es\/wp-content\/uploads\/2021\/12\/entrada_pabellon_colombia_edificios_singulares_sevilla-2048x1371.jpg 2048w, https:\/\/sevillanism.es\/wp-content\/uploads\/2021\/12\/entrada_pabellon_colombia_edificios_singulares_sevilla-500x335.jpg 500w, https:\/\/sevillanism.es\/wp-content\/uploads\/2021\/12\/entrada_pabellon_colombia_edificios_singulares_sevilla-800x536.jpg 800w, https:\/\/sevillanism.es\/wp-content\/uploads\/2021\/12\/entrada_pabellon_colombia_edificios_singulares_sevilla-1280x857.jpg 1280w, https:\/\/sevillanism.es\/wp-content\/uploads\/2021\/12\/entrada_pabellon_colombia_edificios_singulares_sevilla-350x234.jpg 350w, https:\/\/sevillanism.es\/wp-content\/uploads\/2021\/12\/entrada_pabellon_colombia_edificios_singulares_sevilla-scaled-e1640193262564.jpg 900w\" sizes=\"100vw\" \/>\n        <\/a>    <\/div>\n<\/div>\n\n<figcaption class=\"vp-portfolio__item-overlay vp-portfolio__item-align-center\">\n    <div class=\"vp-portfolio__item-meta-wrap vp-portfolio__custom-scrollbar\">\n        <a  href=\"https:\/\/sevillanism.es\/wp-content\/uploads\/2021\/12\/entrada_pabellon_colombia_edificios_singulares_sevilla-1920x1285.jpg\" tabindex=\"-1\" class=\"vp-portfolio__item-meta\" >\n        \n<h2 class=\"vp-portfolio__item-meta-title\">\n    Entrada del Pabell\u00f3n de Colombia. Sevilla<\/h2>\n\n        <\/a>    <\/div>\n<\/figcaption>\n            <\/figure>\n                    <\/div>\n        \n        <div class=\"vp-portfolio__item-wrap vp-portfolio__item-uid-24d0a085\" data-vp-filter=\"\">\n                        <div class=\"vp-portfolio__item-popup\"\n                style=\"display: none;\"\n                data-vp-popup-img=\"https:\/\/sevillanism.es\/wp-content\/uploads\/2021\/12\/detalles_fachada_pabellon_colombia_edificios_singulares_sevilla.jpg\"\n                data-vp-popup-img-srcset=\"https:\/\/sevillanism.es\/wp-content\/uploads\/2021\/12\/detalles_fachada_pabellon_colombia_edificios_singulares_sevilla.jpg 960w, https:\/\/sevillanism.es\/wp-content\/uploads\/2021\/12\/detalles_fachada_pabellon_colombia_edificios_singulares_sevilla-300x225.jpg 300w, https:\/\/sevillanism.es\/wp-content\/uploads\/2021\/12\/detalles_fachada_pabellon_colombia_edificios_singulares_sevilla-768x576.jpg 768w, https:\/\/sevillanism.es\/wp-content\/uploads\/2021\/12\/detalles_fachada_pabellon_colombia_edificios_singulares_sevilla-500x375.jpg 500w, https:\/\/sevillanism.es\/wp-content\/uploads\/2021\/12\/detalles_fachada_pabellon_colombia_edificios_singulares_sevilla-800x600.jpg 800w, https:\/\/sevillanism.es\/wp-content\/uploads\/2021\/12\/detalles_fachada_pabellon_colombia_edificios_singulares_sevilla-350x263.jpg 350w\"\n                data-vp-popup-img-size=\"960x720\"\n                data-vp-popup-md-img=\"https:\/\/sevillanism.es\/wp-content\/uploads\/2021\/12\/detalles_fachada_pabellon_colombia_edificios_singulares_sevilla-800x600.jpg\"\n                data-vp-popup-md-img-size=\"800x600\"\n                data-vp-popup-sm-img=\"https:\/\/sevillanism.es\/wp-content\/uploads\/2021\/12\/detalles_fachada_pabellon_colombia_edificios_singulares_sevilla-500x375.jpg\"\n                data-vp-popup-sm-img-size=\"500x375\"\n            >\n                                    <h3 class=\"vp-portfolio__item-popup-title\">Detalles fachada del Pabell\u00f3n de Colombia. Sevilla<\/h3>\n                                        <div class=\"vp-portfolio__item-popup-description\">Detalles fachada del Pabell\u00f3n de Colombia_Sevilla<\/div>\n                                <\/div>\n                                    <figure class=\"vp-portfolio__item\">\n                \n<div class=\"vp-portfolio__item-img-wrap\">\n    <div class=\"vp-portfolio__item-img\">\n        <a  href=\"https:\/\/sevillanism.es\/wp-content\/uploads\/2021\/12\/detalles_fachada_pabellon_colombia_edificios_singulares_sevilla.jpg\" >\n        <img width=\"960\" height=\"720\" src=\"https:\/\/sevillanism.es\/wp-content\/uploads\/2021\/12\/detalles_fachada_pabellon_colombia_edificios_singulares_sevilla.jpg\" class=\"wp-image-902\" alt=\"detalles_fachada_pabellon_colombia_edificios_singulares_sevilla\" loading=\"lazy\" srcset=\"https:\/\/sevillanism.es\/wp-content\/uploads\/2021\/12\/detalles_fachada_pabellon_colombia_edificios_singulares_sevilla.jpg 960w, https:\/\/sevillanism.es\/wp-content\/uploads\/2021\/12\/detalles_fachada_pabellon_colombia_edificios_singulares_sevilla-300x225.jpg 300w, https:\/\/sevillanism.es\/wp-content\/uploads\/2021\/12\/detalles_fachada_pabellon_colombia_edificios_singulares_sevilla-768x576.jpg 768w, https:\/\/sevillanism.es\/wp-content\/uploads\/2021\/12\/detalles_fachada_pabellon_colombia_edificios_singulares_sevilla-500x375.jpg 500w, https:\/\/sevillanism.es\/wp-content\/uploads\/2021\/12\/detalles_fachada_pabellon_colombia_edificios_singulares_sevilla-800x600.jpg 800w, https:\/\/sevillanism.es\/wp-content\/uploads\/2021\/12\/detalles_fachada_pabellon_colombia_edificios_singulares_sevilla-350x263.jpg 350w\" sizes=\"100vw\" \/>\n        <\/a>    <\/div>\n<\/div>\n\n<figcaption class=\"vp-portfolio__item-overlay vp-portfolio__item-align-center\">\n    <div class=\"vp-portfolio__item-meta-wrap vp-portfolio__custom-scrollbar\">\n        <a  href=\"https:\/\/sevillanism.es\/wp-content\/uploads\/2021\/12\/detalles_fachada_pabellon_colombia_edificios_singulares_sevilla.jpg\" tabindex=\"-1\" class=\"vp-portfolio__item-meta\" >\n        \n<h2 class=\"vp-portfolio__item-meta-title\">\n    Detalles fachada del Pabell\u00f3n de Colombia. Sevilla<\/h2>\n\n        <\/a>    <\/div>\n<\/figcaption>\n            <\/figure>\n                    <\/div>\n        \n        <div class=\"vp-portfolio__item-wrap vp-portfolio__item-uid-7262a6cc\" data-vp-filter=\"\">\n                        <div class=\"vp-portfolio__item-popup\"\n                style=\"display: none;\"\n                data-vp-popup-img=\"https:\/\/sevillanism.es\/wp-content\/uploads\/2021\/12\/portada_pabellon_colombia_edificios_singulares_sevilla-1920x1504.jpg\"\n                data-vp-popup-img-srcset=\"https:\/\/sevillanism.es\/wp-content\/uploads\/2021\/12\/portada_pabellon_colombia_edificios_singulares_sevilla-1920x1504.jpg 1920w, https:\/\/sevillanism.es\/wp-content\/uploads\/2021\/12\/portada_pabellon_colombia_edificios_singulares_sevilla-300x235.jpg 300w, https:\/\/sevillanism.es\/wp-content\/uploads\/2021\/12\/portada_pabellon_colombia_edificios_singulares_sevilla-1024x802.jpg 1024w, https:\/\/sevillanism.es\/wp-content\/uploads\/2021\/12\/portada_pabellon_colombia_edificios_singulares_sevilla-768x601.jpg 768w, https:\/\/sevillanism.es\/wp-content\/uploads\/2021\/12\/portada_pabellon_colombia_edificios_singulares_sevilla-1536x1203.jpg 1536w, https:\/\/sevillanism.es\/wp-content\/uploads\/2021\/12\/portada_pabellon_colombia_edificios_singulares_sevilla-2048x1604.jpg 2048w, https:\/\/sevillanism.es\/wp-content\/uploads\/2021\/12\/portada_pabellon_colombia_edificios_singulares_sevilla-500x392.jpg 500w, https:\/\/sevillanism.es\/wp-content\/uploads\/2021\/12\/portada_pabellon_colombia_edificios_singulares_sevilla-scaled-e1640193497851.jpg 800w, https:\/\/sevillanism.es\/wp-content\/uploads\/2021\/12\/portada_pabellon_colombia_edificios_singulares_sevilla-1280x1002.jpg 1280w, https:\/\/sevillanism.es\/wp-content\/uploads\/2021\/12\/portada_pabellon_colombia_edificios_singulares_sevilla-350x274.jpg 350w\"\n                data-vp-popup-img-size=\"1000x783\"\n                data-vp-popup-md-img=\"https:\/\/sevillanism.es\/wp-content\/uploads\/2021\/12\/portada_pabellon_colombia_edificios_singulares_sevilla-800x626.jpg\"\n                data-vp-popup-md-img-size=\"800x626\"\n                data-vp-popup-sm-img=\"https:\/\/sevillanism.es\/wp-content\/uploads\/2021\/12\/portada_pabellon_colombia_edificios_singulares_sevilla-500x392.jpg\"\n                data-vp-popup-sm-img-size=\"500x392\"\n            >\n                                    <h3 class=\"vp-portfolio__item-popup-title\">Portada Pabell\u00f3n de Colombia. Sevilla<\/h3>\n                                        <div class=\"vp-portfolio__item-popup-description\">Portada Pabell\u00f3n de Colombia_Sevilla<\/div>\n                                <\/div>\n                                    <figure class=\"vp-portfolio__item\">\n                \n<div class=\"vp-portfolio__item-img-wrap\">\n    <div class=\"vp-portfolio__item-img\">\n        <a  href=\"https:\/\/sevillanism.es\/wp-content\/uploads\/2021\/12\/portada_pabellon_colombia_edificios_singulares_sevilla-1920x1504.jpg\" >\n        <img width=\"1920\" height=\"1504\" src=\"https:\/\/sevillanism.es\/wp-content\/uploads\/2021\/12\/portada_pabellon_colombia_edificios_singulares_sevilla-1920x1504.jpg\" class=\"wp-image-900\" alt=\"portada_pabellon_colombia_edificios_singulares_sevilla\" loading=\"lazy\" srcset=\"https:\/\/sevillanism.es\/wp-content\/uploads\/2021\/12\/portada_pabellon_colombia_edificios_singulares_sevilla-1920x1504.jpg 1920w, https:\/\/sevillanism.es\/wp-content\/uploads\/2021\/12\/portada_pabellon_colombia_edificios_singulares_sevilla-300x235.jpg 300w, https:\/\/sevillanism.es\/wp-content\/uploads\/2021\/12\/portada_pabellon_colombia_edificios_singulares_sevilla-1024x802.jpg 1024w, https:\/\/sevillanism.es\/wp-content\/uploads\/2021\/12\/portada_pabellon_colombia_edificios_singulares_sevilla-768x601.jpg 768w, https:\/\/sevillanism.es\/wp-content\/uploads\/2021\/12\/portada_pabellon_colombia_edificios_singulares_sevilla-1536x1203.jpg 1536w, https:\/\/sevillanism.es\/wp-content\/uploads\/2021\/12\/portada_pabellon_colombia_edificios_singulares_sevilla-2048x1604.jpg 2048w, https:\/\/sevillanism.es\/wp-content\/uploads\/2021\/12\/portada_pabellon_colombia_edificios_singulares_sevilla-500x392.jpg 500w, https:\/\/sevillanism.es\/wp-content\/uploads\/2021\/12\/portada_pabellon_colombia_edificios_singulares_sevilla-scaled-e1640193497851.jpg 800w, https:\/\/sevillanism.es\/wp-content\/uploads\/2021\/12\/portada_pabellon_colombia_edificios_singulares_sevilla-1280x1002.jpg 1280w, https:\/\/sevillanism.es\/wp-content\/uploads\/2021\/12\/portada_pabellon_colombia_edificios_singulares_sevilla-350x274.jpg 350w\" sizes=\"100vw\" \/>\n        <\/a>    <\/div>\n<\/div>\n\n<figcaption class=\"vp-portfolio__item-overlay vp-portfolio__item-align-center\">\n    <div class=\"vp-portfolio__item-meta-wrap vp-portfolio__custom-scrollbar\">\n        <a  href=\"https:\/\/sevillanism.es\/wp-content\/uploads\/2021\/12\/portada_pabellon_colombia_edificios_singulares_sevilla-1920x1504.jpg\" tabindex=\"-1\" class=\"vp-portfolio__item-meta\" >\n        \n<h2 class=\"vp-portfolio__item-meta-title\">\n    Portada Pabell\u00f3n de Colombia. Sevilla<\/h2>\n\n        <\/a>    <\/div>\n<\/figcaption>\n            <\/figure>\n                    <\/div>\n        \n<\/div>\n        <\/div>\n        \n<\/div>\n        <\/div>\n        \n\n\n<div class=\"wp-container-2 wp-block-buttons\">\n<div class=\"wp-block-button is-style-outline\"><a class=\"wp-block-button__link\" href=\"https:\/\/sevillanism.es\/index.php\/portafolio\/\">atr\u00e1s<\/a><\/div>\n<\/div>\n\n\n\n<div class=\"wp-container-3 wp-block-buttons\">\n<div class=\"wp-block-button\"><a class=\"wp-block-button__link\" href=\"https:\/\/sevillanism.es\/index.php\/edificios-singulares\/\">arriba<\/a><\/div>\n<\/div>\n","protected":false},"excerpt":{"rendered":"","protected":false},"author":1,"featured_media":0,"parent":0,"menu_order":0,"comment_status":"closed","ping_status":"closed","template":"","meta":{"_vp_format_video_url":"","_vp_image_focal_point":[]},"_links":{"self":[{"href":"https:\/\/sevillanism.es\/index.php\/wp-json\/wp\/v2\/pages\/293"}],"collection":[{"href":"https:\/\/sevillanism.es\/index.php\/wp-json\/wp\/v2\/pages"}],"about":[{"href":"https:\/\/sevillanism.es\/index.php\/wp-json\/wp\/v2\/types\/page"}],"author":[{"embeddable":true,"href":"https:\/\/sevillanism.es\/index.php\/wp-json\/wp\/v2\/users\/1"}],"replies":[{"embeddable":true,"href":"https:\/\/sevillanism.es\/index.php\/wp-json\/wp\/v2\/comments?post=293"}],"version-history":[{"count":27,"href":"https:\/\/sevillanism.es\/index.php\/wp-json\/wp\/v2\/pages\/293\/revisions"}],"predecessor-version":[{"id":4385,"href":"https:\/\/sevillanism.es\/index.php\/wp-json\/wp\/v2\/pages\/293\/revisions\/4385"}],"wp:attachment":[{"href":"https:\/\/sevillanism.es\/index.php\/wp-json\/wp\/v2\/media?parent=293"}],"curies":[{"name":"wp","href":"https:\/\/api.w.org\/{rel}","templated":true}]}}